{"id":737911,"date":"2025-08-27T23:38:39","date_gmt":"2025-08-27T20:38:39","guid":{"rendered":"https:\/\/roveyayinevi.com.tr\/index.php\/urun\/abd-basininda-turkiyedeki-darbeler\/"},"modified":"2026-04-16T02:47:43","modified_gmt":"2026-04-15T23:47:43","slug":"abd-basininda-turkiyedeki-darbeler","status":"publish","type":"product","link":"https:\/\/roveyayinevi.com.tr\/index.php\/urun\/abd-basininda-turkiyedeki-darbeler\/","title":{"rendered":"ABD Bas\u0131n\u0131nda T\u00fcrkiye&#8217;deki Darbeler"},"content":{"rendered":"<p>Darbeler ile s\u0131k s\u0131k y\u00fcz y\u00fcze gelen T\u00fcrkiye Cumhuriyeti, atas\u0131 Osmanl\u0131\u2019dan bir\u00e7ok \u015feyi miras olarak devralm\u0131\u015ft\u0131r. Osmanl\u0131\u2019da ordu ile siyasi y\u00f6netimin m\u00fccadelesi ve yap\u0131lan darbelerle, Cumhuriyet d\u00f6neminde de s\u0131k\u00e7a kar\u015f\u0131la\u015f\u0131lm\u0131\u015ft\u0131r. Osmanl\u0131 d\u00f6nemindeki asker\u00ee m\u00fcdahaleler ile Cumhuriyet d\u00f6nemindekiler aras\u0131nda \u015fekl\u00ee bak\u0131mdan bir\u00e7ok benzerlik olsa da T\u00fcrkiye Cumhuriyeti\u2019ndeki asker\u00ee m\u00fcdahaleleri farkl\u0131 de\u011ferlendirmek gerekir. \u00d6zellikle 19. y\u00fczy\u0131ldan itibaren d\u00fcnyada ve T\u00fcrkiye\u2019de geli\u015fen olaylar\u0131, b\u00fcy\u00fck emperyal g\u00fc\u00e7lerin politika ve faaliyetlerini incelemeden sa\u011fl\u0131kl\u0131 bir neticeye ula\u015fmak neredeyse imk\u00e2ns\u0131zd\u0131r. Bununla beraber, T\u00fcrkiye\u2019de geli\u015fen olaylar\u0131 sadece d\u0131\u015f g\u00fc\u00e7lere ba\u011flamak da do\u011fru de\u011fildir. Haliyle, i\u00e7 ve d\u0131\u015f tesirlerin beraber de\u011ferlendirilmesi do\u011fru analizler yapmak i\u00e7in m\u00fchimdir.     T\u00fcrkler i\u00e7in ordunun ne anlama geldi\u011finin ve ordunun g\u00f6rev, sorumluluk ve al\u0131\u015fkanl\u0131klar\u0131n\u0131n bilinmesi de bu analizlerin daha sa\u011fl\u0131kl\u0131 yap\u0131lmas\u0131n\u0131 sa\u011flayacakt\u0131r. Bunun yan\u0131nda ABD, AB \u00fclkeleri ve Rusya\u2019n\u0131n T\u00fcrkiye ile olan ili\u015fkilerinin, bu \u00fclkelerin birbirleriyle olan rekabetlerinin, daha da \u00f6nemlisi T\u00fcrkiye\u2019nin bulundu\u011fu b\u00f6lgeyle alakal\u0131 olarak s\u00f6z konusu \u00fclkelerin politikalar\u0131n\u0131n ve ama\u00e7lar\u0131na ula\u015fmak i\u00e7in kulland\u0131klar\u0131 ara\u00e7lar\u0131n da iyi bilinmesi gerekir.     T\u00fcrkiye Cumhuriyeti tarihinde \u00e7ok s\u0131k kar\u015f\u0131la\u015f\u0131lan asker\u00ee darbeler, bir\u00e7ok ara\u015ft\u0131rmaya konu olsa da darbelerle alakal\u0131 problemlerin \u00e7\u00f6z\u00fcm\u00fc i\u00e7in daha fazla ilmi \u00e7al\u0131\u015fmaya ihtiya\u00e7 vard\u0131r. Uzun ve me\u015fakkatli bir s\u00fcre\u00e7 neticesinde ortaya \u00e7\u0131kan ve bu b\u00fcy\u00fck problemin anla\u015f\u0131lmas\u0131na yard\u0131mc\u0131 olacak bu \u00e7al\u0131\u015fman\u0131n temel konusu \u201cT\u00fcrkiye\u2019deki asker\u00ee darbelerin ABD bas\u0131n\u0131na yans\u0131mas\u0131\u201d olmakla birlikte, \u00e7al\u0131\u015fmada, Cumhuriyet tarihimizin ilk asker\u00ee darbesi olan 27 May\u0131s 1960 Darbesi, ard\u0131ndan gelen 12 Mart 1971 Muht\u0131ras\u0131, 12 Eyl\u00fcl 1980 Darbesi, 28 \u015eubat 1997 Postmodern Darbesi ve 27 Nisan 2007 E-Muht\u0131ras\u0131 incelenmi\u015ftir.<\/p>\n","protected":false},"excerpt":{"rendered":"<p>Darbeler ile s\u0131k s\u0131k y\u00fcz y\u00fcze gelen T\u00fcrkiye Cumhuriyeti, atas\u0131 Osmanl\u0131\u2019dan bir\u00e7ok \u015feyi miras olarak devralm\u0131\u015ft\u0131r. Osmanl\u0131\u2019da ordu ile siyasi y\u00f6netimin m\u00fccadelesi ve yap\u0131lan darbelerle, Cumhuriyet<span class=\"excerpt-hellip\"> [\u2026]<\/span><\/p>\n","protected":false},"featured_media":0,"template":"","meta":{"_monsterinsights_skip_tracking":false,"_monsterinsights_sitenote_active":false,"_monsterinsights_sitenote_note":"","_monsterinsights_sitenote_category":0},"product_brand":[],"product_cat":[12304,14128],"product_tag":[],"class_list":{"0":"post-737911","1":"product","2":"type-product","3":"status-publish","5":"product_cat-tarih","6":"product_cat-yakin-tarih","7":"pa_cilt-ciltsiz","8":"pa_tur-kitap","9":"pa_yayinevi-otuken-nesriyat","10":"pa_yazar-abdullah-tok","12":"first","13":"instock","14":"sale","15":"shipping-taxable","16":"purchasable","17":"product-type-simple"},"_links":{"self":[{"href":"https:\/\/roveyayinevi.com.tr\/index.php\/wp-json\/wp\/v2\/product\/737911","targetHints":{"allow":["GET"]}}],"collection":[{"href":"https:\/\/roveyayinevi.com.tr\/index.php\/wp-json\/wp\/v2\/product"}],"about":[{"href":"https:\/\/roveyayinevi.com.tr\/index.php\/wp-json\/wp\/v2\/types\/product"}],"wp:attachment":[{"href":"https:\/\/roveyayinevi.com.tr\/index.php\/wp-json\/wp\/v2\/media?parent=737911"}],"wp:term":[{"taxonomy":"product_brand","embeddable":true,"href":"https:\/\/roveyayinevi.com.tr\/index.php\/wp-json\/wp\/v2\/product_brand?post=737911"},{"taxonomy":"product_cat","embeddable":true,"href":"https:\/\/roveyayinevi.com.tr\/index.php\/wp-json\/wp\/v2\/product_cat?post=737911"},{"taxonomy":"product_tag","embeddable":true,"href":"https:\/\/roveyayinevi.com.tr\/index.php\/wp-json\/wp\/v2\/product_tag?post=737911"}],"curies":[{"name":"wp","href":"https:\/\/api.w.org\/{rel}","templated":true}]}}