{"id":737838,"date":"2025-08-27T23:37:17","date_gmt":"2025-08-27T20:37:17","guid":{"rendered":"https:\/\/roveyayinevi.com.tr\/index.php\/urun\/bir-ummu-coban-vardi\/"},"modified":"2026-04-16T02:47:40","modified_gmt":"2026-04-15T23:47:40","slug":"bir-ummu-coban-vardi","status":"publish","type":"product","link":"https:\/\/roveyayinevi.com.tr\/index.php\/urun\/bir-ummu-coban-vardi\/","title":{"rendered":"Bir \u00dcmm\u00fc \u00c7oban Vard\u0131"},"content":{"rendered":"<p>1976-79 y\u0131llar\u0131 aras\u0131nda Malatya Ak\u00e7ada\u011f Temel E\u011fitim Yat\u0131l\u0131 B\u00f6lge Okulunda birlikte g\u00f6rev yapt\u0131\u011f\u0131m Tarih \u00d6\u011fretmeni \u0130brahim AKSU\u2019nun \u201cBir \u00dcmm\u00fc \u00c7oban Vard\u0131\u201d isimli kitab\u0131n\u0131 okuduk\u00e7a, halk edebiyat\u0131nda g\u00f6r\u00fclen basit, sade ve duru bir anlat\u0131mla kar\u015f\u0131la\u015ft\u0131m.   Olduk\u00e7a hassas ve bir kuyumcu inceli\u011fiyle i\u015flenmi\u015f bu eseri, kelime \u00f6rg\u00fcs\u00fc ve i\u00e7 musiki zenginli\u011fi bak\u0131m\u0131ndan m\u00fckemmel, estetik ve \u015fematik a\u00e7\u0131dan ba\u015far\u0131l\u0131 buldum.   G\u00f6rd\u00fcm ki insan, a\u015fk\u0131n ve ihtiras\u0131n sihirli ufkuna uzan\u0131rken bazen \u00e7ilenin yak\u0131c\u0131 iklimine girebiliyor. Bazen de a\u011fustos ay\u0131n\u0131n soluksuz s\u0131ca\u011f\u0131yla sonbahar r\u00fczg\u00e2r\u0131 serinli\u011fini ard\u0131 ard\u0131na ruhunda hissediyor.   Okuyucusunu bir m\u0131knat\u0131s gibi kendine do\u011fru \u00e7ekece\u011fine inand\u0131\u011f\u0131m bu kitab\u0131n en k\u0131sa zamanda hemen herkese bir demet g\u00fcl niyetine ula\u015fmas\u0131 dile\u011fiyle\u2026 <\/p>\n","protected":false},"excerpt":{"rendered":"<p>1976-79 y\u0131llar\u0131 aras\u0131nda Malatya Ak\u00e7ada\u011f Temel E\u011fitim Yat\u0131l\u0131 B\u00f6lge Okulunda birlikte g\u00f6rev yapt\u0131\u011f\u0131m Tarih \u00d6\u011fretmeni \u0130brahim AKSU\u2019nun \u201cBir \u00dcmm\u00fc \u00c7oban Vard\u0131\u201d isimli kitab\u0131n\u0131 okuduk\u00e7a, halk edebiyat\u0131nda<span class=\"excerpt-hellip\"> [\u2026]<\/span><\/p>\n","protected":false},"featured_media":0,"template":"","meta":{"_monsterinsights_skip_tracking":false,"_monsterinsights_sitenote_active":false,"_monsterinsights_sitenote_note":"","_monsterinsights_sitenote_category":0},"product_brand":[],"product_cat":[12291,12509],"product_tag":[],"class_list":{"0":"post-737838","1":"product","2":"type-product","3":"status-publish","5":"product_cat-edebiyat","6":"product_cat-siir","7":"pa_cilt-ciltsiz","8":"pa_tur-kitap","9":"pa_yayinevi-zet-yayinlari","10":"pa_yazar-ibrahim-aksu","12":"first","13":"instock","14":"sale","15":"shipping-taxable","16":"purchasable","17":"product-type-simple"},"_links":{"self":[{"href":"https:\/\/roveyayinevi.com.tr\/index.php\/wp-json\/wp\/v2\/product\/737838","targetHints":{"allow":["GET"]}}],"collection":[{"href":"https:\/\/roveyayinevi.com.tr\/index.php\/wp-json\/wp\/v2\/product"}],"about":[{"href":"https:\/\/roveyayinevi.com.tr\/index.php\/wp-json\/wp\/v2\/types\/product"}],"wp:attachment":[{"href":"https:\/\/roveyayinevi.com.tr\/index.php\/wp-json\/wp\/v2\/media?parent=737838"}],"wp:term":[{"taxonomy":"product_brand","embeddable":true,"href":"https:\/\/roveyayinevi.com.tr\/index.php\/wp-json\/wp\/v2\/product_brand?post=737838"},{"taxonomy":"product_cat","embeddable":true,"href":"https:\/\/roveyayinevi.com.tr\/index.php\/wp-json\/wp\/v2\/product_cat?post=737838"},{"taxonomy":"product_tag","embeddable":true,"href":"https:\/\/roveyayinevi.com.tr\/index.php\/wp-json\/wp\/v2\/product_tag?post=737838"}],"curies":[{"name":"wp","href":"https:\/\/api.w.org\/{rel}","templated":true}]}}