{"id":737772,"date":"2025-08-27T23:35:33","date_gmt":"2025-08-27T20:35:33","guid":{"rendered":"https:\/\/roveyayinevi.com.tr\/index.php\/urun\/asil-kan\/"},"modified":"2026-04-16T02:47:37","modified_gmt":"2026-04-15T23:47:37","slug":"asil-kan","status":"publish","type":"product","link":"https:\/\/roveyayinevi.com.tr\/index.php\/urun\/asil-kan\/","title":{"rendered":"Asil Kan"},"content":{"rendered":"<p>T\u00fcrkiye Cumhuriyeti\u2019nin kurulu\u015f gayesinin esas\u0131, yak\u0131n bir gelecekte t\u00fcm milletleri \u201c\u0130nsanl\u0131k Rotas\u0131\u2019nda\u201d birle\u015ftirecek yap\u0131y\u0131 kurabilmekti. \u00c7\u00fcnk\u00fc, Anadolu insan\u0131, bu \u201cy\u00fcksek bilince\u201d ula\u015fabilecek genetik ve kozmik aktar\u0131mlarla donat\u0131lm\u0131\u015ft\u0131r. Anadolu\u2019nun, zor d\u00f6nemlerde Se\u00e7ilmi\u015f Lider, yani Yaradan taraf\u0131ndan se\u00e7ilmi\u015f ve insiye edilmi\u015f lider \u00e7\u0131karabilme potansiyelinin y\u00fcksek olu\u015fu, tesad\u00fcfi olaylar\u0131n de\u011fil geneti\u011fe ve bilince i\u015flemi\u015f \u201ck\u00fclt\u00fcrel kodlar\u0131n\u201d neticesiyle olmu\u015ftur. Asil Kan olarak se\u00e7ilmi\u015f, vazifeli olan ki\u015filer icazete ihtiya\u00e7 duymadan kararlar al\u0131rlar. Ayr\u0131ca onlar, \u201cdevlet y\u00f6netme\u201d iradesine ilave olarak yeni bir \u201cdevlet kurma\u201d iradesine de sahiptirler. \u0130\u015fte bundan dolay\u0131d\u0131r ki t\u00fcm \u201cinisiyatifi-sorumlulu\u011fu\u201d \u00fczerine alan Ba\u015fkomutan Mustafa Kemal Atat\u00fcrk\u2019\u00fcn tarih sahnesine \u00e7\u0131k\u0131\u015f\u0131 tesad\u00fcfi bir olay de\u011fildir. Atat\u00fcrk\u2019\u00fcn yeni bir \u201cDevlet D\u00fczeni\u201d kurmas\u0131ndaki amac\u0131, gelecekte yeti\u015fecek olan se\u00e7ilmi\u015f liderlerin bir araya gelerek yeni bir \u201cD\u00fcnya D\u00fczeni\u201d kurabilmelerini sa\u011flamakt\u0131. Bir se\u00e7ilmi\u015f lider, kendisinden \u00f6ncekilerin \u201cta\u015f\u0131y\u0131c\u0131s\u0131\u201d, kendisinden sonra geleceklerin ise \u201cyol g\u00f6stericisi\u201d konumunda, ge\u00e7mi\u015ften gelece\u011fe do\u011fru bir \u201cirtibat hatt\u0131\u201d olu\u015fturabilecek potansiyele sahiptir. \u015eimdi yeni liderin zaman\u0131, kozmik aktar\u0131mlar\u0131n yap\u0131ld\u0131\u011f\u0131, se\u00e7ilmi\u015f olan\u0131n belirlendi\u011fi ve t\u00fcm donan\u0131mlar\u0131n\u0131n tamamland\u0131\u011f\u0131 yeni lider, Asil Kan, Ariana Grande, yar\u0131m kalan ikinci 19 s\u00fcrecini tamamlamak \u00fczere aram\u0131zda. Otob\u00fcste, u\u00e7akta, gemide, \u00e7ar\u015f\u0131da, pazarda aram\u0131zda. S\u00fcrecin ad\u0131 ikinci Ata-T\u00fcrk s\u00fcrecidir.Unutmayal\u0131m! D\u00fcnyay\u0131 y\u00f6netme yetkisi O\u011fuz Ata ve ondan gelen T\u00fcrk soyuna verilmi\u015ftir. Kesintiler olur, s\u0131k\u0131nt\u0131lar \u00e7\u0131kar, dar zaman aral\u0131klar\u0131nda yine T\u00fcrk h\u00fckmeder. T\u0131pk\u0131 y\u00fcz y\u0131l \u00f6nce zaferle ta\u00e7land\u0131r\u0131p h\u00fckmeden Gazi Mare\u015fal Mustafa Kemal Atat\u00fcrk\u2019te oldu\u011fu gibi. Atat\u00fcrk\u2019\u00fcn gizlenen ve kutsal vasiyetini, k\u0131saca b\u00fcy\u00fck yemin\u2019i bu kitapta bulacaks\u0131n\u0131z!<\/p>\n","protected":false},"excerpt":{"rendered":"<p>T\u00fcrkiye Cumhuriyeti\u2019nin kurulu\u015f gayesinin esas\u0131, yak\u0131n bir gelecekte t\u00fcm milletleri \u201c\u0130nsanl\u0131k Rotas\u0131\u2019nda\u201d birle\u015ftirecek yap\u0131y\u0131 kurabilmekti. \u00c7\u00fcnk\u00fc, Anadolu insan\u0131, bu \u201cy\u00fcksek bilince\u201d ula\u015fabilecek genetik ve kozmik aktar\u0131mlarla<span class=\"excerpt-hellip\"> [\u2026]<\/span><\/p>\n","protected":false},"featured_media":0,"template":"","meta":{"_monsterinsights_skip_tracking":false,"_monsterinsights_sitenote_active":false,"_monsterinsights_sitenote_note":"","_monsterinsights_sitenote_category":0},"product_brand":[],"product_cat":[12370,12304],"product_tag":[],"class_list":{"0":"post-737772","1":"product","2":"type-product","3":"status-publish","5":"product_cat-arastirma-inceleme","6":"product_cat-tarih","7":"pa_cilt-ciltsiz","8":"pa_tur-kitap","9":"pa_yayinevi-destek-yayinlari","10":"pa_yazar-huseyin-hakki-kahveci","12":"first","13":"instock","14":"sale","15":"shipping-taxable","16":"purchasable","17":"product-type-simple"},"_links":{"self":[{"href":"https:\/\/roveyayinevi.com.tr\/index.php\/wp-json\/wp\/v2\/product\/737772","targetHints":{"allow":["GET"]}}],"collection":[{"href":"https:\/\/roveyayinevi.com.tr\/index.php\/wp-json\/wp\/v2\/product"}],"about":[{"href":"https:\/\/roveyayinevi.com.tr\/index.php\/wp-json\/wp\/v2\/types\/product"}],"wp:attachment":[{"href":"https:\/\/roveyayinevi.com.tr\/index.php\/wp-json\/wp\/v2\/media?parent=737772"}],"wp:term":[{"taxonomy":"product_brand","embeddable":true,"href":"https:\/\/roveyayinevi.com.tr\/index.php\/wp-json\/wp\/v2\/product_brand?post=737772"},{"taxonomy":"product_cat","embeddable":true,"href":"https:\/\/roveyayinevi.com.tr\/index.php\/wp-json\/wp\/v2\/product_cat?post=737772"},{"taxonomy":"product_tag","embeddable":true,"href":"https:\/\/roveyayinevi.com.tr\/index.php\/wp-json\/wp\/v2\/product_tag?post=737772"}],"curies":[{"name":"wp","href":"https:\/\/api.w.org\/{rel}","templated":true}]}}