{"id":737723,"date":"2025-08-27T23:34:38","date_gmt":"2025-08-27T20:34:38","guid":{"rendered":"https:\/\/roveyayinevi.com.tr\/index.php\/urun\/gurer-aykal-bir-cumhuriyet-cocugunun-orkestra-sefi-olarak-portresi\/"},"modified":"2026-04-16T02:47:35","modified_gmt":"2026-04-15T23:47:35","slug":"gurer-aykal-bir-cumhuriyet-cocugunun-orkestra-sefi-olarak-portresi","status":"publish","type":"product","link":"https:\/\/roveyayinevi.com.tr\/index.php\/urun\/gurer-aykal-bir-cumhuriyet-cocugunun-orkestra-sefi-olarak-portresi\/","title":{"rendered":"G\u00fcrer Aykal &#8211; Bir Cumhuriyet \u00c7ocu\u011funun Orkestra \u015eefi Olarak Portresi"},"content":{"rendered":"<p>G\u00fcrer Aykal, Eski\u015fehir\u2019in \u00c7ifteler k\u00f6y\u00fcnde d\u00fcnyaya gelmi\u015f, F\u0131rat Nehri\u2019nde y\u00fczmeyi \u00f6\u011frenmi\u015f, Diyarbak\u0131r\u2019\u0131n S\u00fcryani Kilisesindeki orgu \u00e7alm\u0131\u015f, S\u00fcl\u00fckl\u00fc Sokak\u2019ta futbol tak\u0131m\u0131 kurmu\u015f; babas\u0131, m\u00fczik \u00f6\u011fretmeni \u201cTevfik Hoca\u201d sayesinde do\u011fal bir m\u00fczik ortam\u0131nda yeti\u015fmi\u015f. Bir g\u00fcn devletin m\u00fcfetti\u015fleri Anadolu\u2019da tarama yaparken onun absolut kula\u011f\u0131n\u0131 \u00f6\u011frenmi\u015fler. Ankara Devlet Konservatuvarina getirildi\u011finde 11-12 ya\u015flar\u0131ndaym\u0131\u015f. Ve 26 ya\u015f\u0131na denk bu kurumun \u00f6\u011frencisi olmu\u015f. Okuldaki ilk g\u00fcnlerinde k\u00fc\u00e7\u00fck \u00e7alg\u0131 topluluklar\u0131 kurup, kendine g\u00f6re besteler yaz\u0131p onlar\u0131 y\u00f6netmesi hocalar\u0131n\u0131n dikkatini \u00e7ekmi\u015f. Ahmed Adnan Saygun ya\u015fam\u0131 boyunca onun hamisi, Prof.Lessing ise rol modeli olmu\u015f. Londra\u2019da Royal Academy ve Guildhall Music School\u2019da sonra Roma\u2019da Santa Cecilia\u2019n\u0131n diplomalar\u0131n\u0131 alm\u0131\u015f. Ya\u015fam\u0131n\u0131n her d\u00f6neminde i\u00e7erik ya da yorum a\u00e7\u0131s\u0131ndan yoz buldu\u011fu m\u00fczikle sava\u015fm\u0131\u015f. B\u00f6ylece kimi orkestrac\u0131n\u0131n protestosuna u\u011frarken, kimi orkestrac\u0131ya da yeni ufuklar a\u00e7m\u0131\u015f. D\u00fcnyan\u0131n de\u011fi\u015fik k\u00f6\u015felerinde say\u0131s\u0131z T\u00fcrk yap\u0131t\u0131 \u00e7ald\u0131r\u0131p pek \u00e7ok yabanc\u0131 sanat\u00e7\u0131ya da T\u00fcrk bestecilerini tan\u0131tm\u0131\u015f.1991\u2019den beri Sevda-Cenap And Vakf\u0131\u2019n\u0131n Dan\u0131\u015fma Kurulu Ba\u015fkan\u0131 olan G\u00fcrer Aykal bu kitapta ya\u015fam \u00f6yk\u00fcs\u00fcn\u00fc kendi a\u011fz\u0131ndan anlat\u0131yor. Onunla orkestra \u015fefli\u011fi \u00fcst\u00fcne yapt\u0131\u011f\u0131m\u0131z bir s\u00f6yle\u015fi nice gen\u00e7 m\u00fczik\u00e7iye \u0131\u015f\u0131k tutacakt\u0131r. Ben ilk kez bir orkestra \u015fefinin portresini yazd\u0131m. Tutkulu ve ba\u015far\u0131l\u0131 bir Cumhuriyet \u00e7ocu\u011funun d\u00fcnyas\u0131n\u0131 sizinle payla\u015fman\u0131n k\u0131vanc\u0131n\u0131 ya\u015f\u0131yorum.<\/p>\n","protected":false},"excerpt":{"rendered":"<p>G\u00fcrer Aykal, Eski\u015fehir\u2019in \u00c7ifteler k\u00f6y\u00fcnde d\u00fcnyaya gelmi\u015f, F\u0131rat Nehri\u2019nde y\u00fczmeyi \u00f6\u011frenmi\u015f, Diyarbak\u0131r\u2019\u0131n S\u00fcryani Kilisesindeki orgu \u00e7alm\u0131\u015f, S\u00fcl\u00fckl\u00fc Sokak\u2019ta futbol tak\u0131m\u0131 kurmu\u015f; babas\u0131, m\u00fczik \u00f6\u011fretmeni \u201cTevfik Hoca\u201d<span class=\"excerpt-hellip\"> [\u2026]<\/span><\/p>\n","protected":false},"featured_media":0,"template":"","meta":{"_monsterinsights_skip_tracking":false,"_monsterinsights_sitenote_active":false,"_monsterinsights_sitenote_note":"","_monsterinsights_sitenote_category":0},"product_brand":[],"product_cat":[14009,12291],"product_tag":[],"class_list":{"0":"post-737723","1":"product","2":"type-product","3":"status-publish","5":"product_cat-biyografi-otobiyografi-edebiyat","6":"product_cat-edebiyat","7":"pa_cilt-ciltsiz","8":"pa_tur-kitap","9":"pa_yayinevi-sevda-cenap-and-muzik-vakfi-yayinlari","10":"pa_yazar-evin-ilyasoglu","12":"first","13":"instock","14":"sale","15":"shipping-taxable","16":"purchasable","17":"product-type-simple"},"_links":{"self":[{"href":"https:\/\/roveyayinevi.com.tr\/index.php\/wp-json\/wp\/v2\/product\/737723","targetHints":{"allow":["GET"]}}],"collection":[{"href":"https:\/\/roveyayinevi.com.tr\/index.php\/wp-json\/wp\/v2\/product"}],"about":[{"href":"https:\/\/roveyayinevi.com.tr\/index.php\/wp-json\/wp\/v2\/types\/product"}],"wp:attachment":[{"href":"https:\/\/roveyayinevi.com.tr\/index.php\/wp-json\/wp\/v2\/media?parent=737723"}],"wp:term":[{"taxonomy":"product_brand","embeddable":true,"href":"https:\/\/roveyayinevi.com.tr\/index.php\/wp-json\/wp\/v2\/product_brand?post=737723"},{"taxonomy":"product_cat","embeddable":true,"href":"https:\/\/roveyayinevi.com.tr\/index.php\/wp-json\/wp\/v2\/product_cat?post=737723"},{"taxonomy":"product_tag","embeddable":true,"href":"https:\/\/roveyayinevi.com.tr\/index.php\/wp-json\/wp\/v2\/product_tag?post=737723"}],"curies":[{"name":"wp","href":"https:\/\/api.w.org\/{rel}","templated":true}]}}