{"id":737718,"date":"2025-08-27T23:34:34","date_gmt":"2025-08-27T20:34:34","guid":{"rendered":"https:\/\/roveyayinevi.com.tr\/index.php\/urun\/ataturk-saygun-ve-ozsoy-operasi\/"},"modified":"2026-04-16T02:47:35","modified_gmt":"2026-04-15T23:47:35","slug":"ataturk-saygun-ve-ozsoy-operasi","status":"publish","type":"product","link":"https:\/\/roveyayinevi.com.tr\/index.php\/urun\/ataturk-saygun-ve-ozsoy-operasi\/","title":{"rendered":"Atat\u00fcrk Saygun Ve \u00d6zsoy Operas\u0131"},"content":{"rendered":"<p>Resmi tarihi okudu\u011fumuz zaman, genellikle k\u0131sa ve kesin yarg\u0131larla kar\u015f\u0131la\u015f\u0131r\u0131z.Resmi tarihe dayanan metinlerde, A.Adnan Saygun\u2019un Atat\u00fcrk\u2019\u00fcn m\u00fczik \u00f6\u011frenimi i\u00e7in yurtd\u0131\u015f\u0131na g\u00f6nderdi\u011fi yetenekli gen\u00e7lerden biri oldu\u011fu, Atat\u00fcrk\u2019\u00fcn emri veya sipari\u015fi \u00fczerine ilk T\u00fcrk operas\u0131 say\u0131lan \u00d6zsoy\u2019u besteledi\u011fi yaz\u0131l\u0131r.Oysa Saygun\u2019un Yunan i\u015fgalini k\u00fc\u00e7\u00fck bir \u00e7ocuk olarak ya\u015fad\u0131\u011f\u0131 \u0130zmir\u2019de, kalbinde b\u00fcy\u00fct\u00fcp geli\u015ftirdi\u011fi sevgi ve hayranl\u0131k \u00f6tesinde Atat\u00fcrk\u2019le do\u011frudan hi\u00e7bir ili\u015fkisi olmam\u0131\u015ft\u0131. Ta ki,1934 y\u0131l\u0131nda \u00d6zsoy\u2019un haz\u0131rlanmas\u0131 i\u00e7in bir besteci aran\u0131ncaya kadar.Resmi tarihin k\u0131sa ve belirleyici yarg\u0131lar\u0131ndan uzakla\u015f\u0131p, biraz ara\u015ft\u0131rmaya ba\u015flad\u0131\u011f\u0131n\u0131zda ayr\u0131nt\u0131lar\u0131n ba\u015fka ger\u00e7eklerle y\u00fckl\u00fc oldu\u011funu g\u00f6r\u00fcrs\u00fcn\u00fcz. \u0130nsanlar\u0131n ruhlar\u0131nda hangi f\u0131rt\u0131nalar esmi\u015ftir?Hangi endi\u015feler ya\u015fanm\u0131\u015f, adeta \u00f6l\u00fcm\u00fcne \u00e7al\u0131\u015fmalar nas\u0131l yap\u0131lm\u0131\u015ft\u0131r?\u0130nsanlar tam zirvede san\u0131ld\u0131klar\u0131 s\u0131rada nas\u0131l tepetaklak oluvermi\u015flerdir?Atat\u00fcrk ni\u00e7in \u00d6zsoy\u2019un haz\u0131rlan\u0131\u015f\u0131n\u0131 bir devrim hareketi olarak nitelendirmi\u015ftir?\u0130lk T\u00fcrk operas\u0131 say\u0131lan \u00d6zsoy\u2019un haz\u0131rlan\u0131\u015f \u00f6yk\u00fcs\u00fcn\u00fc, Saygun\u2019un kendi sesinden dinleyip okudu\u011funuzda, y\u00fcce bir ama\u00e7 ve insan\u00fcst\u00fc \u00e7al\u0131\u015fman\u0131n aras\u0131nda, \u00e7eki\u015fmelerin nas\u0131l devam etti\u011fini hayretle g\u00f6receksiniz.Bu kitap\u00e7\u0131\u011f\u0131n amac\u0131, Saygun\u2019un rahat bir sohbet ortam\u0131nda anlatt\u0131\u011f\u0131 ve kendi sesiyle kaydedilmi\u015f olan \u2018\u2019belge-\u00f6yk\u00fc\u2019y\u00fc do\u011fumunun 100. Y\u0131l\u0131 nedeniyle \u2018\u2019Saygun Y\u0131l\u0131\u2019\u2019 olarak kutlanacak 2007 \u00f6ncesinde, m\u00fczikseverlerle payla\u015fmakt\u0131r.<\/p>\n","protected":false},"excerpt":{"rendered":"<p>Resmi tarihi okudu\u011fumuz zaman, genellikle k\u0131sa ve kesin yarg\u0131larla kar\u015f\u0131la\u015f\u0131r\u0131z.Resmi tarihe dayanan metinlerde, A.Adnan Saygun\u2019un Atat\u00fcrk\u2019\u00fcn m\u00fczik \u00f6\u011frenimi i\u00e7in yurtd\u0131\u015f\u0131na g\u00f6nderdi\u011fi yetenekli gen\u00e7lerden biri oldu\u011fu, Atat\u00fcrk\u2019\u00fcn<span class=\"excerpt-hellip\"> [\u2026]<\/span><\/p>\n","protected":false},"featured_media":0,"template":"","meta":{"_monsterinsights_skip_tracking":false,"_monsterinsights_sitenote_active":false,"_monsterinsights_sitenote_note":"","_monsterinsights_sitenote_category":0},"product_brand":[],"product_cat":[14591,14556],"product_tag":[],"class_list":{"0":"post-737718","1":"product","2":"type-product","3":"status-publish","5":"product_cat-genel-kavramlar-kuram-ve-tarihce","6":"product_cat-muzik","7":"pa_cilt-ciltsiz","8":"pa_tur-kitap","9":"pa_yayinevi-sevda-cenap-and-muzik-vakfi-yayinlari","10":"pa_yazar-sefik-kahramankaptan","12":"first","13":"instock","14":"sale","15":"shipping-taxable","16":"purchasable","17":"product-type-simple"},"_links":{"self":[{"href":"https:\/\/roveyayinevi.com.tr\/index.php\/wp-json\/wp\/v2\/product\/737718","targetHints":{"allow":["GET"]}}],"collection":[{"href":"https:\/\/roveyayinevi.com.tr\/index.php\/wp-json\/wp\/v2\/product"}],"about":[{"href":"https:\/\/roveyayinevi.com.tr\/index.php\/wp-json\/wp\/v2\/types\/product"}],"wp:attachment":[{"href":"https:\/\/roveyayinevi.com.tr\/index.php\/wp-json\/wp\/v2\/media?parent=737718"}],"wp:term":[{"taxonomy":"product_brand","embeddable":true,"href":"https:\/\/roveyayinevi.com.tr\/index.php\/wp-json\/wp\/v2\/product_brand?post=737718"},{"taxonomy":"product_cat","embeddable":true,"href":"https:\/\/roveyayinevi.com.tr\/index.php\/wp-json\/wp\/v2\/product_cat?post=737718"},{"taxonomy":"product_tag","embeddable":true,"href":"https:\/\/roveyayinevi.com.tr\/index.php\/wp-json\/wp\/v2\/product_tag?post=737718"}],"curies":[{"name":"wp","href":"https:\/\/api.w.org\/{rel}","templated":true}]}}