{"id":737376,"date":"2025-08-27T23:27:05","date_gmt":"2025-08-27T20:27:05","guid":{"rendered":"https:\/\/roveyayinevi.com.tr\/index.php\/urun\/abd-dis-politikasinda-kibris-acmazi\/"},"modified":"2026-04-16T02:46:49","modified_gmt":"2026-04-15T23:46:49","slug":"abd-dis-politikasinda-kibris-acmazi","status":"publish","type":"product","link":"https:\/\/roveyayinevi.com.tr\/index.php\/urun\/abd-dis-politikasinda-kibris-acmazi\/","title":{"rendered":"ABD D\u0131\u015f Politikas\u0131nda K\u0131br\u0131s A\u00e7maz\u0131"},"content":{"rendered":"<p>ABD, K\u0131br\u0131s sorunu uluslararas\u0131 hale gelene, yani 1950\u2019li y\u0131llar\u0131n ortas\u0131na kadar, ada ile ilgili bir d\u00fc\u015f\u00fcnce geli\u015ftirmemi\u015fti. Yunanistan taraf\u0131ndan Birle\u015fmi\u015f Milletler\u2019e ta\u015f\u0131nana kadar, ABD sorunun Londra ile Atina aras\u0131nda \u00e7\u00f6z\u00fcmlenmesini \u00f6ng\u00f6rm\u00fc\u015ft\u00fc. Bu s\u00fcre\u00e7te T\u00fcrkiye de i\u015fin i\u00e7ine girince, ABD sorunun yine NATO \u00fcyesi \u00fc\u00e7 \u00fclkenin ortak giri\u015fimiyle halledilmesini beklemi\u015fti. ABD a\u00e7\u0131s\u0131ndan K\u0131br\u0131s Do\u011fu Akdeniz\u2019de stratejik \u00f6nemi olan ve Sovyet Sosyalist Cumhuriyetler Birli\u011fi\u2019nin uzak tutulmas\u0131 gereken bir yerdi. Bu nedenle ada mutlaka Bat\u0131l\u0131 g\u00fc\u00e7lerin kontrol\u00fcnde olmal\u0131yd\u0131. K\u0131br\u0131s, Birle\u015fik Krall\u0131k\u2019\u0131n bir par\u00e7as\u0131 olmaya devam etti\u011fi s\u00fcrece Washington a\u00e7\u0131s\u0131ndan bir sorun yoktu. E\u011fer ada \u201cUluslar\u0131n Kaderini Tayin Hakk\u0131\u201d ilkesine uygun olarak ba\u011f\u0131ms\u0131z olacaksa m\u00fcttefik g\u00fc\u00e7lerin kontrol\u00fcnde olmal\u0131yd\u0131. ABD, K\u0131br\u0131s konusunda farkl\u0131 yakla\u015f\u0131mlara sahip taraflar aras\u0131nda arabulucu olmay\u0131 istemedi. \u00c7\u00fcnk\u00fc ABD bir taraf\u0131n g\u00f6r\u00fc\u015f\u00fcn\u00fc desteklerse di\u011ferleri taraf\u0131ndan adil davranmamakla su\u00e7lanabilirdi. Ancak ABD, sorunun \u00e7\u00f6z\u00fcm\u00fc i\u00e7in K\u0131br\u0131s\u2019taki konsolosunu Birle\u015fik Krall\u0131k\u2019\u0131n S\u00f6m\u00fcrge h\u00fck\u00fcmetiyle ortak \u00e7al\u0131\u015fmaya y\u00f6neltti ve \u201cTaksim ve Enosis aras\u0131nda bir \u00e7\u00f6z\u00fcm\u201d olarak g\u00f6r\u00fclebilecek K\u0131br\u0131s Cumhuriyeti\u2019nin kurulmas\u0131na \u00f6nemli katk\u0131da bulundu. Bu gayrete ra\u011fmen, K\u0131br\u0131s Cumhuriyeti\u2019nin devam\u0131 i\u00e7in birlikte \u00e7al\u0131\u015fmas\u0131 gereken iki toplumun elitleri kendi ulusal davalar\u0131n\u0131n pe\u015finde ko\u015funca 1963 y\u0131l\u0131 sonunda taraflar aras\u0131nda silahl\u0131 \u00e7at\u0131\u015fma ba\u015flad\u0131 ve Devlet\u2019in iki toplumlu yap\u0131s\u0131 \u00e7\u00f6kt\u00fc. Bu geli\u015fme sonras\u0131nda ABD, adadaki \u00e7at\u0131\u015fman\u0131n T\u00fcrkiye ve Yunanistan aras\u0131nda bir sava\u015fa d\u00f6n\u00fc\u015fmesini engellemeye \u00e7al\u0131\u015ft\u0131. Bu iki m\u00fcttefik \u00fcye aras\u0131nda K\u0131br\u0131s\u2019tan kaynaklanan bir sava\u015f\u0131n \u00e7\u0131kmas\u0131 kom\u00fcnizme kar\u015f\u0131 m\u00fccadele i\u00e7in kurulan NATO\u2019nun b\u00fcy\u00fck s\u0131k\u0131nt\u0131 ya\u015famas\u0131na neden olurdu. ABD sorunun T\u00fcrkiye ve Yunanistan ili\u015fkilerini etkilemedi\u011fi s\u00fcrece zaman i\u00e7inde taraflar\u0131n bir \u00e7\u00f6z\u00fcme ula\u015fabileceklerini \u00f6ng\u00f6r\u00fcyordu.<\/p>\n","protected":false},"excerpt":{"rendered":"<p>ABD, K\u0131br\u0131s sorunu uluslararas\u0131 hale gelene, yani 1950\u2019li y\u0131llar\u0131n ortas\u0131na kadar, ada ile ilgili bir d\u00fc\u015f\u00fcnce geli\u015ftirmemi\u015fti. Yunanistan taraf\u0131ndan Birle\u015fmi\u015f Milletler\u2019e ta\u015f\u0131nana kadar, ABD sorunun Londra<span class=\"excerpt-hellip\"> [\u2026]<\/span><\/p>\n","protected":false},"featured_media":0,"template":"","meta":{"_monsterinsights_skip_tracking":false,"_monsterinsights_sitenote_active":false,"_monsterinsights_sitenote_note":"","_monsterinsights_sitenote_category":0},"product_brand":[],"product_cat":[12337,17225],"product_tag":[],"class_list":{"0":"post-737376","1":"product","2":"type-product","3":"status-publish","5":"product_cat-politika-siyaset","6":"product_cat-uluslararasi-iliskiler","7":"pa_cilt-ciltsiz","8":"pa_tur-kitap","9":"pa_yayinevi-kalkedon-yayincilik","10":"pa_yazar-ilksoy-aslim","12":"first","13":"instock","14":"sale","15":"shipping-taxable","16":"purchasable","17":"product-type-simple"},"_links":{"self":[{"href":"https:\/\/roveyayinevi.com.tr\/index.php\/wp-json\/wp\/v2\/product\/737376","targetHints":{"allow":["GET"]}}],"collection":[{"href":"https:\/\/roveyayinevi.com.tr\/index.php\/wp-json\/wp\/v2\/product"}],"about":[{"href":"https:\/\/roveyayinevi.com.tr\/index.php\/wp-json\/wp\/v2\/types\/product"}],"wp:attachment":[{"href":"https:\/\/roveyayinevi.com.tr\/index.php\/wp-json\/wp\/v2\/media?parent=737376"}],"wp:term":[{"taxonomy":"product_brand","embeddable":true,"href":"https:\/\/roveyayinevi.com.tr\/index.php\/wp-json\/wp\/v2\/product_brand?post=737376"},{"taxonomy":"product_cat","embeddable":true,"href":"https:\/\/roveyayinevi.com.tr\/index.php\/wp-json\/wp\/v2\/product_cat?post=737376"},{"taxonomy":"product_tag","embeddable":true,"href":"https:\/\/roveyayinevi.com.tr\/index.php\/wp-json\/wp\/v2\/product_tag?post=737376"}],"curies":[{"name":"wp","href":"https:\/\/api.w.org\/{rel}","templated":true}]}}