{"id":737327,"date":"2025-08-27T23:26:08","date_gmt":"2025-08-27T20:26:08","guid":{"rendered":"https:\/\/roveyayinevi.com.tr\/index.php\/urun\/demokrasi-felsefesi\/"},"modified":"2026-04-16T02:46:46","modified_gmt":"2026-04-15T23:46:46","slug":"demokrasi-felsefesi","status":"publish","type":"product","link":"https:\/\/roveyayinevi.com.tr\/index.php\/urun\/demokrasi-felsefesi\/","title":{"rendered":"Demokrasi Felsefesi"},"content":{"rendered":"<p>\u00abDemokrasi, insani varolu\u015fa i\u00e7kin olanaklar\u0131 hem pozitif hem de negatif \u00f6zg\u00fcrl\u00fckler ba\u011flam\u0131nda hayata ge\u00e7irme ve her tekil insan\u0131n kendisini ne ise o olarak alg\u0131lama arzusuna e\u015flik edecek \u201contolojik haysiyet e\u015fitli\u011fi\u201d talebinin sesidir. Dile getirdi\u011fim e\u015fitli\u011fe dayal\u0131 demokrasi talebi, ayn\u0131 zamanda, egemenlik ili\u015fkilerinin hiyerar\u015fik yap\u0131lanmas\u0131na kar\u015f\u0131 bir direni\u015fi de temsil eder. Bu kitaptaki her bir b\u00f6l\u00fcm bu direni\u015fe a\u00e7\u0131lan yeni bir pencere olarak okunursa kitap amac\u0131na ula\u015fm\u0131\u015f olacakt\u0131r\u00bb.  (edit\u00f6r) Eray Ya\u011fanak   \u00dclkemizin \u00e7e\u015fitli \u00fcniversitelerinden on bir yazar\u0131n kaleme ald\u0131\u011f\u0131 bu kitapta, \u00e7a\u011fda\u015f felsefenin Mill, Nietzsche, Popper, Rawls, Habermas, Dworkin, Laclau, Mouffe, Badiou, Ranci\u00e8re ve Pettit gibi \u00f6nemli fig\u00fcrlerinin demokrasi anlay\u0131\u015flar\u0131 incelenmektedir. <\/p>\n","protected":false},"excerpt":{"rendered":"<p>\u00abDemokrasi, insani varolu\u015fa i\u00e7kin olanaklar\u0131 hem pozitif hem de negatif \u00f6zg\u00fcrl\u00fckler ba\u011flam\u0131nda hayata ge\u00e7irme ve her tekil insan\u0131n kendisini ne ise o olarak alg\u0131lama arzusuna e\u015flik<span class=\"excerpt-hellip\"> [\u2026]<\/span><\/p>\n","protected":false},"featured_media":0,"template":"","meta":{"_monsterinsights_skip_tracking":false,"_monsterinsights_sitenote_active":false,"_monsterinsights_sitenote_note":"","_monsterinsights_sitenote_category":0},"product_brand":[],"product_cat":[16038,12388],"product_tag":[],"class_list":{"0":"post-737327","1":"product","2":"type-product","3":"status-publish","5":"product_cat-arastirma-inceleme-referans-felsefe","6":"product_cat-felsefe","7":"pa_cilt-ciltsiz","8":"pa_tur-kitap","9":"pa_yayinevi-bilge-kultur-sanat","10":"pa_yazar-eray-yaganak","12":"first","13":"instock","14":"sale","15":"shipping-taxable","16":"purchasable","17":"product-type-simple"},"_links":{"self":[{"href":"https:\/\/roveyayinevi.com.tr\/index.php\/wp-json\/wp\/v2\/product\/737327","targetHints":{"allow":["GET"]}}],"collection":[{"href":"https:\/\/roveyayinevi.com.tr\/index.php\/wp-json\/wp\/v2\/product"}],"about":[{"href":"https:\/\/roveyayinevi.com.tr\/index.php\/wp-json\/wp\/v2\/types\/product"}],"wp:attachment":[{"href":"https:\/\/roveyayinevi.com.tr\/index.php\/wp-json\/wp\/v2\/media?parent=737327"}],"wp:term":[{"taxonomy":"product_brand","embeddable":true,"href":"https:\/\/roveyayinevi.com.tr\/index.php\/wp-json\/wp\/v2\/product_brand?post=737327"},{"taxonomy":"product_cat","embeddable":true,"href":"https:\/\/roveyayinevi.com.tr\/index.php\/wp-json\/wp\/v2\/product_cat?post=737327"},{"taxonomy":"product_tag","embeddable":true,"href":"https:\/\/roveyayinevi.com.tr\/index.php\/wp-json\/wp\/v2\/product_tag?post=737327"}],"curies":[{"name":"wp","href":"https:\/\/api.w.org\/{rel}","templated":true}]}}