{"id":737266,"date":"2025-08-27T23:24:50","date_gmt":"2025-08-27T20:24:50","guid":{"rendered":"https:\/\/roveyayinevi.com.tr\/index.php\/urun\/bir-kadin-politikacinin-anilari\/"},"modified":"2026-04-16T02:46:43","modified_gmt":"2026-04-15T23:46:43","slug":"bir-kadin-politikacinin-anilari","status":"publish","type":"product","link":"https:\/\/roveyayinevi.com.tr\/index.php\/urun\/bir-kadin-politikacinin-anilari\/","title":{"rendered":"Bir Kad\u0131n Politikac\u0131n\u0131n An\u0131lar\u0131"},"content":{"rendered":"<p>\u201cMatematik amfisinde dersteydim, arka kap\u0131dan Esin dendi\u011fini duydum. Bug\u00fcn hat\u0131rlam\u0131yorum ama yine yak\u0131n arkada\u015flar\u0131m\u0131zdan ya Selami ya da Eftal&#8217;di; tutukland\u0131klar\u0131 haberini verdi. \u0130kinci tutuklulu\u011fu \u00fc\u00e7 hafta kadar s\u00fcrd\u00fc. Yine Nail Atl\u0131&#8217;n\u0131n arac\u0131l\u0131\u011f\u0131 ile Mustafa&#8217;y\u0131 ziyarete gittim. Mustafa geldi, biz onunla konu\u015furken, a\u00e7\u0131lan kap\u0131dan i\u00e7eriye Deniz Gezmi\u015f girdi. Arkas\u0131nda H\u00fcseyin ve Yusuf vard\u0131. Deniz bana dikkatlice bakt\u0131, &#8220;Lan Bozo\u011flu seni kafesleyen k\u0131z bu mu?&#8221; dedi. Sonra kal\u0131n bir kahkaha atarak, &#8220;Bac\u0131m sen bu herife nas\u0131l g\u00fcveniyorsun? Bunun okulda gezmedi\u011fi k\u0131z kalmad\u0131.&#8221; dedi.Ben heyecandan kilitlenmi\u015ftim. \u015ea\u015fk\u0131nl\u0131kla, &#8220;\u0130stedi\u011finiz bir \u015fey var m\u0131?&#8221; diye sordum. Yine bir kahkaha att\u0131; &#8220;Yar\u0131n duru\u015fmam\u0131z var. Silahlar\u0131mla birlikte tahliyemi isteyece\u011fim.&#8221; dedi ve \u00e7\u0131k\u0131p gittiler. Birka\u00e7 g\u00fcn sonra Deniz&#8217;lere g\u00f6r\u00fc\u015f yasa\u011f\u0131 kondu. K\u0131sa bir s\u00fcre sonra da 6 May\u0131s 1972&#8217;de idam edildiler. Ben o tarihten beridir onlarla ilgili kitaplar\u0131 okuyamam ve resimlere bakamam.\u201d\u201cSay\u0131n Esin Bozo\u011flu SHP&#8217;de her kademede ba\u015far\u0131l\u0131 \u00e7al\u0131\u015fmalar yapm\u0131\u015f bir arkada\u015f\u0131md\u0131r. Kad\u0131n ve gen\u00e7lik \u00f6rg\u00fctlenmesine \u00f6nemli katk\u0131lar sa\u011flam\u0131\u015f, onurlu ilkeli duru\u015fu ile tan\u0131d\u0131\u011f\u0131m\u0131z Esin Bozo\u011flu&#8217;nun deneyimlerini ve an\u0131lar\u0131n\u0131 aktard\u0131\u011f\u0131 kitab\u0131n\u0131n yeni ku\u015faklar i\u00e7in yol g\u00f6sterici olmas\u0131n\u0131 diliyorum.\u201d\u015ei\u015fli Belediye Ba\u015fkan\u0131Muammer Keskin\u201cSay\u0131n Esin Bozo\u011flu siyasette tabandan gelip bile\u011finin hakk\u0131yla Genel Sekreter Yard\u0131mc\u0131l\u0131\u011f\u0131na kadar y\u00fckselmi\u015f bir arkada\u015f\u0131md\u0131r. M\u00fccadeleci kimli\u011fi ile parti i\u00e7ind e ve sivil toplum \u00f6rg\u00fctlerinde ilerici \u00e7al\u0131\u015fmalar\u0131 ile tan\u0131d\u0131m. \u00d6zellikle kad\u0131n ve Gen\u00e7lik \u00f6rg\u00fctlenmelerine t\u00fckenmez \u00e7al\u0131\u015fkanl\u0131\u011f\u0131na, bir kad\u0131n ve bir anne olarak siyasette neler ba\u015far\u0131labilece\u011fine \u00f6rnek olu\u015funun tan\u0131\u011f\u0131 oldum. \u015eimdi bu \u00e7al\u0131\u015fmalar\u0131n\u0131n \u00fcr\u00fcn\u00fc olan birikimlerini kitapla\u015ft\u0131rarak bizimle payla\u015f\u0131yor. Yeni ku\u015faklara ilham verece\u011fi inanc\u0131 ile ba\u015far\u0131lar diliyorum.\u201d\u0130\u00e7 \u0130\u015fleri Eski Bakan\u0131Hasan Fehmi G\u00fcne\u015f<\/p>\n","protected":false},"excerpt":{"rendered":"<p>\u201cMatematik amfisinde dersteydim, arka kap\u0131dan Esin dendi\u011fini duydum. Bug\u00fcn hat\u0131rlam\u0131yorum ama yine yak\u0131n arkada\u015flar\u0131m\u0131zdan ya Selami ya da Eftal&#8217;di; tutukland\u0131klar\u0131 haberini verdi. \u0130kinci tutuklulu\u011fu \u00fc\u00e7 hafta<span class=\"excerpt-hellip\"> [\u2026]<\/span><\/p>\n","protected":false},"featured_media":0,"template":"","meta":{"_monsterinsights_skip_tracking":false,"_monsterinsights_sitenote_active":false,"_monsterinsights_sitenote_note":"","_monsterinsights_sitenote_category":0},"product_brand":[],"product_cat":[13059,12337],"product_tag":[],"class_list":{"0":"post-737266","1":"product","2":"type-product","3":"status-publish","5":"product_cat-diger-politika-siyaset","6":"product_cat-politika-siyaset","7":"pa_cilt-ciltsiz","8":"pa_tur-kitap","9":"pa_yayinevi-perseus","10":"pa_yazar-esin-bozoglu","12":"first","13":"instock","14":"sale","15":"shipping-taxable","16":"purchasable","17":"product-type-simple"},"_links":{"self":[{"href":"https:\/\/roveyayinevi.com.tr\/index.php\/wp-json\/wp\/v2\/product\/737266","targetHints":{"allow":["GET"]}}],"collection":[{"href":"https:\/\/roveyayinevi.com.tr\/index.php\/wp-json\/wp\/v2\/product"}],"about":[{"href":"https:\/\/roveyayinevi.com.tr\/index.php\/wp-json\/wp\/v2\/types\/product"}],"wp:attachment":[{"href":"https:\/\/roveyayinevi.com.tr\/index.php\/wp-json\/wp\/v2\/media?parent=737266"}],"wp:term":[{"taxonomy":"product_brand","embeddable":true,"href":"https:\/\/roveyayinevi.com.tr\/index.php\/wp-json\/wp\/v2\/product_brand?post=737266"},{"taxonomy":"product_cat","embeddable":true,"href":"https:\/\/roveyayinevi.com.tr\/index.php\/wp-json\/wp\/v2\/product_cat?post=737266"},{"taxonomy":"product_tag","embeddable":true,"href":"https:\/\/roveyayinevi.com.tr\/index.php\/wp-json\/wp\/v2\/product_tag?post=737266"}],"curies":[{"name":"wp","href":"https:\/\/api.w.org\/{rel}","templated":true}]}}