{"id":737244,"date":"2025-08-27T23:24:22","date_gmt":"2025-08-27T20:24:22","guid":{"rendered":"https:\/\/roveyayinevi.com.tr\/index.php\/urun\/cehalet-tutkusu\/"},"modified":"2026-04-16T02:46:42","modified_gmt":"2026-04-15T23:46:42","slug":"cehalet-tutkusu","status":"publish","type":"product","link":"https:\/\/roveyayinevi.com.tr\/index.php\/urun\/cehalet-tutkusu\/","title":{"rendered":"Cehalet Tutkusu"},"content":{"rendered":"<p>Bilginin ve bilgiye ula\u015fma yollar\u0131n\u0131n yeniden tan\u0131mland\u0131\u011f\u0131 g\u00fcn\u00fcm\u00fcz\u00fcn hakikat sonras\u0131, post-end\u00fcstriyel d\u00fcnyas\u0131nda ger\u00e7ekle yalan\u0131 ay\u0131rt etmek zaman zaman imk\u00e2ns\u0131z hale geliyor, bu da kas\u0131tl\u0131 olarak bilmemeyi se\u00e7en insanlar\u0131n say\u0131s\u0131n\u0131n gitgide artmas\u0131na neden oluyor.Filozof, sosyolog ve hukuk teorisyeni Renata Salecl Cehalet Tutkusu\u2019nda, insanl\u0131k durumunun daima bir par\u00e7as\u0131 oldu\u011funu savundu\u011fu \u201ccehalet\u201di ve ba\u011flant\u0131l\u0131 olarak \u201cink\u00e2r\u201d kavram\u0131n\u0131 masaya yat\u0131r\u0131yor; hem travmatik bilgiye ula\u015fmaktan ka\u00e7\u0131nan insan do\u011fas\u0131n\u0131 hem de ideolojik mekanizmalar\u0131 sekteye u\u011fratacak bilgiyi ink\u00e2r yollar\u0131n\u0131 insanl\u0131k durumu \u00fczerinden a\u00e7\u0131kl\u0131yor. Kas\u0131tl\u0131 cehaletin bilhassa kriz anlar\u0131nda olumlu bir yan\u0131n\u0131n da olabilece\u011fi fikrini dile getiriyor; cehaletin g\u00fcce nas\u0131l d\u00f6n\u00fc\u015febilece\u011fini disiplinleraras\u0131 \u00f6rneklerle aktar\u0131yor.Felsefeden, psikanalitik ve sosyal teoriden, pop\u00fcler k\u00fclt\u00fcrden ve kendi deneyimlerinden yola \u00e7\u0131k\u0131p Lacan, Foucault, Claude L\u00e9vi-Strauss gibi isimlerin arg\u00fcmanlar\u0131na referanslarda bulunarak cehaletin sosyal ve psikolojik nedenlerini inceliyor; cehalet tutkusunun a\u015fktan hastal\u0131\u011fa, travmadan geneti\u011fe, adli t\u0131ptan b\u00fcy\u00fck veriye kadar hayat\u0131m\u0131z\u0131n pek \u00e7ok alan\u0131n\u0131 nas\u0131l etkiledi\u011fine dikkat \u00e7ekiyor.\u201cCehalet veya ink\u00e2r\u0131n sosyal ve psikolojik motivasyonlar\u0131yla sonu\u00e7lar\u0131n\u0131n kapsaml\u0131 bir incelemesi&#8230; Sahte haberlerin, propagandalar\u0131n, siyasi s\u00f6ylemlerin ve d\u00fcello uzmanlar\u0131n\u0131n medyaya h\u00e2kim oldu\u011fu bir zamanda, Salecl\u2019\u0131n analizi her birimize \u2018cehaleti ve ink\u00e2r\u0131 benimsemek\u2019 i\u00e7in ald\u0131\u011f\u0131m\u0131z kararlar hakk\u0131nda d\u00fc\u015f\u00fcnmenin yeni bir yolunu sunuyor.\u201d \u2013Kirkus Reviews\u201cYeni yeni filizlenen cehalet ara\u015ft\u0131rmalar\u0131 alan\u0131na de\u011ferli bir katk\u0131&#8230; \u0130ncelikli ve zorlay\u0131c\u0131.\u201d \u2013Linsey McGoey, The Philosopher\u201cRenata Salecl bu az ve \u00f6z, incelikli kitapta g\u00fcn\u00fcm\u00fcz\u00fcn yayg\u0131n cehalet tutkusunu ve bunun toplumun pek \u00e7ok farkl\u0131 d\u00fczeyinde nas\u0131l i\u015fledi\u011fini ara\u015ft\u0131r\u0131p belgeliyor. Son derece anla\u015f\u0131l\u0131r ve taze bir \u00fcslupla kaleme al\u0131nan kitap, pek \u00e7ok insan\u0131n hayat\u0131na dokunan \u00f6rnekler \u00fczerinden bilmeme \u00e7abam\u0131z\u0131 analiz ediyor.\u201d \u2013Darian Leader<\/p>\n","protected":false},"excerpt":{"rendered":"<p>Bilginin ve bilgiye ula\u015fma yollar\u0131n\u0131n yeniden tan\u0131mland\u0131\u011f\u0131 g\u00fcn\u00fcm\u00fcz\u00fcn hakikat sonras\u0131, post-end\u00fcstriyel d\u00fcnyas\u0131nda ger\u00e7ekle yalan\u0131 ay\u0131rt etmek zaman zaman imk\u00e2ns\u0131z hale geliyor, bu da kas\u0131tl\u0131 olarak bilmemeyi<span class=\"excerpt-hellip\"> [\u2026]<\/span><\/p>\n","protected":false},"featured_media":0,"template":"","meta":{"_monsterinsights_skip_tracking":false,"_monsterinsights_sitenote_active":false,"_monsterinsights_sitenote_note":"","_monsterinsights_sitenote_category":0},"product_brand":[],"product_cat":[13005,40995],"product_tag":[],"class_list":{"0":"post-737244","1":"product","2":"type-product","3":"status-publish","5":"product_cat-bilim-muhendislik","6":"product_cat-sosyal-bilimler","7":"pa_cilt-ciltsiz","8":"pa_tur-kitap","9":"pa_yayinevi-timas-yayinlari","10":"pa_yazar-ranata-salecl","12":"first","13":"instock","14":"sale","15":"shipping-taxable","16":"purchasable","17":"product-type-simple"},"_links":{"self":[{"href":"https:\/\/roveyayinevi.com.tr\/index.php\/wp-json\/wp\/v2\/product\/737244","targetHints":{"allow":["GET"]}}],"collection":[{"href":"https:\/\/roveyayinevi.com.tr\/index.php\/wp-json\/wp\/v2\/product"}],"about":[{"href":"https:\/\/roveyayinevi.com.tr\/index.php\/wp-json\/wp\/v2\/types\/product"}],"wp:attachment":[{"href":"https:\/\/roveyayinevi.com.tr\/index.php\/wp-json\/wp\/v2\/media?parent=737244"}],"wp:term":[{"taxonomy":"product_brand","embeddable":true,"href":"https:\/\/roveyayinevi.com.tr\/index.php\/wp-json\/wp\/v2\/product_brand?post=737244"},{"taxonomy":"product_cat","embeddable":true,"href":"https:\/\/roveyayinevi.com.tr\/index.php\/wp-json\/wp\/v2\/product_cat?post=737244"},{"taxonomy":"product_tag","embeddable":true,"href":"https:\/\/roveyayinevi.com.tr\/index.php\/wp-json\/wp\/v2\/product_tag?post=737244"}],"curies":[{"name":"wp","href":"https:\/\/api.w.org\/{rel}","templated":true}]}}