{"id":737232,"date":"2025-08-27T23:24:09","date_gmt":"2025-08-27T20:24:09","guid":{"rendered":"https:\/\/roveyayinevi.com.tr\/index.php\/urun\/gun-yuzune-dokulenler\/"},"modified":"2026-04-16T02:46:42","modified_gmt":"2026-04-15T23:46:42","slug":"gun-yuzune-dokulenler","status":"publish","type":"product","link":"https:\/\/roveyayinevi.com.tr\/index.php\/urun\/gun-yuzune-dokulenler\/","title":{"rendered":"G\u00fcn Y\u00fcz\u00fcne D\u00f6k\u00fclenler"},"content":{"rendered":"<p>\u201cMahallemizde solun b\u00fct\u00fcn renkleri vard\u0131. Kar\u015f\u0131 mahallede ise sa\u011f\u0131n tek rengi h\u00e2kimdi. Havan\u0131n kur\u015fun gibi a\u011f\u0131r oldu\u011fu g\u00fcnlerdi. Hepsi yirmili ya\u015flarda, kendi d\u00fc\u015f\u00fcncesinde; ilkeli, idealist ve d\u00fcr\u00fcstt\u00fc. Renkli mahalle daha e\u015fit, daha \u00f6zg\u00fcr, daha mutlu bir \u00fclke istiyordu. Kar\u015f\u0131 mahallede \u015fu d\u00fc\u015f\u00fcnce h\u00e2kimdi: \u2018Kom\u00fcnizm bu bahar geldi gelecek, bu renkli mahallenin gen\u00e7leri var ya onlar getirecek. \u00d6l\u00fcr\u00fcz de buna izin vermeyiz\u2019 diyorlard\u0131. Y\u0131llar ge\u00e7ti ne kom\u00fcnizm geldi ne de ba\u015fka bir \u015fey. 12 Eyl\u00fcl 1980\u2019de, soka\u011f\u0131m\u0131zda Evren\u2019in h\u0131\u015fm\u0131na u\u011framayan kalmam\u0131\u015ft\u0131. Buna ra\u011fmen bu topraklar\u0131 \u00e7ok seven insanlar\u0131n i\u00e7inde ya\u015f\u0131yorduk.\u201d Umut \u00d6zkan\u2019\u0131n 2019-2021 y\u0131llar\u0131 aras\u0131nda \u00e7e\u015fitli dergi ve gazetelerde yay\u0131mlanan yaz\u0131lar\u0131ndan derlenen G\u00fcn Y\u00fcz\u00fcne D\u00f6k\u00fclenler, K\u00f6y Enstit\u00fcleri\u2019nden t\u00fcrk\u00fclere, halk edebiyat\u0131n\u0131n izlerinden yazar an\u0131lar\u0131na kadar g\u00fcncel-politik pek \u00e7ok konuya de\u011finiyor. Umut \u00d6zkan\u2019\u0131n \u00f6ns\u00f6zde de dedi\u011fi gibi: \u201cS\u00f6zler g\u00fcn y\u00fcz\u00fcne d\u00f6k\u00fcld\u00fc\u011f\u00fcnde dilimden kelimeler d\u00f6k\u00fcl\u00fcverir. S\u00f6z u\u00e7ar yaz\u0131 kal\u0131r\u2026\u201d <\/p>\n","protected":false},"excerpt":{"rendered":"<p>\u201cMahallemizde solun b\u00fct\u00fcn renkleri vard\u0131. Kar\u015f\u0131 mahallede ise sa\u011f\u0131n tek rengi h\u00e2kimdi. Havan\u0131n kur\u015fun gibi a\u011f\u0131r oldu\u011fu g\u00fcnlerdi. Hepsi yirmili ya\u015flarda, kendi d\u00fc\u015f\u00fcncesinde; ilkeli, idealist ve<span class=\"excerpt-hellip\"> [\u2026]<\/span><\/p>\n","protected":false},"featured_media":0,"template":"","meta":{"_monsterinsights_skip_tracking":false,"_monsterinsights_sitenote_active":false,"_monsterinsights_sitenote_note":"","_monsterinsights_sitenote_category":0},"product_brand":[],"product_cat":[12291,12711],"product_tag":[],"class_list":{"0":"post-737232","1":"product","2":"type-product","3":"status-publish","5":"product_cat-edebiyat","6":"product_cat-roman-oyku","7":"pa_cilt-ciltsiz","8":"pa_tur-kitap","9":"pa_yayinevi-kara-karga-yayinlari","10":"pa_yazar-umut-ozkan","12":"first","13":"instock","14":"sale","15":"shipping-taxable","16":"purchasable","17":"product-type-simple"},"_links":{"self":[{"href":"https:\/\/roveyayinevi.com.tr\/index.php\/wp-json\/wp\/v2\/product\/737232","targetHints":{"allow":["GET"]}}],"collection":[{"href":"https:\/\/roveyayinevi.com.tr\/index.php\/wp-json\/wp\/v2\/product"}],"about":[{"href":"https:\/\/roveyayinevi.com.tr\/index.php\/wp-json\/wp\/v2\/types\/product"}],"wp:attachment":[{"href":"https:\/\/roveyayinevi.com.tr\/index.php\/wp-json\/wp\/v2\/media?parent=737232"}],"wp:term":[{"taxonomy":"product_brand","embeddable":true,"href":"https:\/\/roveyayinevi.com.tr\/index.php\/wp-json\/wp\/v2\/product_brand?post=737232"},{"taxonomy":"product_cat","embeddable":true,"href":"https:\/\/roveyayinevi.com.tr\/index.php\/wp-json\/wp\/v2\/product_cat?post=737232"},{"taxonomy":"product_tag","embeddable":true,"href":"https:\/\/roveyayinevi.com.tr\/index.php\/wp-json\/wp\/v2\/product_tag?post=737232"}],"curies":[{"name":"wp","href":"https:\/\/api.w.org\/{rel}","templated":true}]}}