{"id":737021,"date":"2025-08-27T23:19:41","date_gmt":"2025-08-27T20:19:41","guid":{"rendered":"https:\/\/roveyayinevi.com.tr\/index.php\/urun\/felsefi-yontem-uzerine-bir-deneme\/"},"modified":"2026-04-16T02:46:01","modified_gmt":"2026-04-15T23:46:01","slug":"felsefi-yontem-uzerine-bir-deneme","status":"publish","type":"product","link":"https:\/\/roveyayinevi.com.tr\/index.php\/urun\/felsefi-yontem-uzerine-bir-deneme\/","title":{"rendered":"Felsefi Y\u00f6ntem \u00dczerine Bir Deneme"},"content":{"rendered":"<p>Felsefi Y\u00f6ntem \u00dczerine Bir Deneme yirminci y\u00fczy\u0131l\u0131n en \u00f6nemli konular\u0131ndan biri olan \u00f6zne meselesi ve felsefi y\u00f6ntemin neli\u011fi \u00fczerine bir tart\u0131\u015fma y\u00fcr\u00fct\u00fcyor ve felsefenin neden do\u011fa bilimlerinden ayr\u0131 bir ara\u015ft\u0131rma alan\u0131 olmas\u0131 gerekti\u011fine dair bir soru\u015fturmay\u0131 i\u00e7eriyor. Do\u011fa Tasar\u0131m\u0131, Tarih Tasar\u0131m\u0131 ve Metafizik \u00dczerine Bir Deneme gibi eserlerinden tan\u0131d\u0131\u011f\u0131m\u0131z Collingwood bu denemesinde metafelsefeye katk\u0131lar\u0131n\u0131 sunuyor ve felsefenin konusunu do\u011fan\u0131n konusu haline getirmeye \u00e7al\u0131\u015fan yirminci y\u00fczy\u0131l\u0131n temel bir e\u011filiminin kar\u015f\u0131s\u0131na felsefenin \u00f6zerkli\u011fi arg\u00fcman\u0131n\u0131 yerle\u015ftiriyor; filozoflar\u0131n yapt\u0131\u011f\u0131, s\u00f6zgelimi ahlaktaki \u00f6dev ile fayda ayr\u0131m\u0131 gibi ayr\u0131mlar\u0131n empirik s\u0131n\u0131fland\u0131rmalar de\u011fil de semantik ayr\u0131mlar oldu\u011funu \u00f6ne s\u00fcr\u00fcyor.Felsefi ayr\u0131mlar\u0131n semantik ayr\u0131mlarla bu \u015fekilde tan\u0131mlanmas\u0131 felsefenin konusunun do\u011fal konulara indirgenmesine kar\u015f\u0131 bir arg\u00fcman olu\u015fturuyor ve t\u00fcm kavramlar\u0131n empirik kavramlar, t\u00fcm s\u0131n\u0131fland\u0131rmalar\u0131n da empirik s\u0131n\u0131fland\u0131rmalar olmad\u0131\u011f\u0131 belirtiliyor. Dolay\u0131s\u0131yla Collingwood\u2019un felsefenin neden kendine \u00f6zg\u00fc bir konuya ve i\u00e7eri\u011fe sahip oldu\u011fu y\u00f6n\u00fcndeki a\u00e7\u0131klamas\u0131 da radikal empirizme kar\u015f\u0131 a\u00e7\u0131k bir meydan okuma te\u015fkil ediyor.<\/p>\n","protected":false},"excerpt":{"rendered":"<p>Felsefi Y\u00f6ntem \u00dczerine Bir Deneme yirminci y\u00fczy\u0131l\u0131n en \u00f6nemli konular\u0131ndan biri olan \u00f6zne meselesi ve felsefi y\u00f6ntemin neli\u011fi \u00fczerine bir tart\u0131\u015fma y\u00fcr\u00fct\u00fcyor ve felsefenin neden do\u011fa<span class=\"excerpt-hellip\"> [\u2026]<\/span><\/p>\n","protected":false},"featured_media":0,"template":"","meta":{"_monsterinsights_skip_tracking":false,"_monsterinsights_sitenote_active":false,"_monsterinsights_sitenote_note":"","_monsterinsights_sitenote_category":0},"product_brand":[],"product_cat":[12389,12388],"product_tag":[],"class_list":{"0":"post-737021","1":"product","2":"type-product","3":"status-publish","5":"product_cat-diger-felsefe","6":"product_cat-felsefe","7":"pa_cilt-ciltsiz","8":"pa_tur-kitap","9":"pa_yayinevi-ayrinti-yayinlari","10":"pa_yazar-r-g-collingwood","12":"first","13":"instock","14":"sale","15":"shipping-taxable","16":"purchasable","17":"product-type-simple"},"_links":{"self":[{"href":"https:\/\/roveyayinevi.com.tr\/index.php\/wp-json\/wp\/v2\/product\/737021","targetHints":{"allow":["GET"]}}],"collection":[{"href":"https:\/\/roveyayinevi.com.tr\/index.php\/wp-json\/wp\/v2\/product"}],"about":[{"href":"https:\/\/roveyayinevi.com.tr\/index.php\/wp-json\/wp\/v2\/types\/product"}],"wp:attachment":[{"href":"https:\/\/roveyayinevi.com.tr\/index.php\/wp-json\/wp\/v2\/media?parent=737021"}],"wp:term":[{"taxonomy":"product_brand","embeddable":true,"href":"https:\/\/roveyayinevi.com.tr\/index.php\/wp-json\/wp\/v2\/product_brand?post=737021"},{"taxonomy":"product_cat","embeddable":true,"href":"https:\/\/roveyayinevi.com.tr\/index.php\/wp-json\/wp\/v2\/product_cat?post=737021"},{"taxonomy":"product_tag","embeddable":true,"href":"https:\/\/roveyayinevi.com.tr\/index.php\/wp-json\/wp\/v2\/product_tag?post=737021"}],"curies":[{"name":"wp","href":"https:\/\/api.w.org\/{rel}","templated":true}]}}