{"id":737009,"date":"2025-08-27T23:19:28","date_gmt":"2025-08-27T20:19:28","guid":{"rendered":"https:\/\/roveyayinevi.com.tr\/index.php\/urun\/almanlar-neden-daha-iyi-yapiyor\/"},"modified":"2026-04-16T02:46:01","modified_gmt":"2026-04-15T23:46:01","slug":"almanlar-neden-daha-iyi-yapiyor","status":"publish","type":"product","link":"https:\/\/roveyayinevi.com.tr\/index.php\/urun\/almanlar-neden-daha-iyi-yapiyor\/","title":{"rendered":"Almanlar Neden Daha \u0130yi Yap\u0131yor"},"content":{"rendered":"<p>Herkesin akl\u0131ndaki b\u00fcy\u00fck soru: Almanlar neden daha iyi yap\u0131yor?   \u00d6nceki y\u00fczy\u0131l\u0131 iki b\u00fcy\u00fck yenilgi ve hatta b\u00f6l\u00fcnmeyle kapatmas\u0131na kar\u015f\u0131n t\u00fcm d\u00fcnyaya \u00f6rnek te\u015fkil edecek bir h\u0131z ve sa\u011flaml\u0131kla kendini yeniden var eden bu \u201cgizemli\u201d \u00fclkenin s\u0131rr\u0131 ne olabilir? Omuzlar\u0131nda ge\u00e7mi\u015fin b\u00fcy\u00fck y\u00fckleriyle bu yaral\u0131 toplum t\u00fcm d\u00fcnyada y\u00fckselen salg\u0131n, iklim krizi ve sava\u015f gibi muazzam tehlikeler kar\u015f\u0131s\u0131nda ne hissediyor ve \u00e7\u00f6z\u00fcm\u00fc nerede ar\u0131yor?   Almanlar Neden Daha \u0130yi Yap\u0131yor \u00e7okk\u00fclt\u00fcrl\u00fc yap\u0131s\u0131, umut vadeden startuplar\u0131, \u015fa\u015fk\u0131nl\u0131k yaratan i\u015f eti\u011fi ve kendine has \u00e7\u00f6z\u00fcmler \u00fcretme kapasitesiyle yirminci y\u00fczy\u0131l\u0131n en \u00e7alkant\u0131l\u0131 \u00fclkelerinden Almanya\u2019y\u0131 objektif, samimi ve adil bir de\u011ferlendirmeden ge\u00e7iriyor.   \u0130ngiliz gazeteci ve ara\u015ft\u0131rmac\u0131 John Kampfner Avrupa\u2019n\u0131n kalbindeki bu ba\u015far\u0131l\u0131 \u00fclkede herkesin merak etti\u011fi cevaplar\u0131n pe\u015fine d\u00fc\u015f\u00fcyor. Ya\u015famakta oldu\u011fumuz bu milliyet\u00e7ilik, ayd\u0131nlanma kar\u015f\u0131tl\u0131\u011f\u0131 ve korku \u00e7a\u011f\u0131nda Almanya\u2019n\u0131n d\u00fcnyaya kazand\u0131rabilece\u011fi daha neler olabilece\u011fini \u00f6\u011frenmeye \u00e7al\u0131\u015f\u0131yor.   \u201cD\u00fc\u015f\u00fcnceli, derinlemesine ve kusursuz bir tarafs\u0131zl\u0131kla haz\u0131rlanm\u0131\u015f bir kitap.\u201d \u2013The Times <\/p>\n","protected":false},"excerpt":{"rendered":"<p>Herkesin akl\u0131ndaki b\u00fcy\u00fck soru: Almanlar neden daha iyi yap\u0131yor? \u00d6nceki y\u00fczy\u0131l\u0131 iki b\u00fcy\u00fck yenilgi ve hatta b\u00f6l\u00fcnmeyle kapatmas\u0131na kar\u015f\u0131n t\u00fcm d\u00fcnyaya \u00f6rnek te\u015fkil edecek bir h\u0131z<span class=\"excerpt-hellip\"> [\u2026]<\/span><\/p>\n","protected":false},"featured_media":0,"template":"","meta":{"_monsterinsights_skip_tracking":false,"_monsterinsights_sitenote_active":false,"_monsterinsights_sitenote_note":"","_monsterinsights_sitenote_category":0},"product_brand":[],"product_cat":[12338,12337],"product_tag":[],"class_list":{"0":"post-737009","1":"product","2":"type-product","3":"status-publish","5":"product_cat-dunya-siyaseti-ve-politikasi","6":"product_cat-politika-siyaset","7":"pa_cilt-ciltsiz","8":"pa_tur-kitap","9":"pa_yayinevi-ithaki-yayinlari","10":"pa_yazar-john-kampfner","12":"first","13":"instock","14":"sale","15":"shipping-taxable","16":"purchasable","17":"product-type-simple"},"_links":{"self":[{"href":"https:\/\/roveyayinevi.com.tr\/index.php\/wp-json\/wp\/v2\/product\/737009","targetHints":{"allow":["GET"]}}],"collection":[{"href":"https:\/\/roveyayinevi.com.tr\/index.php\/wp-json\/wp\/v2\/product"}],"about":[{"href":"https:\/\/roveyayinevi.com.tr\/index.php\/wp-json\/wp\/v2\/types\/product"}],"wp:attachment":[{"href":"https:\/\/roveyayinevi.com.tr\/index.php\/wp-json\/wp\/v2\/media?parent=737009"}],"wp:term":[{"taxonomy":"product_brand","embeddable":true,"href":"https:\/\/roveyayinevi.com.tr\/index.php\/wp-json\/wp\/v2\/product_brand?post=737009"},{"taxonomy":"product_cat","embeddable":true,"href":"https:\/\/roveyayinevi.com.tr\/index.php\/wp-json\/wp\/v2\/product_cat?post=737009"},{"taxonomy":"product_tag","embeddable":true,"href":"https:\/\/roveyayinevi.com.tr\/index.php\/wp-json\/wp\/v2\/product_tag?post=737009"}],"curies":[{"name":"wp","href":"https:\/\/api.w.org\/{rel}","templated":true}]}}