{"id":736907,"date":"2025-08-27T23:17:39","date_gmt":"2025-08-27T20:17:39","guid":{"rendered":"https:\/\/roveyayinevi.com.tr\/index.php\/urun\/annemin-cantasi\/"},"modified":"2026-04-16T02:45:56","modified_gmt":"2026-04-15T23:45:56","slug":"annemin-cantasi","status":"publish","type":"product","link":"https:\/\/roveyayinevi.com.tr\/index.php\/urun\/annemin-cantasi\/","title":{"rendered":"Annemin \u00c7antas\u0131"},"content":{"rendered":"<p>G\u00fczel bir yaz g\u00fcn\u00fc. \u0130ki karde\u015f anneleriyle parka gidiyor. \u00c7ocuklar neye ihtiya\u00e7 duysalar \u00e7antadan \u00e7\u0131k\u0131veriyor. Acaba bu \u00e7anta s\u00fcper g\u00fc\u00e7lere mi sahip?   Sara \u015eahinkanat\u2019\u0131n yazd\u0131\u011f\u0131, Ay\u015fe \u0130nan\u2019\u0131n muhte\u015fem resimlerle hayat kazand\u0131rd\u0131\u011f\u0131 \u201cAnnemin \u00c7antas\u0131\u201d, her zaman alay ya da merak konusu olan bir konuya a\u00e7\u0131kl\u0131k getiriyor. Kad\u0131nlar\u0131n \u00e7antas\u0131nda neler var neler? B\u00f6yle bir kitap, iki duyarl\u0131 kad\u0131n\u0131n ortak \u00fcr\u00fcn\u00fc olunca, ortaya m\u00fcthi\u015f bir sonu\u00e7 \u00e7\u0131k\u0131yor. Aslolan \u00e7anta de\u011fil, \u00e7antalar\u0131nda ta\u015f\u0131d\u0131klar\u0131 \u201chayat\u201dla kad\u0131nlar \u00e7\u00fcnk\u00fc\u2026 <\/p>\n","protected":false},"excerpt":{"rendered":"<p>G\u00fczel bir yaz g\u00fcn\u00fc. \u0130ki karde\u015f anneleriyle parka gidiyor. \u00c7ocuklar neye ihtiya\u00e7 duysalar \u00e7antadan \u00e7\u0131k\u0131veriyor. Acaba bu \u00e7anta s\u00fcper g\u00fc\u00e7lere mi sahip? Sara \u015eahinkanat\u2019\u0131n yazd\u0131\u011f\u0131, Ay\u015fe<span class=\"excerpt-hellip\"> [\u2026]<\/span><\/p>\n","protected":false},"featured_media":0,"template":"","meta":{"_monsterinsights_skip_tracking":false,"_monsterinsights_sitenote_active":false,"_monsterinsights_sitenote_note":"","_monsterinsights_sitenote_category":0},"product_brand":[],"product_cat":[12913,12274],"product_tag":[],"class_list":{"0":"post-736907","1":"product","2":"type-product","3":"status-publish","5":"product_cat-3-6-yas-kitaplari","6":"product_cat-cocuk-ve-genclik-kitaplari","7":"pa_cilt-ciltsiz","8":"pa_tur-kitap","9":"pa_yayinevi-yapi-kredi-yayinlari","10":"pa_yazar-sara-sahinkanat","12":"first","13":"instock","14":"sale","15":"shipping-taxable","16":"purchasable","17":"product-type-simple"},"_links":{"self":[{"href":"https:\/\/roveyayinevi.com.tr\/index.php\/wp-json\/wp\/v2\/product\/736907","targetHints":{"allow":["GET"]}}],"collection":[{"href":"https:\/\/roveyayinevi.com.tr\/index.php\/wp-json\/wp\/v2\/product"}],"about":[{"href":"https:\/\/roveyayinevi.com.tr\/index.php\/wp-json\/wp\/v2\/types\/product"}],"wp:attachment":[{"href":"https:\/\/roveyayinevi.com.tr\/index.php\/wp-json\/wp\/v2\/media?parent=736907"}],"wp:term":[{"taxonomy":"product_brand","embeddable":true,"href":"https:\/\/roveyayinevi.com.tr\/index.php\/wp-json\/wp\/v2\/product_brand?post=736907"},{"taxonomy":"product_cat","embeddable":true,"href":"https:\/\/roveyayinevi.com.tr\/index.php\/wp-json\/wp\/v2\/product_cat?post=736907"},{"taxonomy":"product_tag","embeddable":true,"href":"https:\/\/roveyayinevi.com.tr\/index.php\/wp-json\/wp\/v2\/product_tag?post=736907"}],"curies":[{"name":"wp","href":"https:\/\/api.w.org\/{rel}","templated":true}]}}