{"id":736851,"date":"2025-08-27T23:16:39","date_gmt":"2025-08-27T20:16:39","guid":{"rendered":"https:\/\/roveyayinevi.com.tr\/index.php\/urun\/karadeniz-kiyi-kentleri-tarihi\/"},"modified":"2025-09-18T01:40:02","modified_gmt":"2025-09-17T22:40:02","slug":"karadeniz-kiyi-kentleri-tarihi","status":"publish","type":"product","link":"https:\/\/roveyayinevi.com.tr\/index.php\/urun\/karadeniz-kiyi-kentleri-tarihi\/","title":{"rendered":"Karadeniz K\u0131y\u0131 Kentleri Tarihi"},"content":{"rendered":"<p>Klasik d\u00f6nem Osmanl\u0131 tarihi ba\u015fta olmak \u00fczere bir\u00e7ok \u00f6nemli ara\u015ft\u0131rma ve \u00e7al\u0131\u015fmaya imza atan Prof. Dr. Feridun M. Emecen\u2019in Karadeniz k\u0131y\u0131lar\u0131n\u0131 konu edinen yaz\u0131lar\u0131, b\u00fcy\u00fck bir titizlikle haz\u0131rlanan bu eserinde bir araya geliyor. \u0130lk \u00c7a\u011f\u2019dan bu yana tarih sahnesinde \u00f6nemli bir yeri olan Karadeniz co\u011frafyas\u0131na odaklanan bu kitap, tarih\u00ee s\u00fcre\u00e7 i\u00e7erisinde Karadeniz k\u0131y\u0131 kentlerinin nas\u0131l bir sosyal, k\u00fclt\u00fcrel ve ekonomik geli\u015fim izledi\u011fini ele al\u0131yor. Antik d\u00f6nemde \u201cMisafirperver Deniz\u201d (Euxinus) diye an\u0131lan Karadeniz\u2019in \u00f6zellikle Anadolu k\u0131y\u0131lar\u0131 \u00fczerindeki kentle\u015fme tarihini anlatan Karadeniz K\u0131y\u0131 Kentleri Tarihi akademik bir \u00e7al\u0131\u015fma olman\u0131n \u00f6tesinde, \u00fclkemizin tarihine merak\u0131 olan herkesin ba\u015f vurabilece\u011fi bir k\u0131lavuz niteli\u011finde.<\/p>\n","protected":false},"excerpt":{"rendered":"<p>Klasik d\u00f6nem Osmanl\u0131 tarihi ba\u015fta olmak \u00fczere bir\u00e7ok \u00f6nemli ara\u015ft\u0131rma ve \u00e7al\u0131\u015fmaya imza atan Prof. Dr. Feridun M. Emecen\u2019in Karadeniz k\u0131y\u0131lar\u0131n\u0131 konu edinen yaz\u0131lar\u0131, b\u00fcy\u00fck bir<span class=\"excerpt-hellip\"> [\u2026]<\/span><\/p>\n","protected":false},"featured_media":0,"template":"","meta":{"_monsterinsights_skip_tracking":false,"_monsterinsights_sitenote_active":false,"_monsterinsights_sitenote_note":"","_monsterinsights_sitenote_category":0},"product_brand":[],"product_cat":[13517,12304],"product_tag":[],"class_list":{"0":"post-736851","1":"product","2":"type-product","3":"status-publish","5":"product_cat-osmanli-tarihi","6":"product_cat-tarih","7":"pa_cilt-ciltsiz","8":"pa_tur-kitap","9":"pa_yayinevi-turkuvaz-kitap","10":"pa_yazar-feridun-m-emecen","12":"first","13":"instock","14":"sale","15":"shipping-taxable","16":"purchasable","17":"product-type-simple"},"_links":{"self":[{"href":"https:\/\/roveyayinevi.com.tr\/index.php\/wp-json\/wp\/v2\/product\/736851","targetHints":{"allow":["GET"]}}],"collection":[{"href":"https:\/\/roveyayinevi.com.tr\/index.php\/wp-json\/wp\/v2\/product"}],"about":[{"href":"https:\/\/roveyayinevi.com.tr\/index.php\/wp-json\/wp\/v2\/types\/product"}],"wp:attachment":[{"href":"https:\/\/roveyayinevi.com.tr\/index.php\/wp-json\/wp\/v2\/media?parent=736851"}],"wp:term":[{"taxonomy":"product_brand","embeddable":true,"href":"https:\/\/roveyayinevi.com.tr\/index.php\/wp-json\/wp\/v2\/product_brand?post=736851"},{"taxonomy":"product_cat","embeddable":true,"href":"https:\/\/roveyayinevi.com.tr\/index.php\/wp-json\/wp\/v2\/product_cat?post=736851"},{"taxonomy":"product_tag","embeddable":true,"href":"https:\/\/roveyayinevi.com.tr\/index.php\/wp-json\/wp\/v2\/product_tag?post=736851"}],"curies":[{"name":"wp","href":"https:\/\/api.w.org\/{rel}","templated":true}]}}