{"id":736793,"date":"2025-08-27T23:15:06","date_gmt":"2025-08-27T20:15:06","guid":{"rendered":"https:\/\/roveyayinevi.com.tr\/index.php\/urun\/ayrinti-dergi-kis-2022-39-sayi\/"},"modified":"2026-04-16T02:45:50","modified_gmt":"2026-04-15T23:45:50","slug":"ayrinti-dergi-kis-2022-39-sayi","status":"publish","type":"product","link":"https:\/\/roveyayinevi.com.tr\/index.php\/urun\/ayrinti-dergi-kis-2022-39-sayi\/","title":{"rendered":"Ayr\u0131nt\u0131 Dergi K\u0131\u015f 2022 39. Say\u0131"},"content":{"rendered":"<p>T\u00fcrkiye\u2019de polis g\u00fcc\u00fcn\u00fcn \u00f6zellikle \u015fiddet, i\u015fkence ve \u00f6ld\u00fcrme eylemleriyle yeniden s\u0131k\u00e7a kendini g\u00f6sterdi\u011fi bir d\u00f6nemdeyiz. D\u00fcnyada da bu e\u011filimin artt\u0131\u011f\u0131na tan\u0131kl\u0131k ediyoruz. Neoliberal kapitalist kurumlar s\u0131k\u0131\u015ft\u0131k\u00e7a ve kurumsal yap\u0131lar \u00e7at\u0131rdamaya ba\u015flad\u0131k\u00e7a siyasal zor, daha yayg\u0131n ve yo\u011fun bi\u00e7imde egemenlik ili\u015fkileri i\u00e7inde yeniden kuruluyor. \u0130\u015fkence vakalar\u0131ndaki art\u0131\u015f, z\u0131rhl\u0131 ara\u00e7lar\u0131n \u00e7arpmas\u0131yla ya da polisin dur ihtar\u0131na uymad\u0131\u011f\u0131 i\u00e7in \u00f6ld\u00fcr\u00fclen insanlar uzun s\u00fcredir istisna olmaktan \u00e7\u0131kt\u0131 Ayr\u0131nt\u0131 Dergi\u2019nin bu say\u0131s\u0131nda polis erki dosyas\u0131 ile \u00e7\u0131k\u0131yoruz. Din\u00e7er Demirkent\u2019in edit\u00f6rl\u00fc\u011f\u00fcn\u00fc \u00fcstlendi\u011fi, Deniz T\u00fcrker\u2019in b\u00fcy\u00fck katk\u0131 verdi\u011fi dosya kapsam\u0131nda ilk olarak, bundan 20 y\u0131l \u00f6nce &#8220;Polis Erkinin Ele\u015ftirel Teorisi&#8221; alt ba\u015fl\u0131\u011f\u0131yla yay\u0131nlanan Toplumsal D\u00fczenin \u0130n\u015fas\u0131 adl\u0131 kitab\u0131n\u0131n yeni bask\u0131s\u0131 vesilesiyle yeniden g\u00f6zden ge\u00e7irme f\u0131rsat\u0131 buldu\u011fu fikirler \u0131\u015f\u0131\u011f\u0131nda, kapitalist toplumsal ili\u015fkilerin kurulmas\u0131nda ve korunmas\u0131nda polis erkinin rol\u00fc ve \u00f6nemini Mark Neocleous&#8217;un kaleminden okuyaca\u011f\u0131z. <\/p>\n","protected":false},"excerpt":{"rendered":"<p>T\u00fcrkiye\u2019de polis g\u00fcc\u00fcn\u00fcn \u00f6zellikle \u015fiddet, i\u015fkence ve \u00f6ld\u00fcrme eylemleriyle yeniden s\u0131k\u00e7a kendini g\u00f6sterdi\u011fi bir d\u00f6nemdeyiz. D\u00fcnyada da bu e\u011filimin artt\u0131\u011f\u0131na tan\u0131kl\u0131k ediyoruz. Neoliberal kapitalist kurumlar s\u0131k\u0131\u015ft\u0131k\u00e7a<span class=\"excerpt-hellip\"> [\u2026]<\/span><\/p>\n","protected":false},"featured_media":0,"template":"","meta":{"_monsterinsights_skip_tracking":false,"_monsterinsights_sitenote_active":false,"_monsterinsights_sitenote_note":"","_monsterinsights_sitenote_category":0},"product_brand":[],"product_cat":[13527],"product_tag":[],"class_list":{"0":"post-736793","1":"product","2":"type-product","3":"status-publish","5":"product_cat-sureli-yayinlar","6":"pa_cilt-ciltsiz","7":"pa_tur-dergi","8":"pa_yayinevi-ayrinti-yayinlari","9":"pa_yazar-ayrinti-kolektif","11":"first","12":"instock","13":"sale","14":"shipping-taxable","15":"purchasable","16":"product-type-simple"},"_links":{"self":[{"href":"https:\/\/roveyayinevi.com.tr\/index.php\/wp-json\/wp\/v2\/product\/736793","targetHints":{"allow":["GET"]}}],"collection":[{"href":"https:\/\/roveyayinevi.com.tr\/index.php\/wp-json\/wp\/v2\/product"}],"about":[{"href":"https:\/\/roveyayinevi.com.tr\/index.php\/wp-json\/wp\/v2\/types\/product"}],"wp:attachment":[{"href":"https:\/\/roveyayinevi.com.tr\/index.php\/wp-json\/wp\/v2\/media?parent=736793"}],"wp:term":[{"taxonomy":"product_brand","embeddable":true,"href":"https:\/\/roveyayinevi.com.tr\/index.php\/wp-json\/wp\/v2\/product_brand?post=736793"},{"taxonomy":"product_cat","embeddable":true,"href":"https:\/\/roveyayinevi.com.tr\/index.php\/wp-json\/wp\/v2\/product_cat?post=736793"},{"taxonomy":"product_tag","embeddable":true,"href":"https:\/\/roveyayinevi.com.tr\/index.php\/wp-json\/wp\/v2\/product_tag?post=736793"}],"curies":[{"name":"wp","href":"https:\/\/api.w.org\/{rel}","templated":true}]}}