{"id":736733,"date":"2025-08-27T23:14:01","date_gmt":"2025-08-27T20:14:01","guid":{"rendered":"https:\/\/roveyayinevi.com.tr\/index.php\/urun\/robert-kolej-dunyanin-tam-orta-yerinde\/"},"modified":"2026-04-16T02:45:47","modified_gmt":"2026-04-15T23:45:47","slug":"robert-kolej-dunyanin-tam-orta-yerinde","status":"publish","type":"product","link":"https:\/\/roveyayinevi.com.tr\/index.php\/urun\/robert-kolej-dunyanin-tam-orta-yerinde\/","title":{"rendered":"Robert Kolej &#8211; D\u00fcnyan\u0131n Tam Orta Yerinde"},"content":{"rendered":"<p>ROBERT KOLEJ\u2019\u0130N TAR\u0130H\u0130 SER\u00dcVEN\u0130 Robert Kolej nas\u0131l kuruldu? Kolej\u2019in y\u00f6netiminde hangi \u00f6nemli isimler yer ald\u0131? I. D\u00fcnya Sava\u015f\u0131\u2019nda, Mill\u00ee M\u00fccadele y\u0131llar\u0131nda ve Cumhuriyet devrinde Kolej\u2019de nas\u0131l bir atmosfer vard\u0131? Lozan Konferans\u0131\u2019nda yer alan Kolejliler kimlerdi? Kolej\u2019in \u00fcnl\u00fc mezunlar\u0131 ve unutulmaz e\u011fitmenleri kimlerdi? Robert Kolej, Amerikan K\u0131z Koleji, Amiral Bristol Hem\u015fire Okulu ve Bo\u011fazi\u00e7i \u00dcniversitesi aras\u0131nda nas\u0131l bir miras ortakl\u0131\u011f\u0131 mevcut? Kolej\u2019i bug\u00fcne ta\u015f\u0131yan gelenekler nelerdi? Kolej hangi davetlerle, sergilerle g\u00fcndeme gelmi\u015fti? Kolej b\u00fcnyesine de ne gibi \u00f6\u011frenci etkinlikleri tertip edilmi\u015fti? Olimpiyatlarda Osmanl\u0131 Devleti ad\u0131na yar\u0131\u015fan Kolejliler kimlerdi? Osmanl\u0131 ve Cumhuriyet d\u00f6neminde devlet adamlar\u0131n\u0131n okula bak\u0131\u015f\u0131 nas\u0131ld\u0131? Edebiyat alan\u0131nda Orhan Pamuk\u2019u, Halide Edip Ad\u0131var\u2019\u0131, \u00dclk\u00fc Tamer\u2019i, Talat Halman\u2019\u0131, Ay\u015fe Kulin\u2019i, Perihan Ma\u011fden\u2019i, tiyatro sahas\u0131nda Haldun Dormen\u2019i, Genco Erkal\u2019\u0131, Engin Cezzar\u2019\u0131, Nevra Serezlio\u011flu\u2019nu, \u015eirin Devrim\u2019i yeti\u015ftiren okulda nas\u0131l bir k\u00fclt\u00fcrel ortam vard\u0131?5\u2019i \u0130stanbul konulu olmak \u00fczere tarih alan\u0131nda merakl\u0131lara 13 eser sunan \u00d6nder Kaya, elinizdeki \u00e7al\u0131\u015fmada t\u00fcm bu sorular\u0131 cevaplarken ayn\u0131 zamanda Robert Kolej\u2019in g\u00fcn\u00fcm\u00fczde bir\u00e7ok e\u011fitim kurumu i\u00e7in nas\u0131l bir ilham kayna\u011f\u0131na d\u00f6n\u00fc\u015ft\u00fc\u011f\u00fcn\u00fc anlat\u0131yor. \u00d6zellikle 1997-98 y\u0131l\u0131ndan itibaren ge\u00e7ilen sekiz y\u0131ll\u0131k zorunlu e\u011fitim modeli, Robert Kolej\u2019in d\u00f6n\u00fcm noktalar\u0131ndan birini olu\u015fturuyor. \u00c7\u00fcnk\u00fc bu d\u00f6nemden itibaren orta k\u0131s\u0131m kapan\u0131yor ve okul yaln\u0131zca lise e\u011fitimi veren bir yap\u0131 kazan\u0131yor. Bu \u00e7al\u0131\u015fman\u0131n kaleme al\u0131nd\u0131\u011f\u0131 d\u00f6nemde Robert Kolej, \u00f6zel okullar aras\u0131nda en y\u00fcksek puanla \u00f6\u011frenci alan kurum olma \u00f6zelli\u011fini korurken; yeti\u015ftirdi\u011fi \u00f6\u011frencileri ve donan\u0131ml\u0131 \u00f6\u011fretmenleriyle dikkatleri \u00e7ekmeye devam ediyor.\u201cRobert Kolej\u201d, \u00fclkemizin e\u011fitim tarihinde \u00e7ok \u00f6zel bir yeri olan bu se\u00e7kin okulun tarihi ser\u00fcvenini bir belgesel titizli\u011finde ve roman tad\u0131nda ortaya koyuyor.<\/p>\n","protected":false},"excerpt":{"rendered":"<p>ROBERT KOLEJ\u2019\u0130N TAR\u0130H\u0130 SER\u00dcVEN\u0130 Robert Kolej nas\u0131l kuruldu? Kolej\u2019in y\u00f6netiminde hangi \u00f6nemli isimler yer ald\u0131? I. D\u00fcnya Sava\u015f\u0131\u2019nda, Mill\u00ee M\u00fccadele y\u0131llar\u0131nda ve Cumhuriyet devrinde Kolej\u2019de nas\u0131l<span class=\"excerpt-hellip\"> [\u2026]<\/span><\/p>\n","protected":false},"featured_media":0,"template":"","meta":{"_monsterinsights_skip_tracking":false,"_monsterinsights_sitenote_active":false,"_monsterinsights_sitenote_note":"","_monsterinsights_sitenote_category":0},"product_brand":[],"product_cat":[12304,13493],"product_tag":[],"class_list":{"0":"post-736733","1":"product","2":"type-product","3":"status-publish","5":"product_cat-tarih","6":"product_cat-turkiye-ve-cumhuriyet-tarihi","7":"pa_cilt-ciltsiz","8":"pa_tur-kitap","9":"pa_yayinevi-kronik-kitap","10":"pa_yazar-onder-kaya","12":"first","13":"instock","14":"sale","15":"shipping-taxable","16":"purchasable","17":"product-type-simple"},"_links":{"self":[{"href":"https:\/\/roveyayinevi.com.tr\/index.php\/wp-json\/wp\/v2\/product\/736733","targetHints":{"allow":["GET"]}}],"collection":[{"href":"https:\/\/roveyayinevi.com.tr\/index.php\/wp-json\/wp\/v2\/product"}],"about":[{"href":"https:\/\/roveyayinevi.com.tr\/index.php\/wp-json\/wp\/v2\/types\/product"}],"wp:attachment":[{"href":"https:\/\/roveyayinevi.com.tr\/index.php\/wp-json\/wp\/v2\/media?parent=736733"}],"wp:term":[{"taxonomy":"product_brand","embeddable":true,"href":"https:\/\/roveyayinevi.com.tr\/index.php\/wp-json\/wp\/v2\/product_brand?post=736733"},{"taxonomy":"product_cat","embeddable":true,"href":"https:\/\/roveyayinevi.com.tr\/index.php\/wp-json\/wp\/v2\/product_cat?post=736733"},{"taxonomy":"product_tag","embeddable":true,"href":"https:\/\/roveyayinevi.com.tr\/index.php\/wp-json\/wp\/v2\/product_tag?post=736733"}],"curies":[{"name":"wp","href":"https:\/\/api.w.org\/{rel}","templated":true}]}}