{"id":736686,"date":"2025-08-27T23:13:10","date_gmt":"2025-08-27T20:13:10","guid":{"rendered":"https:\/\/roveyayinevi.com.tr\/index.php\/urun\/heybe-sosyal-hizmet-ve-sosyal-politika-dergisi-sayi-1-haziran-2021\/"},"modified":"2026-04-16T02:45:45","modified_gmt":"2026-04-15T23:45:45","slug":"heybe-sosyal-hizmet-ve-sosyal-politika-dergisi-sayi-1-haziran-2021","status":"publish","type":"product","link":"https:\/\/roveyayinevi.com.tr\/index.php\/urun\/heybe-sosyal-hizmet-ve-sosyal-politika-dergisi-sayi-1-haziran-2021\/","title":{"rendered":"Heybe Sosyal Hizmet ve Sosyal Politika Dergisi Say\u0131 1 &#8211; Haziran 2021"},"content":{"rendered":"<p>Heybe\u2019den herkese merhaba, Sosyal hizmet(ler) ve sosyal politikalara ili\u015fkin g\u00fcncel tart\u0131\u015fmalar\u0131 bilimsel ve etik bir zeminde sorgulamay\u0131, toplumsal alan\u0131n g\u00fcncel ve \u201cger\u00e7ek\u201d sorunlar\u0131n\u0131 farkl\u0131 ba\u011flamlarda g\u00fcndemle\u015ftirmeyi, anlamay\u0131, birlikte d\u00fc\u015f\u00fcnmeyi, payla\u015fmay\u0131, anlamay\u0131, ama\u00e7layan Heybe\u2019nin \u201cCovid 19 Pandemisi, Neoliberal Politikalar ve Sosyal Hizmet\u201d temal\u0131 ilk say\u0131s\u0131 yay\u0131mland\u0131! D\u00fcnyada plans\u0131z, e\u015fitsiz b\u00fcy\u00fcmeye dayal\u0131 ekonomik sistem ve g\u00fc\u00e7lenen demokrasi kar\u015f\u0131t\u0131 cephenin bizleri getirdi\u011fi noktada, hemen her \u00fclkede politik kutupla\u015fman\u0131n artt\u0131\u011f\u0131, s\u0131n\u0131fsal farkl\u0131l\u0131klar\u0131n daha da belirginle\u015fti\u011fi g\u00fcnleri ya\u015f\u0131yoruz. S\u00fcregelen ekonomik sistemin ekolojik sistem \u00fczerinde yaratt\u0131\u011f\u0131 tahribat, k\u00fcresel d\u00fczeyde toplum sa\u011fl\u0131\u011f\u0131n\u0131 etkileyecek bir boyuta ula\u015ft\u0131. Bilim d\u0131\u015f\u0131 tart\u0131\u015fma ve kabullerin giderek yayg\u0131nla\u015fmas\u0131yla toplumsal ger\u00e7ekliklerin tart\u0131\u015f\u0131lmas\u0131, g\u00fcn ge\u00e7tik\u00e7e zorla\u015f\u0131yor. Bununla birlikte sosyal politika ve sosyal hizmetler salt bir sosyal kontrol arac\u0131 haline getiriliyor ve baz\u0131 \u00fclke \u00f6rneklerinde oldu\u011fu gibi insan\u0131n \u00f6zg\u00fcrle\u015fmesi i\u00e7in bir ara\u00e7 olmaktan \u00e7ok bask\u0131n ideolojinin bir ayg\u0131t\u0131na d\u00f6n\u00fc\u015f\u00fcyor. Hal b\u00f6yleyken sosyal hizmet(ler) ve sosyal politikay\u0131 dert edinen -\u015fimdilik k\u00fc\u00e7\u00fck- bir ekip ile d\u00fc\u015f\u00fcnmeye ve konu\u015fmaya ba\u015flad\u0131k ve dedik ki; sosyal hizmet ve sosyal politika alanlar\u0131nda neyin neden yap\u0131ld\u0131\u011f\u0131 ve yap\u0131lmas\u0131 gerekti\u011fine dair temellendirmeleri g\u00f6zden ge\u00e7irerek bilimsel ve etik bir zeminde sorgulamaya, \u2022 tahakk\u00fcm ili\u015fkilerini ve sonu\u00e7lar\u0131n\u0131 evrensel ve yerel \u00f6l\u00e7ekte g\u00f6r\u00fcn\u00fcr k\u0131lmaya, \u2022 toplumsal alan\u0131n g\u00fcncel ve \u201cger\u00e7ek\u201d sorunlar\u0131n\u0131 farkl\u0131 ba\u011flamlarda g\u00fcndemle\u015ftirmeye, anlamaya, \u2022 ezber bozmaya, umudu tazelemeye, de\u011fi\u015fime, d\u00f6n\u00fc\u015fmeye ve g\u00fc\u00e7lenmeye, \u2022 birlikte d\u00fc\u015f\u00fcnmeye, payla\u015fmaya ve dayan\u0131\u015fmaya, \u2022 bir arada ya\u015fam\u0131 m\u00fcmk\u00fcn k\u0131lmaya y\u00f6nelik \u00e7abalara katk\u0131da bulunmaya ihtiyac\u0131m\u0131z var! <\/p>\n","protected":false},"excerpt":{"rendered":"<p>Heybe\u2019den herkese merhaba, Sosyal hizmet(ler) ve sosyal politikalara ili\u015fkin g\u00fcncel tart\u0131\u015fmalar\u0131 bilimsel ve etik bir zeminde sorgulamay\u0131, toplumsal alan\u0131n g\u00fcncel ve \u201cger\u00e7ek\u201d sorunlar\u0131n\u0131 farkl\u0131 ba\u011flamlarda g\u00fcndemle\u015ftirmeyi,<span class=\"excerpt-hellip\"> [\u2026]<\/span><\/p>\n","protected":false},"featured_media":0,"template":"","meta":{"_monsterinsights_skip_tracking":false,"_monsterinsights_sitenote_active":false,"_monsterinsights_sitenote_note":"","_monsterinsights_sitenote_category":0},"product_brand":[],"product_cat":[13527],"product_tag":[],"class_list":{"0":"post-736686","1":"product","2":"type-product","3":"status-publish","5":"product_cat-sureli-yayinlar","6":"pa_cilt-ciltsiz","7":"pa_tur-dergi","8":"pa_yayinevi-nika-yayinevi","9":"pa_yazar-nika-yayinevi-kolektif","11":"first","12":"instock","13":"sale","14":"shipping-taxable","15":"purchasable","16":"product-type-simple"},"_links":{"self":[{"href":"https:\/\/roveyayinevi.com.tr\/index.php\/wp-json\/wp\/v2\/product\/736686","targetHints":{"allow":["GET"]}}],"collection":[{"href":"https:\/\/roveyayinevi.com.tr\/index.php\/wp-json\/wp\/v2\/product"}],"about":[{"href":"https:\/\/roveyayinevi.com.tr\/index.php\/wp-json\/wp\/v2\/types\/product"}],"wp:attachment":[{"href":"https:\/\/roveyayinevi.com.tr\/index.php\/wp-json\/wp\/v2\/media?parent=736686"}],"wp:term":[{"taxonomy":"product_brand","embeddable":true,"href":"https:\/\/roveyayinevi.com.tr\/index.php\/wp-json\/wp\/v2\/product_brand?post=736686"},{"taxonomy":"product_cat","embeddable":true,"href":"https:\/\/roveyayinevi.com.tr\/index.php\/wp-json\/wp\/v2\/product_cat?post=736686"},{"taxonomy":"product_tag","embeddable":true,"href":"https:\/\/roveyayinevi.com.tr\/index.php\/wp-json\/wp\/v2\/product_tag?post=736686"}],"curies":[{"name":"wp","href":"https:\/\/api.w.org\/{rel}","templated":true}]}}