{"id":736641,"date":"2025-08-27T23:12:17","date_gmt":"2025-08-27T20:12:17","guid":{"rendered":"https:\/\/roveyayinevi.com.tr\/index.php\/urun\/ben-halkim\/"},"modified":"2026-04-16T02:45:43","modified_gmt":"2026-04-15T23:45:43","slug":"ben-halkim","status":"publish","type":"product","link":"https:\/\/roveyayinevi.com.tr\/index.php\/urun\/ben-halkim\/","title":{"rendered":"Ben Halk\u0131m"},"content":{"rendered":"<p>Pop\u00fclist hareketler son zamanlarda d\u00fcnyadaki hemen hemen her demokraside ortaya \u00e7\u0131kt\u0131. Yine de bu y\u0131k\u0131c\u0131 siyasi fenomeni kavray\u0131\u015f\u0131m\u0131z ne yaz\u0131k ki yetersiz kal\u0131yor. Bir yandan politikac\u0131lar halk\u0131n \u00e7\u0131karlar\u0131na hitap etmeye \u00e7al\u0131\u015f\u0131yor, \u00f6te yandan muhalefet partileri mevcut d\u00fczene kar\u015f\u0131 kampanya y\u00fcr\u00fct\u00fcyor. O halde pop\u00fclizmi s\u0131radan demokratik siyasetten ay\u0131ran nedir? Ve onun y\u00fckseli\u015fiyle neden ilgileniyoruz? Ben Halk\u0131m\u2019da Nadia Urbinati, pop\u00fclizmin, lider ile liderin &#8220;iyi&#8221; ya da &#8220;do\u011fru&#8221; insanlar olarak tan\u0131mlad\u0131\u011f\u0131 ki\u015filer aras\u0131ndaki do\u011frudan ili\u015fkiye dayanan yeni bir temsil\u00ee h\u00fck\u00fcmet bi\u00e7imi olarak g\u00f6r\u00fclmesi gerekti\u011fini savunuyor. Pop\u00fclist liderler, s\u0131radan \u00e7o\u011funlu\u011fun \u00e7\u0131karlar\u0131na ihanet etmekle su\u00e7lad\u0131klar\u0131 arac\u0131lara \u2013\u00f6zellikle siyasi partilere ve ba\u011f\u0131ms\u0131z medyaya\u2013 ihtiya\u00e7 duymadan halkla ve halk ad\u0131na konu\u015ftuklar\u0131n\u0131 iddia ediyorlar. Ancak Urbinati \u00f6nemli bir noktaya dikkat \u00e7ekiyor: Pop\u00fclist h\u00fck\u00fcmetler diktat\u00f6r ya da fa\u015fist rejimlerden \u00f6nemli \u00f6l\u00e7\u00fcde ayr\u0131lsalar da, gerek liderin iradesine ba\u011f\u0131ml\u0131 olmalar\u0131 gerekse \u201ciyi\u201d ya da \u201cdo\u011fru\u201d olarak kabul edilmeyen insanlar\u0131n \u00e7\u0131karlar\u0131n\u0131 d\u0131\u015flama istekleri anayasal demokrasiyi \u00e7\u00f6kerterek otoriterli\u011fe giden yolu a\u00e7\u0131yor. Teorik analizleri, siyasi d\u00fc\u015f\u00fcnce tarihini ve g\u00fcncel olaylar\u0131 bir araya getiren Ben Halk\u0131m, pop\u00fclizmi ve onun demokrasiyle olan ili\u015fkisini \u00f6zg\u00fcn ve ayd\u0131nlat\u0131c\u0131 bir bi\u00e7imde irdeliyor.<\/p>\n","protected":false},"excerpt":{"rendered":"<p>Pop\u00fclist hareketler son zamanlarda d\u00fcnyadaki hemen hemen her demokraside ortaya \u00e7\u0131kt\u0131. Yine de bu y\u0131k\u0131c\u0131 siyasi fenomeni kavray\u0131\u015f\u0131m\u0131z ne yaz\u0131k ki yetersiz kal\u0131yor. Bir yandan politikac\u0131lar<span class=\"excerpt-hellip\"> [\u2026]<\/span><\/p>\n","protected":false},"featured_media":0,"template":"","meta":{"_monsterinsights_skip_tracking":false,"_monsterinsights_sitenote_active":false,"_monsterinsights_sitenote_note":"","_monsterinsights_sitenote_category":0},"product_brand":[],"product_cat":[12337,14706],"product_tag":[],"class_list":{"0":"post-736641","1":"product","2":"type-product","3":"status-publish","5":"product_cat-politika-siyaset","6":"product_cat-siyaset-bilimi","7":"pa_cilt-ciltsiz","8":"pa_tur-kitap","9":"pa_yayinevi-tellekt","10":"pa_yazar-nadia-urbinati","12":"first","13":"instock","14":"sale","15":"shipping-taxable","16":"purchasable","17":"product-type-simple"},"_links":{"self":[{"href":"https:\/\/roveyayinevi.com.tr\/index.php\/wp-json\/wp\/v2\/product\/736641","targetHints":{"allow":["GET"]}}],"collection":[{"href":"https:\/\/roveyayinevi.com.tr\/index.php\/wp-json\/wp\/v2\/product"}],"about":[{"href":"https:\/\/roveyayinevi.com.tr\/index.php\/wp-json\/wp\/v2\/types\/product"}],"wp:attachment":[{"href":"https:\/\/roveyayinevi.com.tr\/index.php\/wp-json\/wp\/v2\/media?parent=736641"}],"wp:term":[{"taxonomy":"product_brand","embeddable":true,"href":"https:\/\/roveyayinevi.com.tr\/index.php\/wp-json\/wp\/v2\/product_brand?post=736641"},{"taxonomy":"product_cat","embeddable":true,"href":"https:\/\/roveyayinevi.com.tr\/index.php\/wp-json\/wp\/v2\/product_cat?post=736641"},{"taxonomy":"product_tag","embeddable":true,"href":"https:\/\/roveyayinevi.com.tr\/index.php\/wp-json\/wp\/v2\/product_tag?post=736641"}],"curies":[{"name":"wp","href":"https:\/\/api.w.org\/{rel}","templated":true}]}}