{"id":736520,"date":"2025-08-27T23:09:36","date_gmt":"2025-08-27T20:09:36","guid":{"rendered":"https:\/\/roveyayinevi.com.tr\/index.php\/urun\/ataturkun-mutfagi\/"},"modified":"2026-04-16T02:45:37","modified_gmt":"2026-04-15T23:45:37","slug":"ataturkun-mutfagi","status":"publish","type":"product","link":"https:\/\/roveyayinevi.com.tr\/index.php\/urun\/ataturkun-mutfagi\/","title":{"rendered":"Atat\u00fcrk\u2019\u00fcn Mutfa\u011f\u0131"},"content":{"rendered":"<p>Mustafa Kemal Atat\u00fcrk\u2019\u00fcn sofras\u0131nda yenenler, i\u00e7ilenler, mutfak harcamalar\u0131 ve personel masraflar\u0131   Atat\u00fcrk\u2019\u00fcn sofras\u0131 hakk\u0131nda \u015fimdiye kadar \u00e7ok \u015fey s\u00f6ylendi, makaleler ve ciltler dolusu kitaplar yaz\u0131ld\u0131 ama o sofraya gelen yemekler pek merak edilmedi, yemeklerin haz\u0131rland\u0131\u011f\u0131 mutfak ve mutfa\u011f\u0131n nas\u0131l i\u015fledi\u011fi ara\u015ft\u0131r\u0131lmad\u0131. Mustafa Kemal Pa\u015fa\u2019n\u0131n ya\u015fad\u0131\u011f\u0131 ve bazen uzun, bazen k\u0131sa m\u00fcddetlerle kald\u0131\u011f\u0131 yerlerin; yani \u00c7ankaya\u2019n\u0131n, Dolmabah\u00e7e Saray\u0131\u2019n\u0131n, Florya K\u00f6\u015fk\u00fc\u2019n\u00fcn ve di\u011fer mek\u00e2nlar\u0131n ortak \u00f6zellikleri birer bek\u00e2r evi olmalar\u0131yd\u0131. Atat\u00fcrk\u2019\u00fcn Mutfa\u011f\u0131\u2019nda devletin kurucusunun sofras\u0131na gelen yemeklerin haz\u0131rland\u0131\u011f\u0131 mutfa\u011f\u0131n kurulu\u015fu, sat\u0131n al\u0131nan mutfak \u00e2letleri, yemek tak\u0131mlar\u0131, a\u015f\u00e7\u0131lar, o devirde sofrac\u0131 denen garsonlar, yiyecekler, i\u00e7ecekler ve Atat\u00fcrk\u2019\u00fcn husus\u00ee hesab\u0131ndan kar\u015f\u0131lad\u0131\u011f\u0131 yeme-i\u00e7me masraflar\u0131 belgelere dayan\u0131larak anlat\u0131lmaktad\u0131r. Kitapta kullan\u0131lan belgeler \u015fimdi Cumhurba\u015fkanl\u0131\u011f\u0131 Ar\u015fivi\u2019ndedir ve 1921\u2019den, yani Mustafa Kemal Pa\u015fa\u2019n\u0131n \u00c7ankaya K\u00f6\u015fk\u00fc\u2019ne yerle\u015fmesinden itibaren yap\u0131lan b\u00fct\u00fcn harcamalar\u0131n evrak\u0131 m\u00fckemmel \u015fekilde muhafaza edilmi\u015ftir. <\/p>\n","protected":false},"excerpt":{"rendered":"<p>Mustafa Kemal Atat\u00fcrk\u2019\u00fcn sofras\u0131nda yenenler, i\u00e7ilenler, mutfak harcamalar\u0131 ve personel masraflar\u0131 Atat\u00fcrk\u2019\u00fcn sofras\u0131 hakk\u0131nda \u015fimdiye kadar \u00e7ok \u015fey s\u00f6ylendi, makaleler ve ciltler dolusu kitaplar yaz\u0131ld\u0131 ama<span class=\"excerpt-hellip\"> [\u2026]<\/span><\/p>\n","protected":false},"featured_media":0,"template":"","meta":{"_monsterinsights_skip_tracking":false,"_monsterinsights_sitenote_active":false,"_monsterinsights_sitenote_note":"","_monsterinsights_sitenote_category":0},"product_brand":[],"product_cat":[12530,12304],"product_tag":[],"class_list":{"0":"post-736520","1":"product","2":"type-product","3":"status-publish","5":"product_cat-mustafa-kemal-ataturk","6":"product_cat-tarih","7":"pa_cilt-ciltsiz","8":"pa_tur-kitap","9":"pa_yayinevi-turkuvaz-kitap","10":"pa_yazar-murat-bardakci","12":"first","13":"instock","14":"sale","15":"shipping-taxable","16":"purchasable","17":"product-type-simple"},"_links":{"self":[{"href":"https:\/\/roveyayinevi.com.tr\/index.php\/wp-json\/wp\/v2\/product\/736520","targetHints":{"allow":["GET"]}}],"collection":[{"href":"https:\/\/roveyayinevi.com.tr\/index.php\/wp-json\/wp\/v2\/product"}],"about":[{"href":"https:\/\/roveyayinevi.com.tr\/index.php\/wp-json\/wp\/v2\/types\/product"}],"wp:attachment":[{"href":"https:\/\/roveyayinevi.com.tr\/index.php\/wp-json\/wp\/v2\/media?parent=736520"}],"wp:term":[{"taxonomy":"product_brand","embeddable":true,"href":"https:\/\/roveyayinevi.com.tr\/index.php\/wp-json\/wp\/v2\/product_brand?post=736520"},{"taxonomy":"product_cat","embeddable":true,"href":"https:\/\/roveyayinevi.com.tr\/index.php\/wp-json\/wp\/v2\/product_cat?post=736520"},{"taxonomy":"product_tag","embeddable":true,"href":"https:\/\/roveyayinevi.com.tr\/index.php\/wp-json\/wp\/v2\/product_tag?post=736520"}],"curies":[{"name":"wp","href":"https:\/\/api.w.org\/{rel}","templated":true}]}}