{"id":736423,"date":"2025-08-27T23:07:19","date_gmt":"2025-08-27T20:07:19","guid":{"rendered":"https:\/\/roveyayinevi.com.tr\/index.php\/urun\/buyuk-madenci-yuruyusu\/"},"modified":"2026-04-16T02:45:02","modified_gmt":"2026-04-15T23:45:02","slug":"buyuk-madenci-yuruyusu","status":"publish","type":"product","link":"https:\/\/roveyayinevi.com.tr\/index.php\/urun\/buyuk-madenci-yuruyusu\/","title":{"rendered":"B\u00fcy\u00fck Madenci Y\u00fcr\u00fcy\u00fc\u015f\u00fc"},"content":{"rendered":"<p>Ak\u0131n Bakio\u011flu, T\u00fcrkiye i\u015f\u00e7i s\u0131n\u0131f\u0131 hareketinin tarihindeki \u015f\u00fcphesiz en \u201cb\u00fcy\u00fck\u201d olaylardan biri olan 1991 madenci grevini ve Ankara\u2019ya do\u011fru \u00e7\u0131k\u0131lan uzun y\u00fcr\u00fcy\u00fc\u015f\u00fc anlat\u0131yor. B\u00fcy\u00fck Madenci Y\u00fcr\u00fcy\u00fc\u015f\u00fc, trajik bir cephesi de olan bu b\u00fcy\u00fck direni\u015fi, i\u015f\u00e7i s\u0131n\u0131f\u0131n\u0131n kendini in\u015fa etme deneyiminin kurucu bir an\u0131 olarak resmediyor. Bu hik\u00e2yeyle \u00f6zde\u015fle\u015fen sendika \u00f6nderi \u015eemsi Denizer\u2019in portresiyle birlikte\u2026 Bir i\u015f\u00e7i havzas\u0131 olarak Zonguldak\u2019\u0131n emek tarihindeki yerini hat\u0131rlatan B\u00fcy\u00fck Madenci Y\u00fcr\u00fcy\u00fc\u015f\u00fc, ayn\u0131 zamanda bu b\u00fcy\u00fck grev ve y\u00fcr\u00fcy\u00fc\u015f\u00fcn Zonguldak\u2019ta b\u0131rakt\u0131\u011f\u0131 etkilerin izini s\u00fcr\u00fcyor. \u201cYazar\u2026 sendika taban\u0131nda 1991\u2019i \u00f6rg\u00fctleyenlerin, Zonguldak\u2019tan ba\u015flayan Ankara y\u00fcr\u00fcy\u00fc\u015f\u00fcne kat\u0131lanlar\u0131n sesine kulak vererek grevin ve y\u00fcr\u00fcy\u00fc\u015f\u00fcn arka plan\u0131n\u0131, hayat\u0131n i\u00e7inden bakarak anlayabilme, a\u00e7\u0131\u011fa \u00e7\u0131karabilme ve anlatabilme yolunu se\u00e7mi\u015f\u2026 Tabanda direni\u015f f\u0131s\u0131lt\u0131lar\u0131n\u0131 yayan ve ge\u00e7mi\u015fteki \u2018taban\u0131n sesi\u2019 hareketinin devam\u0131 say\u0131labilecek i\u015fyeri birim komitelerinin direni\u015fin \u00f6rg\u00fctlenmesindeki, Zonguldak sokaklar\u0131ndaki ilk y\u00fcr\u00fcy\u00fc\u015flerin, grevin, Ankara y\u00fcr\u00fcy\u00fc\u015f\u00fcn\u00fcn kotar\u0131lmas\u0131ndaki etkisi kitapta tan\u0131kl\u0131klara dayan\u0131larak ele al\u0131nm\u0131\u015f, anlat\u0131lm\u0131\u015ft\u0131r.\u201d CAN \u015eAFAK<\/p>\n","protected":false},"excerpt":{"rendered":"<p>Ak\u0131n Bakio\u011flu, T\u00fcrkiye i\u015f\u00e7i s\u0131n\u0131f\u0131 hareketinin tarihindeki \u015f\u00fcphesiz en \u201cb\u00fcy\u00fck\u201d olaylardan biri olan 1991 madenci grevini ve Ankara\u2019ya do\u011fru \u00e7\u0131k\u0131lan uzun y\u00fcr\u00fcy\u00fc\u015f\u00fc anlat\u0131yor. B\u00fcy\u00fck Madenci Y\u00fcr\u00fcy\u00fc\u015f\u00fc,<span class=\"excerpt-hellip\"> [\u2026]<\/span><\/p>\n","protected":false},"featured_media":0,"template":"","meta":{"_monsterinsights_skip_tracking":false,"_monsterinsights_sitenote_active":false,"_monsterinsights_sitenote_note":"","_monsterinsights_sitenote_category":0},"product_brand":[],"product_cat":[12370,12304],"product_tag":[],"class_list":{"0":"post-736423","1":"product","2":"type-product","3":"status-publish","5":"product_cat-arastirma-inceleme","6":"product_cat-tarih","7":"pa_cilt-ciltsiz","8":"pa_tur-kitap","9":"pa_yayinevi-iletisim-yayinlari","10":"pa_yazar-akin-bakioglu","12":"first","13":"instock","14":"sale","15":"shipping-taxable","16":"purchasable","17":"product-type-simple"},"_links":{"self":[{"href":"https:\/\/roveyayinevi.com.tr\/index.php\/wp-json\/wp\/v2\/product\/736423","targetHints":{"allow":["GET"]}}],"collection":[{"href":"https:\/\/roveyayinevi.com.tr\/index.php\/wp-json\/wp\/v2\/product"}],"about":[{"href":"https:\/\/roveyayinevi.com.tr\/index.php\/wp-json\/wp\/v2\/types\/product"}],"wp:attachment":[{"href":"https:\/\/roveyayinevi.com.tr\/index.php\/wp-json\/wp\/v2\/media?parent=736423"}],"wp:term":[{"taxonomy":"product_brand","embeddable":true,"href":"https:\/\/roveyayinevi.com.tr\/index.php\/wp-json\/wp\/v2\/product_brand?post=736423"},{"taxonomy":"product_cat","embeddable":true,"href":"https:\/\/roveyayinevi.com.tr\/index.php\/wp-json\/wp\/v2\/product_cat?post=736423"},{"taxonomy":"product_tag","embeddable":true,"href":"https:\/\/roveyayinevi.com.tr\/index.php\/wp-json\/wp\/v2\/product_tag?post=736423"}],"curies":[{"name":"wp","href":"https:\/\/api.w.org\/{rel}","templated":true}]}}