{"id":736340,"date":"2025-08-27T23:05:50","date_gmt":"2025-08-27T20:05:50","guid":{"rendered":"https:\/\/roveyayinevi.com.tr\/index.php\/urun\/the-crown\/"},"modified":"2026-04-16T02:44:59","modified_gmt":"2026-04-15T23:44:59","slug":"the-crown","status":"publish","type":"product","link":"https:\/\/roveyayinevi.com.tr\/index.php\/urun\/the-crown\/","title":{"rendered":"The Crown"},"content":{"rendered":"<p>The Crown, Alt\u0131n K\u00fcre, BAFTA ve Emmy \u00d6d\u00fcll\u00fc Netflix dizisi hakk\u0131nda, \u0130ngiliz Kraliyet tarih\u00e7isi Robert Lacey\u2019nin haz\u0131rlad\u0131\u011f\u0131, tarihten ve birinci sezondan se\u00e7ilmi\u015f \u00f6zel foto\u011fraflarla bezeli bir elkitab\u0131. K\u00fc\u00e7\u00fckl\u00fc\u011f\u00fcnden beri krali\u00e7e olaca\u011f\u0131 g\u00fcn i\u00e7in haz\u0131rlanan II. Elizabeth, babas\u0131n\u0131n \u00f6l\u00fcm\u00fcn\u00fcn ard\u0131ndan 25 ya\u015f\u0131nda ta\u00e7 giyer. Fakat e\u015fiyle ya\u015fayaca\u011f\u0131 gerilimlerin yan\u0131 s\u0131ra, k\u0131z karde\u015finin g\u00f6n\u00fcl maceras\u0131 da ba\u015f\u0131n\u0131 olduk\u00e7a a\u011fr\u0131tacakt\u0131r. The Crown, Buckingham Saray\u0131 ve Downing Soka\u011f\u0131 10 Numara\u2019daki Ba\u015fbakanl\u0131k Konutu i\u00e7inde ya\u015fananlar\u0131 anlat\u0131rken diziye konu olan olaylar\u0131n tarihsel arkaplan\u0131na da \u0131\u015f\u0131k tutuyor. <\/p>\n","protected":false},"excerpt":{"rendered":"<p>The Crown, Alt\u0131n K\u00fcre, BAFTA ve Emmy \u00d6d\u00fcll\u00fc Netflix dizisi hakk\u0131nda, \u0130ngiliz Kraliyet tarih\u00e7isi Robert Lacey\u2019nin haz\u0131rlad\u0131\u011f\u0131, tarihten ve birinci sezondan se\u00e7ilmi\u015f \u00f6zel foto\u011fraflarla bezeli bir<span class=\"excerpt-hellip\"> [\u2026]<\/span><\/p>\n","protected":false},"featured_media":0,"template":"","meta":{"_monsterinsights_skip_tracking":false,"_monsterinsights_sitenote_active":false,"_monsterinsights_sitenote_note":"","_monsterinsights_sitenote_category":0},"product_brand":[],"product_cat":[12304,14128],"product_tag":[],"class_list":{"0":"post-736340","1":"product","2":"type-product","3":"status-publish","5":"product_cat-tarih","6":"product_cat-yakin-tarih","7":"pa_cilt-ciltsiz","8":"pa_tur-kitap","9":"pa_yayinevi-dogan-kitap","10":"pa_yazar-robert-lacey","12":"first","13":"instock","14":"sale","15":"shipping-taxable","16":"purchasable","17":"product-type-simple"},"_links":{"self":[{"href":"https:\/\/roveyayinevi.com.tr\/index.php\/wp-json\/wp\/v2\/product\/736340","targetHints":{"allow":["GET"]}}],"collection":[{"href":"https:\/\/roveyayinevi.com.tr\/index.php\/wp-json\/wp\/v2\/product"}],"about":[{"href":"https:\/\/roveyayinevi.com.tr\/index.php\/wp-json\/wp\/v2\/types\/product"}],"wp:attachment":[{"href":"https:\/\/roveyayinevi.com.tr\/index.php\/wp-json\/wp\/v2\/media?parent=736340"}],"wp:term":[{"taxonomy":"product_brand","embeddable":true,"href":"https:\/\/roveyayinevi.com.tr\/index.php\/wp-json\/wp\/v2\/product_brand?post=736340"},{"taxonomy":"product_cat","embeddable":true,"href":"https:\/\/roveyayinevi.com.tr\/index.php\/wp-json\/wp\/v2\/product_cat?post=736340"},{"taxonomy":"product_tag","embeddable":true,"href":"https:\/\/roveyayinevi.com.tr\/index.php\/wp-json\/wp\/v2\/product_tag?post=736340"}],"curies":[{"name":"wp","href":"https:\/\/api.w.org\/{rel}","templated":true}]}}