{"id":736208,"date":"2025-08-27T23:02:37","date_gmt":"2025-08-27T20:02:37","guid":{"rendered":"https:\/\/roveyayinevi.com.tr\/index.php\/urun\/anarsizm\/"},"modified":"2026-04-16T02:44:53","modified_gmt":"2026-04-15T23:44:53","slug":"anarsizm","status":"publish","type":"product","link":"https:\/\/roveyayinevi.com.tr\/index.php\/urun\/anarsizm\/","title":{"rendered":"Anar\u015fizm"},"content":{"rendered":"<p>Anar\u015fi ve anar\u015fizm s\u00f6zc\u00fckleri ve ifade ettikleri anlamlar ge\u00e7mi\u015fte oldu\u011fu gibi bug\u00fcn de bir \u00fcrk\u00fct\u00fcc\u00fcl\u00fc\u011fe ve bir o kadar da \u00e7ekicili\u011fe sahiptir. \u00d6yle ki tarihsel geli\u015fim s\u00fcreci i\u00e7erisinde anar\u015fizm, pek \u00e7ok kimsenin sak\u0131ncal\u0131 bularak s\u00f6z konusu dahi etmekten \u00e7ekindi\u011fi buna kar\u015f\u0131n pek \u00e7ok kimsenin de sesini y\u00fckselterek \u0131srarla sahip \u00e7\u0131kt\u0131\u011f\u0131; muhaliflerine g\u00f6re olduk\u00e7a k\u0131\u015fk\u0131rt\u0131c\u0131, ayk\u0131r\u0131, \u00fctopik ve al\u0131\u015f\u0131lmad\u0131k, taraftarlar\u0131na g\u00f6re ise gayet do\u011fal ve insani bir d\u00fc\u015f\u00fcnceyi ifade eder. Bu farkl\u0131 u\u00e7 bak\u0131\u015flar, onun olduk\u00e7a girift ve tart\u0131\u015fmal\u0131 bir mesele etraf\u0131nda \u015fekillendi\u011fini g\u00f6sterir ki, bu da bireysel ve toplumsal \u00f6zg\u00fcrl\u00fck meselesidir. Anar\u015fizm, Do\u011fu ve Bat\u0131 aras\u0131nda daha derin tarihsel-d\u00fc\u015f\u00fcnsel k\u00f6klere sahip olmakla birlikte, en belirgin bi\u00e7imde modern zamanlarda ortaya \u00e7\u0131karak yerle\u015fik toplumsal-siyasal d\u00fczene ve onu bi\u00e7imlendirmeye aday teori ve ideolojilere kar\u015f\u0131 \u00f6zg\u00fcrl\u00fck ad\u0131na yapt\u0131\u011f\u0131 itirazlarla a\u00e7\u0131k hale gelmi\u015ftir. Ancak bu itirazlar\u0131n\u0131 bazen y\u0131k\u0131c\u0131 \u015fiddet yoluyla ortaya koymas\u0131ndan dolay\u0131 belli \u00e7evrelerde ad\u0131n\u0131n k\u00f6t\u00fcye \u00e7\u0131kmas\u0131na, ter\u00f6rle ili\u015fkilendirilmesine ve rasyonel temelden yoksun abart\u0131lm\u0131\u015f duygusal bir tepki olarak g\u00f6r\u00fclmesine, bazen de yap\u0131c\u0131, \u015fiddetsiz ve pasif bir tav\u0131r almas\u0131ndan dolay\u0131 bar\u0131\u015f\u00e7\u0131l bir hareket olarak de\u011ferlendirilmesine sebep olmu\u015ftur. Her ne \u015fekilde de\u011ferlendirilirse de\u011ferlendirilsin, insani bir tav\u0131r olarak t\u00fcm insanl\u0131k tarihinde bir felsefe, ideoloji, sosyal ve siyasal teori olarak da son \u00fc\u00e7 y\u00fcz y\u0131ll\u0131k yak\u0131n tarihte etkin bir bi\u00e7imde varl\u0131k g\u00f6steren anar\u015fizm, bug\u00fcn de varl\u0131\u011f\u0131n\u0131 ve etkinli\u011fini s\u00fcrd\u00fcrmektedir. Bu ba\u011flamda tarihsel ve g\u00fcncel bir ger\u00e7ekli\u011fe sahiptir ve insan\u0131n, toplumun ve onlara ili\u015fkin tarihsel ve g\u00fcncel fenomenlerin anla\u015f\u0131lmas\u0131 ve do\u011fru bir bi\u00e7imde de\u011ferlendirilebilmesi a\u00e7\u0131s\u0131ndan incelenmeyi ve ara\u015ft\u0131r\u0131lmay\u0131 hak eden bir d\u00fc\u015f\u00fcncedir. <\/p>\n","protected":false},"excerpt":{"rendered":"<p>Anar\u015fi ve anar\u015fizm s\u00f6zc\u00fckleri ve ifade ettikleri anlamlar ge\u00e7mi\u015fte oldu\u011fu gibi bug\u00fcn de bir \u00fcrk\u00fct\u00fcc\u00fcl\u00fc\u011fe ve bir o kadar da \u00e7ekicili\u011fe sahiptir. \u00d6yle ki tarihsel geli\u015fim<span class=\"excerpt-hellip\"> [\u2026]<\/span><\/p>\n","protected":false},"featured_media":0,"template":"","meta":{"_monsterinsights_skip_tracking":false,"_monsterinsights_sitenote_active":false,"_monsterinsights_sitenote_note":"","_monsterinsights_sitenote_category":0},"product_brand":[],"product_cat":[12388,14717],"product_tag":[],"class_list":{"0":"post-736208","1":"product","2":"type-product","3":"status-publish","5":"product_cat-felsefe","6":"product_cat-felsefe-tarihi","7":"pa_cilt-ciltsiz","8":"pa_tur-kitap","9":"pa_yayinevi-dogu-bati-yayinlari","10":"pa_yazar-kemal-bakir","12":"first","13":"instock","14":"sale","15":"shipping-taxable","16":"purchasable","17":"product-type-simple"},"_links":{"self":[{"href":"https:\/\/roveyayinevi.com.tr\/index.php\/wp-json\/wp\/v2\/product\/736208","targetHints":{"allow":["GET"]}}],"collection":[{"href":"https:\/\/roveyayinevi.com.tr\/index.php\/wp-json\/wp\/v2\/product"}],"about":[{"href":"https:\/\/roveyayinevi.com.tr\/index.php\/wp-json\/wp\/v2\/types\/product"}],"wp:attachment":[{"href":"https:\/\/roveyayinevi.com.tr\/index.php\/wp-json\/wp\/v2\/media?parent=736208"}],"wp:term":[{"taxonomy":"product_brand","embeddable":true,"href":"https:\/\/roveyayinevi.com.tr\/index.php\/wp-json\/wp\/v2\/product_brand?post=736208"},{"taxonomy":"product_cat","embeddable":true,"href":"https:\/\/roveyayinevi.com.tr\/index.php\/wp-json\/wp\/v2\/product_cat?post=736208"},{"taxonomy":"product_tag","embeddable":true,"href":"https:\/\/roveyayinevi.com.tr\/index.php\/wp-json\/wp\/v2\/product_tag?post=736208"}],"curies":[{"name":"wp","href":"https:\/\/api.w.org\/{rel}","templated":true}]}}