{"id":735946,"date":"2025-08-27T22:58:05","date_gmt":"2025-08-27T19:58:05","guid":{"rendered":"https:\/\/roveyayinevi.com.tr\/index.php\/urun\/efeler-isyani\/"},"modified":"2026-04-16T02:44:40","modified_gmt":"2026-04-15T23:44:40","slug":"efeler-isyani","status":"publish","type":"product","link":"https:\/\/roveyayinevi.com.tr\/index.php\/urun\/efeler-isyani\/","title":{"rendered":"Efeler \u0130syan\u0131"},"content":{"rendered":"<p>Girit do\u011fumlu Zekai (Kaur), Harbiye \u00f6\u011frencisi iken Balkan Sava\u015f\u0131\u2019na kat\u0131ld\u0131. Birinci D\u00fcnya Sava\u015f\u0131\u2019nda te\u011fmen r\u00fctbesi ile Hicaz\u2019da \u0130ngilizlere kar\u015f\u0131 sava\u015ft\u0131. Hicaz sava\u015flar\u0131nda iki kur\u015fun ci\u011ferine girip v\u00fccudunu delip ge\u00e7ti. Delik yerlerini iki parma\u011f\u0131 ile tutarak \u00f6l\u00fcme direndi, at\u0131 onu k\u0131\u015flas\u0131na geri g\u00f6t\u00fcrd\u00fc\u011f\u00fc i\u00e7in hayat\u0131 kurtuldu. Sava\u015f\u0131n son d\u00f6neminde \u0130zmir Sar\u0131 K\u0131\u015fla\u2019ya tayin oldu. \u0130zmir\u2019in i\u015fgalinden sonra, \u0130\u00e7 Bat\u0131 Anadolu\u2019ya ka\u00e7\u0131p emperyalizme kar\u015f\u0131 \u201cMilli \u0130syan\u201d amac\u0131yla da\u011flardaki efelere kat\u0131ld\u0131, ilk efe direni\u015flerini \u00f6rg\u00fctledi, Y\u00f6r\u00fck Ali Efe\u2019yi Milli M\u00fccadeleye kazand\u0131rd\u0131. Yunan i\u015fgal kuvvetlerine yap\u0131lan Sultanhisar ve Ayd\u0131n bask\u0131nlar\u0131n\u0131n kahraman\u0131 oldu. K\u00f6\u015fk Cephesi Milis Alay Kumandan\u0131 olarak b\u00fcy\u00fck yararl\u0131k g\u00f6sterdi. Umurlu Cephesi kuruldu\u011funda Y\u00f6r\u00fck Ali Efe\u2019nin ve ak\u0131nc\u0131 milislerin de i\u00e7lerinde bulundu\u011fu Milli Ayd\u0131n Alay\u0131 Komutanl\u0131\u011f\u0131n\u0131 \u00fcstlendi. \u201cMilli Ayd\u0131n Cephesi Kumandan\u0131\u201d olarak b\u00fcy\u00fck \u00fcne kavu\u015ftu, ard\u0131ndan \u0130zmir\u2019in kurtulu\u015f g\u00fcn\u00fc 9 Eyl\u00fcl\u2019de Kar\u015f\u0131yaka\u2019ya bayrak \u00e7eken \u00dcste\u011fmen olarak tarihe ge\u00e7ti. Y\u00f6r\u00fck Ali Efe\u2019yi hayat\u0131n\u0131n sonuna kadar yaln\u0131z b\u0131rakmad\u0131, orta\u011f\u0131 oldu. \u015eehit efelerin kabirlerini yapt\u0131rd\u0131, hat\u0131rlanmalar\u0131 i\u00e7in kaleme sar\u0131ld\u0131&#8230; <\/p>\n","protected":false},"excerpt":{"rendered":"<p>Girit do\u011fumlu Zekai (Kaur), Harbiye \u00f6\u011frencisi iken Balkan Sava\u015f\u0131\u2019na kat\u0131ld\u0131. Birinci D\u00fcnya Sava\u015f\u0131\u2019nda te\u011fmen r\u00fctbesi ile Hicaz\u2019da \u0130ngilizlere kar\u015f\u0131 sava\u015ft\u0131. Hicaz sava\u015flar\u0131nda iki kur\u015fun ci\u011ferine girip<span class=\"excerpt-hellip\"> [\u2026]<\/span><\/p>\n","protected":false},"featured_media":0,"template":"","meta":{"_monsterinsights_skip_tracking":false,"_monsterinsights_sitenote_active":false,"_monsterinsights_sitenote_note":"","_monsterinsights_sitenote_category":0},"product_brand":[],"product_cat":[12370,12304],"product_tag":[],"class_list":{"0":"post-735946","1":"product","2":"type-product","3":"status-publish","5":"product_cat-arastirma-inceleme","6":"product_cat-tarih","7":"pa_cilt-ciltsiz","8":"pa_tur-kitap","9":"pa_yayinevi-kirmizi-kedi-yayinevi","10":"pa_yazar-yasar-aksoy","12":"first","13":"instock","14":"sale","15":"shipping-taxable","16":"purchasable","17":"product-type-simple"},"_links":{"self":[{"href":"https:\/\/roveyayinevi.com.tr\/index.php\/wp-json\/wp\/v2\/product\/735946","targetHints":{"allow":["GET"]}}],"collection":[{"href":"https:\/\/roveyayinevi.com.tr\/index.php\/wp-json\/wp\/v2\/product"}],"about":[{"href":"https:\/\/roveyayinevi.com.tr\/index.php\/wp-json\/wp\/v2\/types\/product"}],"wp:attachment":[{"href":"https:\/\/roveyayinevi.com.tr\/index.php\/wp-json\/wp\/v2\/media?parent=735946"}],"wp:term":[{"taxonomy":"product_brand","embeddable":true,"href":"https:\/\/roveyayinevi.com.tr\/index.php\/wp-json\/wp\/v2\/product_brand?post=735946"},{"taxonomy":"product_cat","embeddable":true,"href":"https:\/\/roveyayinevi.com.tr\/index.php\/wp-json\/wp\/v2\/product_cat?post=735946"},{"taxonomy":"product_tag","embeddable":true,"href":"https:\/\/roveyayinevi.com.tr\/index.php\/wp-json\/wp\/v2\/product_tag?post=735946"}],"curies":[{"name":"wp","href":"https:\/\/api.w.org\/{rel}","templated":true}]}}