{"id":735868,"date":"2025-08-27T22:56:33","date_gmt":"2025-08-27T19:56:33","guid":{"rendered":"https:\/\/roveyayinevi.com.tr\/index.php\/urun\/bir-sakarya-savasi-gazisinin-hatiralari\/"},"modified":"2026-04-16T02:44:36","modified_gmt":"2026-04-15T23:44:36","slug":"bir-sakarya-savasi-gazisinin-hatiralari","status":"publish","type":"product","link":"https:\/\/roveyayinevi.com.tr\/index.php\/urun\/bir-sakarya-savasi-gazisinin-hatiralari\/","title":{"rendered":"Bir Sakarya Sava\u015f\u0131 Gazisinin Hat\u0131ralar\u0131"},"content":{"rendered":"<p>Tima\u015f Tarih Hat\u0131rat Kitapl\u0131\u011f\u0131, Kurtulu\u015f Sava\u015f\u0131 kahramanlar\u0131n\u0131n yazd\u0131\u011f\u0131 hat\u0131ralarla b\u00fcy\u00fcmeye devam ediyor! Sakarya Sava\u015f\u0131\u2019na dair yaz\u0131lm\u0131\u015f hat\u0131ralar\u0131n yok denecek kadar az oldu\u011fu bir d\u00f6nemde Tu\u011fba Aydeniz, b\u00fcy\u00fck dedesi Musa K\u00e2z\u0131m Sakarya\u2019n\u0131n hat\u0131ralar\u0131n\u0131 yay\u0131ma haz\u0131rlad\u0131. Aydeniz\u2019in, ad\u0131n\u0131 Bir Sakarya Sava\u015f\u0131 Gazisinin Hat\u0131ralar\u0131 koydu\u011fu bu hat\u0131rat, d\u00f6nemi canl\u0131 bir \u015fahidin g\u00f6z\u00fcnden aktararak bir \u201cilk\u201de imza at\u0131yor. I. D\u00fcnya Sava\u015f\u0131 y\u0131llar\u0131nda ba\u015far\u0131l\u0131 e\u011fitim hayat\u0131n\u0131 yar\u0131da b\u0131rakan, bir ya\u015f k\u00fc\u00e7\u00fck olmas\u0131na ra\u011fmen kendi iste\u011fi ile \u201conbe\u015fliler\u201din aras\u0131na kat\u0131lan ve gen\u00e7li\u011fini o destans\u0131 m\u00fccadeleye adayan Musa K\u00e2z\u0131m Sakarya; yazd\u0131klar\u0131yla Kurtulu\u015f Sava\u015f\u0131\u2019na \u0131\u015f\u0131k tutuyor. Musa K\u00e2z\u0131m Sakarya&#8217;n\u0131n 1976\u2019da el yaz\u0131s\u0131yla kaydetti\u011fi bu hat\u0131rat, Kurtulu\u015f Sava\u015f\u0131\u2019n\u0131n ve Mill\u00ee M\u00fccadele\u2019nin \u00f6zelinde, Cumhuriyet T\u00fcrkiye\u2019sinin asker\u00ee, k\u00fclt\u00fcrel, entelekt\u00fcel ve toplumsal tarihi a\u00e7\u0131s\u0131ndan de\u011ferli bir kaynak niteli\u011finde\u2026\u0130stikl\u00e2l Madalyas\u0131 sahibi Musa K\u00e2z\u0131m Sakarya; \u015fahitliklerini, izlenimlerini, g\u00f6zlemlerini ve de\u011ferlendirmelerini kayda ge\u00e7irerek tarihsel haf\u0131zam\u0131z i\u00e7in de\u011ferli bir eser ortaya koyarken ayn\u0131 zamanda, kendi ifadesiyle, \u201cevlat ve torunlar\u0131na \u015ferefli bir soy ismini\u201d de miras b\u0131rak\u0131yor\u2026<\/p>\n","protected":false},"excerpt":{"rendered":"<p>Tima\u015f Tarih Hat\u0131rat Kitapl\u0131\u011f\u0131, Kurtulu\u015f Sava\u015f\u0131 kahramanlar\u0131n\u0131n yazd\u0131\u011f\u0131 hat\u0131ralarla b\u00fcy\u00fcmeye devam ediyor! Sakarya Sava\u015f\u0131\u2019na dair yaz\u0131lm\u0131\u015f hat\u0131ralar\u0131n yok denecek kadar az oldu\u011fu bir d\u00f6nemde Tu\u011fba Aydeniz,<span class=\"excerpt-hellip\"> [\u2026]<\/span><\/p>\n","protected":false},"featured_media":0,"template":"","meta":{"_monsterinsights_skip_tracking":false,"_monsterinsights_sitenote_active":false,"_monsterinsights_sitenote_note":"","_monsterinsights_sitenote_category":0},"product_brand":[],"product_cat":[12370,12304],"product_tag":[],"class_list":{"0":"post-735868","1":"product","2":"type-product","3":"status-publish","5":"product_cat-arastirma-inceleme","6":"product_cat-tarih","7":"pa_cilt-ciltsiz","8":"pa_tur-kitap","9":"pa_yayinevi-timas-yayinlari","10":"pa_yazar-musa-kazim-sakarya","12":"first","13":"instock","14":"sale","15":"shipping-taxable","16":"purchasable","17":"product-type-simple"},"_links":{"self":[{"href":"https:\/\/roveyayinevi.com.tr\/index.php\/wp-json\/wp\/v2\/product\/735868","targetHints":{"allow":["GET"]}}],"collection":[{"href":"https:\/\/roveyayinevi.com.tr\/index.php\/wp-json\/wp\/v2\/product"}],"about":[{"href":"https:\/\/roveyayinevi.com.tr\/index.php\/wp-json\/wp\/v2\/types\/product"}],"wp:attachment":[{"href":"https:\/\/roveyayinevi.com.tr\/index.php\/wp-json\/wp\/v2\/media?parent=735868"}],"wp:term":[{"taxonomy":"product_brand","embeddable":true,"href":"https:\/\/roveyayinevi.com.tr\/index.php\/wp-json\/wp\/v2\/product_brand?post=735868"},{"taxonomy":"product_cat","embeddable":true,"href":"https:\/\/roveyayinevi.com.tr\/index.php\/wp-json\/wp\/v2\/product_cat?post=735868"},{"taxonomy":"product_tag","embeddable":true,"href":"https:\/\/roveyayinevi.com.tr\/index.php\/wp-json\/wp\/v2\/product_tag?post=735868"}],"curies":[{"name":"wp","href":"https:\/\/api.w.org\/{rel}","templated":true}]}}