{"id":735748,"date":"2025-08-27T22:53:25","date_gmt":"2025-08-27T19:53:25","guid":{"rendered":"https:\/\/roveyayinevi.com.tr\/index.php\/urun\/dunya-tarihi-ve-siyaset\/"},"modified":"2026-04-16T02:44:00","modified_gmt":"2026-04-15T23:44:00","slug":"dunya-tarihi-ve-siyaset","status":"publish","type":"product","link":"https:\/\/roveyayinevi.com.tr\/index.php\/urun\/dunya-tarihi-ve-siyaset\/","title":{"rendered":"D\u00fcnya Tarihi ve Siyaset"},"content":{"rendered":"<p>Yu\u0308zlerce y\u0131ld\u0131r verili gerc\u0327eklik olarak kabul edilen Bat\u0131 modernlig\u0306inin \u201cevrensellig\u0306i\u201d, Bat\u0131 merkezli du\u0308nya tarihi anlay\u0131s\u0327lar\u0131 art\u0131k tart\u0131s\u0327maya ac\u0327\u0131lm\u0131s\u0327 durumda: Du\u0308nyadaki gu\u0308c\u0327 dengelerinin de deg\u0306is\u0327mesiyle gerek siyasi gerek akademik alanda farkl\u0131 u\u0308lkelerin, bo\u0308lgelerin du\u0308nya tarihindeki yeri, Bat\u0131\u2019ya hic\u0327 de benzemeyen gelis\u0327im c\u0327izgileri, modelleri ele al\u0131n\u0131yor. O\u0308teden beri tarihteki su\u0308reg\u0306enlig\u0306e dikkat c\u0327eken Huricihan I\u0307slamog\u0306lu da al\u0131s\u0327\u0131lagelmis\u0327 Bat\u0131 merkezli modernles\u0327me so\u0308ylemine kars\u0327\u0131 eles\u0327tirel bir bak\u0131s\u0327 ac\u0327\u0131s\u0131 gelis\u0327tiriyor.Du\u0308nya tarihinin bu\u0308tu\u0308nlu\u0308g\u0306u\u0308, liberalizmin bitmek bilmeyen \u201cdevlet\u201d meselesi, serbest piyasac\u0131 yaklas\u0327\u0131m\u0131n ac\u0327mazlar\u0131, I\u0307sla\u0302miyetin yayg\u0131n oldug\u0306u cog\u0306rafyay\u0131 du\u0308nya tarihi ic\u0327inde konumland\u0131rma c\u0327abalar\u0131, hukuk-mu\u0308lkiyetmes\u0327ruiyet ilis\u0327kisi kitaptaki yaz\u0131lar\u0131n temel izlekleri. C\u0327in, Osmanl\u0131 ve Babu\u0308r imparatorluklar\u0131 o\u0308rneklerinin kapsaml\u0131 bir deg\u0306erlendirmesini, Bat\u0131\u2019yla kars\u0327\u0131las\u0327t\u0131r\u0131lmas\u0131n\u0131 da sunan I\u0307slamog\u0306lu, Du\u0308nya Tarihi ve Siyaset\u2019te paylas\u0327\u0131lan bir du\u0308nya tarihi anlay\u0131s\u0327\u0131ndan yola c\u0327\u0131karak ortak bir gelecek tahayyu\u0308lu\u0308nu\u0308n imka\u0302nlar\u0131n\u0131 aras\u0327t\u0131r\u0131yor.Tarihe farkl\u0131 bir go\u0308zle bakmak isteyenler ic\u0327in yol go\u0308sterici nitelikte bir kitap&#8230;\u201c(&#8230;) alt\u0131n\u0131 c\u0327izmek istedig\u0306im husus, modern do\u0308nu\u0308s\u0327u\u0308mu\u0308n \u2013Bat\u0131 veya Dog\u0306u merkezli\u2013 bir s\u0327ablona, bir rec\u0327eteye indirgenemeyeceg\u0306i, onun tarihsellig\u0306idir. Ayn\u0131 zamanda modernlik bir bilinci, u\u0308retilen c\u0327o\u0308zu\u0308mlerin su\u0308rekli deg\u0306is\u0327ime ac\u0327\u0131kl\u0131g\u0306\u0131n\u0131, yani ar\u0131ziliklerinin, gec\u0327ici olduklar\u0131n\u0131n bilincini temsil etmektedir; tu\u0308m c\u0327abalar\u0131m\u0131z\u0131n zamana kurban olacag\u0306\u0131n\u0131 bilsek de bu\u0308tu\u0308n gu\u0308cu\u0308mu\u0308zle yas\u0327ad\u0131g\u0306\u0131m\u0131z gerc\u0327eklig\u0306i Sisifosvari deg\u0306is\u0327tirme iddias\u0131d\u0131r. Bu bag\u0306lamda o\u0308zne, tarihin o\u0308zneleri, onlar\u0131n iradeleri o\u0308nem kazan\u0131yor. Tarihsel olarak devlet yo\u0308netimleri de bu o\u0308znelerden biriydi.<\/p>\n","protected":false},"excerpt":{"rendered":"<p>Yu\u0308zlerce y\u0131ld\u0131r verili gerc\u0327eklik olarak kabul edilen Bat\u0131 modernlig\u0306inin \u201cevrensellig\u0306i\u201d, Bat\u0131 merkezli du\u0308nya tarihi anlay\u0131s\u0327lar\u0131 art\u0131k tart\u0131s\u0327maya ac\u0327\u0131lm\u0131s\u0327 durumda: Du\u0308nyadaki gu\u0308c\u0327 dengelerinin de deg\u0306is\u0327mesiyle gerek siyasi<span class=\"excerpt-hellip\"> [\u2026]<\/span><\/p>\n","protected":false},"featured_media":0,"template":"","meta":{"_monsterinsights_skip_tracking":false,"_monsterinsights_sitenote_active":false,"_monsterinsights_sitenote_note":"","_monsterinsights_sitenote_category":0},"product_brand":[],"product_cat":[12370,12304],"product_tag":[],"class_list":{"0":"post-735748","1":"product","2":"type-product","3":"status-publish","5":"product_cat-arastirma-inceleme","6":"product_cat-tarih","7":"pa_cilt-ciltsiz","8":"pa_tur-kitap","9":"pa_yayinevi-iletisim-yayinlari","10":"pa_yazar-huricihan-islamoglu","12":"first","13":"instock","14":"sale","15":"shipping-taxable","16":"purchasable","17":"product-type-simple"},"_links":{"self":[{"href":"https:\/\/roveyayinevi.com.tr\/index.php\/wp-json\/wp\/v2\/product\/735748","targetHints":{"allow":["GET"]}}],"collection":[{"href":"https:\/\/roveyayinevi.com.tr\/index.php\/wp-json\/wp\/v2\/product"}],"about":[{"href":"https:\/\/roveyayinevi.com.tr\/index.php\/wp-json\/wp\/v2\/types\/product"}],"wp:attachment":[{"href":"https:\/\/roveyayinevi.com.tr\/index.php\/wp-json\/wp\/v2\/media?parent=735748"}],"wp:term":[{"taxonomy":"product_brand","embeddable":true,"href":"https:\/\/roveyayinevi.com.tr\/index.php\/wp-json\/wp\/v2\/product_brand?post=735748"},{"taxonomy":"product_cat","embeddable":true,"href":"https:\/\/roveyayinevi.com.tr\/index.php\/wp-json\/wp\/v2\/product_cat?post=735748"},{"taxonomy":"product_tag","embeddable":true,"href":"https:\/\/roveyayinevi.com.tr\/index.php\/wp-json\/wp\/v2\/product_tag?post=735748"}],"curies":[{"name":"wp","href":"https:\/\/api.w.org\/{rel}","templated":true}]}}