{"id":735705,"date":"2025-08-27T22:52:39","date_gmt":"2025-08-27T19:52:39","guid":{"rendered":"https:\/\/roveyayinevi.com.tr\/index.php\/urun\/hudai\/"},"modified":"2026-04-16T02:43:58","modified_gmt":"2026-04-15T23:43:58","slug":"hudai","status":"publish","type":"product","link":"https:\/\/roveyayinevi.com.tr\/index.php\/urun\/hudai\/","title":{"rendered":"H\u00fcdai"},"content":{"rendered":"<p>Devrim, demokrasi ve sosyalizm m\u00fccadelesinde iz b\u0131rakan bir devrimcinin ya\u015fam\u0131 s\u00f6z konusu oldu\u011funda; nas\u0131l devrimci oldu\u011fu, kimlerden etkilendi\u011fi, kendi kulvar\u0131nda nas\u0131l y\u00fcr\u00fcd\u00fc\u011f\u00fc, hangi yol ayr\u0131mlar\u0131ndan ge\u00e7ti\u011fi ve ondan geriye nelerin kald\u0131\u011f\u0131 \u00f6nemlidir. Bu kitapta Mahir\u2019lerin cezaevi firar\u0131ndan itibaren \u0130stanbul\u2019da ba\u015flayan \u00f6rg\u00fctsel ayr\u0131\u015fmay\u0131, b\u00f6l\u00fcnmeyi, Ankara \u00fczerinden Karadeniz\u2019e gidi\u015f s\u00fcrecini ve \u00f6zellikle de \u00dcnye eylemini ve K\u0131z\u0131ldere Direni\u015fi\u2019ni yeniden irdelemeye \u00e7al\u0131\u015ft\u0131m. \u00c7\u00fcnk\u00fc K\u0131z\u0131ldere\u2019de \u00f6len yolda\u015flar bu tarihsel s\u00fcrecin yeniden ve yeniden anlat\u0131m\u0131n\u0131 geride kalanlardan daha fazla hak ediyorlard\u0131!<\/p>\n","protected":false},"excerpt":{"rendered":"<p>Devrim, demokrasi ve sosyalizm m\u00fccadelesinde iz b\u0131rakan bir devrimcinin ya\u015fam\u0131 s\u00f6z konusu oldu\u011funda; nas\u0131l devrimci oldu\u011fu, kimlerden etkilendi\u011fi, kendi kulvar\u0131nda nas\u0131l y\u00fcr\u00fcd\u00fc\u011f\u00fc, hangi yol ayr\u0131mlar\u0131ndan ge\u00e7ti\u011fi<span class=\"excerpt-hellip\"> [\u2026]<\/span><\/p>\n","protected":false},"featured_media":0,"template":"","meta":{"_monsterinsights_skip_tracking":false,"_monsterinsights_sitenote_active":false,"_monsterinsights_sitenote_note":"","_monsterinsights_sitenote_category":0},"product_brand":[],"product_cat":[14009,12291],"product_tag":[],"class_list":{"0":"post-735705","1":"product","2":"type-product","3":"status-publish","5":"product_cat-biyografi-otobiyografi-edebiyat","6":"product_cat-edebiyat","7":"pa_cilt-ciltsiz","8":"pa_tur-kitap","9":"pa_yayinevi-ayrinti-yayinlari","10":"pa_yazar-saban-iba","12":"first","13":"instock","14":"sale","15":"shipping-taxable","16":"purchasable","17":"product-type-simple"},"_links":{"self":[{"href":"https:\/\/roveyayinevi.com.tr\/index.php\/wp-json\/wp\/v2\/product\/735705","targetHints":{"allow":["GET"]}}],"collection":[{"href":"https:\/\/roveyayinevi.com.tr\/index.php\/wp-json\/wp\/v2\/product"}],"about":[{"href":"https:\/\/roveyayinevi.com.tr\/index.php\/wp-json\/wp\/v2\/types\/product"}],"wp:attachment":[{"href":"https:\/\/roveyayinevi.com.tr\/index.php\/wp-json\/wp\/v2\/media?parent=735705"}],"wp:term":[{"taxonomy":"product_brand","embeddable":true,"href":"https:\/\/roveyayinevi.com.tr\/index.php\/wp-json\/wp\/v2\/product_brand?post=735705"},{"taxonomy":"product_cat","embeddable":true,"href":"https:\/\/roveyayinevi.com.tr\/index.php\/wp-json\/wp\/v2\/product_cat?post=735705"},{"taxonomy":"product_tag","embeddable":true,"href":"https:\/\/roveyayinevi.com.tr\/index.php\/wp-json\/wp\/v2\/product_tag?post=735705"}],"curies":[{"name":"wp","href":"https:\/\/api.w.org\/{rel}","templated":true}]}}