{"id":735621,"date":"2025-08-27T22:51:09","date_gmt":"2025-08-27T19:51:09","guid":{"rendered":"https:\/\/roveyayinevi.com.tr\/index.php\/urun\/osmanistik-bilimine-katkilar-secme-eserleri-xvi\/"},"modified":"2026-04-16T02:43:54","modified_gmt":"2026-04-15T23:43:54","slug":"osmanistik-bilimine-katkilar-secme-eserleri-xvi","status":"publish","type":"product","link":"https:\/\/roveyayinevi.com.tr\/index.php\/urun\/osmanistik-bilimine-katkilar-secme-eserleri-xvi\/","title":{"rendered":"Osmanistik Bilimi&#8217;ne Katk\u0131lar &#8211; Se\u00e7me Eserleri XVI"},"content":{"rendered":"<p>Her \u00e7al\u0131\u015fmas\u0131nda tarih yaz\u0131c\u0131l\u0131\u011f\u0131n\u0131n \u00f6nemi \u00fczerinde duran Halil \u0130nalc\u0131k, Osmanistik Bilimi\u2019ne Katk\u0131lar\u2019da, Osmanl\u0131 kaynaklar\u0131n\u0131n bilimsel y\u00f6ntemlerle tespitinde ve kullan\u0131lmas\u0131nda metin tenkidi metotlar\u0131yla \u00e7al\u0131\u015f\u0131lmas\u0131n\u0131n ve bu metotlar\u0131n \u00fcniversitelerimizde ayr\u0131 bir \u00f6\u011fretim birimi olarak yerle\u015fmesi gere\u011finin \u00fczerinde duruyor. Osmanl\u0131 tarihi ara\u015ft\u0131rmalar\u0131n\u0131n temel kayna\u011f\u0131 olan ar\u015fivleri, belge ara\u015ft\u0131rmalar\u0131 ve yay\u0131nlanmas\u0131 metotlar\u0131 \u00fczerinde duran \u00e7al\u0131\u015fmalar\u0131 ele al\u0131yor. \u0130nalc\u0131k kitab\u0131n\u0131n ikinci b\u00f6l\u00fcm\u00fcn\u00fc Ahmed\u00ee\u2019nin ya\u015fam\u0131 ve tarih alan\u0131ndaki eserlerine ay\u0131r\u0131yor. \u015e\u00e2ir Ahmed\u00ee\u2019nin Gaz\u00e2v\u00e2tn\u00e2me ve Ahv\u00e2l-i Sult\u00e2n Mehemmed vak\u00e2yin\u00e2melerinin Theodor Menzel\u2019e ait t\u0131pk\u0131bas\u0131m n\u00fcshas\u0131 ile F.R. Unat-M.A. K\u00f6ymen edisyonunun text-kritik yay\u0131n\u0131 ve Menzel n\u00fcshas\u0131n\u0131n Ahmed\u00ee\u2019ye ait tarihleri i\u00e7eren b\u00f6l\u00fcmlerinin t\u0131pk\u0131bas\u0131mlar\u0131 bu de\u011ferli \u00e7al\u0131\u015fmada okura sunuluyor. <\/p>\n","protected":false},"excerpt":{"rendered":"<p>Her \u00e7al\u0131\u015fmas\u0131nda tarih yaz\u0131c\u0131l\u0131\u011f\u0131n\u0131n \u00f6nemi \u00fczerinde duran Halil \u0130nalc\u0131k, Osmanistik Bilimi\u2019ne Katk\u0131lar\u2019da, Osmanl\u0131 kaynaklar\u0131n\u0131n bilimsel y\u00f6ntemlerle tespitinde ve kullan\u0131lmas\u0131nda metin tenkidi metotlar\u0131yla \u00e7al\u0131\u015f\u0131lmas\u0131n\u0131n ve bu metotlar\u0131n<span class=\"excerpt-hellip\"> [\u2026]<\/span><\/p>\n","protected":false},"featured_media":0,"template":"","meta":{"_monsterinsights_skip_tracking":false,"_monsterinsights_sitenote_active":false,"_monsterinsights_sitenote_note":"","_monsterinsights_sitenote_category":0},"product_brand":[],"product_cat":[13517,12304],"product_tag":[],"class_list":{"0":"post-735621","1":"product","2":"type-product","3":"status-publish","5":"product_cat-osmanli-tarihi","6":"product_cat-tarih","7":"pa_cilt-ciltsiz","8":"pa_tur-kitap","9":"pa_yayinevi-is-bankasi-kultur-yayinlari","10":"pa_yazar-halil-inalcik","12":"first","13":"instock","14":"sale","15":"shipping-taxable","16":"purchasable","17":"product-type-simple"},"_links":{"self":[{"href":"https:\/\/roveyayinevi.com.tr\/index.php\/wp-json\/wp\/v2\/product\/735621","targetHints":{"allow":["GET"]}}],"collection":[{"href":"https:\/\/roveyayinevi.com.tr\/index.php\/wp-json\/wp\/v2\/product"}],"about":[{"href":"https:\/\/roveyayinevi.com.tr\/index.php\/wp-json\/wp\/v2\/types\/product"}],"wp:attachment":[{"href":"https:\/\/roveyayinevi.com.tr\/index.php\/wp-json\/wp\/v2\/media?parent=735621"}],"wp:term":[{"taxonomy":"product_brand","embeddable":true,"href":"https:\/\/roveyayinevi.com.tr\/index.php\/wp-json\/wp\/v2\/product_brand?post=735621"},{"taxonomy":"product_cat","embeddable":true,"href":"https:\/\/roveyayinevi.com.tr\/index.php\/wp-json\/wp\/v2\/product_cat?post=735621"},{"taxonomy":"product_tag","embeddable":true,"href":"https:\/\/roveyayinevi.com.tr\/index.php\/wp-json\/wp\/v2\/product_tag?post=735621"}],"curies":[{"name":"wp","href":"https:\/\/api.w.org\/{rel}","templated":true}]}}