{"id":735612,"date":"2025-08-27T22:50:58","date_gmt":"2025-08-27T19:50:58","guid":{"rendered":"https:\/\/roveyayinevi.com.tr\/index.php\/urun\/deli-gonul-uctu-yine-karacaoglan\/"},"modified":"2026-04-16T02:43:54","modified_gmt":"2026-04-15T23:43:54","slug":"deli-gonul-uctu-yine-karacaoglan","status":"publish","type":"product","link":"https:\/\/roveyayinevi.com.tr\/index.php\/urun\/deli-gonul-uctu-yine-karacaoglan\/","title":{"rendered":"Deli G\u00f6n\u00fcl U\u00e7tu Yine &#8211; Karacao\u011flan"},"content":{"rendered":"<p>KARACAO\u011eLAN T\u00fcrk halk \u015fiiri, ba\u015flang\u0131\u00e7tan beri \u00e2\u015f\u0131klar\u0131n \/ ozanlar\u0131n \u201cilden ile beyden bey\u201de kopuzlar\u0131 \/ sazlar\u0131 e\u015fli\u011finde icra etti\u011fi geleneksel mahsuller olmas\u0131ndan \u00f6t\u00fcr\u00fc T\u00fcrk dilinin en \u00f6nemli ve canl\u0131 unsurlar\u0131ndan birini te\u015fkil etmi\u015ftir. \u00c2\u015f\u0131k-ozanlar da T\u00fcrk dilinin Anadolu co\u011frafyas\u0131ndaki en m\u00fchim ta\u015f\u0131y\u0131c\u0131lar\u0131 olmu\u015ftur. Nitekim Yunus Emre, Abdal Musa, Kaygusuz Abdal ve benzeri \u015fair-dervi\u015flerin yan\u0131 s\u0131ra \u00d6ks\u00fcz Dede, Kay\u0131k\u00e7\u0131 Kul Mustafa, K\u00f6ro\u011flu gibi \u00e7ok say\u0131da halk \u015fairi de T\u00fcrk\u00e7enin m\u00fchim k\u00f6\u015fe ta\u015flar\u0131n\u0131 olu\u015fturan isimlerdir. Karacao\u011flan ise bu kervan\u0131n i\u00e7inde hatta ba\u015f\u0131nda yer alan \u00e7ok \u00f6nemli bir halk \u015fairimizdir. \u00d6zellikle do\u011fa, a\u015fk, sevgili unsurlar\u0131n\u0131 halk diliyle \u00e7ok sade \u015fekilde saz\u0131n\u0131n e\u015fli\u011finde terenn\u00fcm etmesi onu yedi iklim \u00fc\u00e7 k\u0131tada tan\u0131nan ve sevilen bir halk \u015fairi yapm\u0131\u015ft\u0131r. Sade T\u00fcrk\u00e7eyle s\u00f6yledi\u011fi deyi\u015fleri yan\u0131 s\u0131ra ezgileri de takip\u00e7ileri taraf\u0131ndan icra edilmi\u015f ve g\u00fcn\u00fcm\u00fcze kadar getirilmi\u015ftir. Bundan m\u00fctevellit G\u00fcney Anadolu illerimizde \u201cKaracao\u011flan \u00e7\u0131\u011f\u0131rmak\u201d tabiri ortaya \u00e7\u0131km\u0131\u015ft\u0131r. Bug\u00fcn bile \u00e7o\u011fumuzun haf\u0131zas\u0131nda Karacao\u011flan deyi\u015flerinden bir d\u00f6rtl\u00fck, bir beyit bulunmas\u0131 veya kula\u011f\u0131m\u0131zda ezgilerinin yank\u0131lanmas\u0131 onun ne kadar \u015f\u00f6hretli bir \u201c\u00e2\u015f\u0131k \/ ozan\u201d oldu\u011funun delilidir. B\u0130YOGRAF\u0130   Van\u2019\u0131n k\u00f6kl\u00fc ailelerinden Arvas\u00eelere mensup olan yazar, 25 May\u0131s 1982\u2019de Hakk\u00e2ri\u2019de d\u00fcnyaya geldi. \u0130lk ve orta\u00f6\u011frenimini ayn\u0131 \u015fehirde tamamlad\u0131. \u00c7ukurova \u00dcniversitesinden mezun oldu (2002). Y\u00fcz\u00fcnc\u00fc Y\u0131l \u00dcniversitesi, T\u00fcrk Dili ve Edebiyat\u0131 Anabilim Dal\u0131nda, \u201cVan \u00c2\u015f\u0131kl\u0131k Gelene\u011fi \/ Metin ve \u0130nceleme\u201d adl\u0131 \u00e7al\u0131\u015fmas\u0131yla y\u00fcksek lisans\u0131n\u0131 (2005) ve \u201cDede Korkut Destan\u0131 ve K\u0131p\u00e7ak Sahas\u0131 Epik Destan Gelene\u011fi\u201d adl\u0131 teziyle doktoras\u0131n\u0131 tamamlad\u0131 (2009). Mill\u00ee E\u011fitim\u2019de 2002 &#8211; 2007 y\u0131llar\u0131nda vazife yapan Arvas, 2007\u2019de Gaziosmanpa\u015fa \u00dcniversitesinde ara\u015ft\u0131rma g\u00f6revlisi olarak \u00e7al\u0131\u015fmaya ba\u015flad\u0131. Yazar, 2008 &#8211; 2011 y\u0131llar\u0131 aras\u0131nda K\u0131rg\u0131zistan &#8211; T\u00fcrkiye Manas \u00dcniversitesinde okutman ve doktor \u00f6\u011fretim g\u00f6revlisi olarak vazife yapt\u0131. 2011\u2019de \u00c7ank\u0131r\u0131 Karatekin \u00dcniversitesine yard\u0131mc\u0131 do\u00e7ent olarak atand\u0131. 2014\u2019te do\u00e7ent unvan\u0131n\u0131 ald\u0131. 2013 &#8211; 2014 y\u0131llar\u0131nda Hakasya \u00d6zerk Cumhuriyet\u2019inde \u201cHakas T\u00fcrklerinin \u015eamanizmi\u201d ba\u015fl\u0131kl\u0131 T\u00dcB\u0130TAK projesini y\u00fcr\u00fctt\u00fc. \u00c7ok say\u0131da makalesi, kitap b\u00f6l\u00fcm\u00fc, tebli\u011fi ve ansiklopedi maddesi yay\u0131mlanan Arvas, \u00fc\u00e7 y\u0131l (G\u00fcz \/ 2014 &#8211; G\u00fcz \/ 2017) s\u00fcreyle Karatekin Edebiyat Fak\u00fcltesi Dergisinin fiilen edit\u00f6rl\u00fc\u011f\u00fcn\u00fc y\u00fcr\u00fctt\u00fc. 2019 senesinde profes\u00f6rl\u00fc\u011fe y\u00fckseltilen Arvas\u2019\u0131n alt\u0131s\u0131 telif, ikisi \u00e7eviri olmak \u00fczere yay\u0131mlanan 8 eseri mevcuttur. H\u00e2len \u00c7ank\u0131r\u0131 Karatekin \u00dcniversitesi Edebiyat Fak\u00fcltesi T\u00fcrk Dili ve Edebiyat\u0131 B\u00f6l\u00fcm\u00fcnde \u00f6\u011fretim \u00fcyesi olarak \u00e7al\u0131\u015fan Prof. Dr. Abd\u00fclselam Arvas \u0130LESAM \u00fcyesi, evli ve \u00fc\u00e7 \u00e7ocuk babas\u0131d\u0131r.   ESERLER\u0130 Ge\u00e7mi\u015ften G\u00fcn\u00fcm\u00fcze Van \u00c2\u015f\u0131kl\u0131k Gelene\u011fi, Kitab-\u0131 Dedem Korkut ve K\u0131p\u00e7ak Sahas\u0131 Epik Destan Gelene\u011fi, K\u0131rg\u0131z Folklor Tarihi \/ Manas Destan\u0131 \u00dczerine Bir \u0130nceleme (K\u0131rg\u0131zcadan \u00c7eviri), Bir Halk Kitab\u0131 Olarak Mevlid\u00fc\u2019n-Nebi, Tarih ve Folklor Ba\u011flam\u0131nda Hac\u0131 Murad-\u0131 Veli \u00dczerine Bir Ara\u015ft\u0131rma, Geleneksel Hongoray \u015eamanl\u0131\u011f\u0131 (Rus\u00e7adan \u00c7eviri), K\u0131rg\u0131z Destanlar\u0131 17 \/ Kurmanbek Destan\u0131, Hat Sanat\u0131nda K\u0131rk Besmele K\u0131rk Had\u00ees, (Emrullah Tekin ile) <\/p>\n","protected":false},"excerpt":{"rendered":"<p>KARACAO\u011eLAN T\u00fcrk halk \u015fiiri, ba\u015flang\u0131\u00e7tan beri \u00e2\u015f\u0131klar\u0131n \/ ozanlar\u0131n \u201cilden ile beyden bey\u201de kopuzlar\u0131 \/ sazlar\u0131 e\u015fli\u011finde icra etti\u011fi geleneksel mahsuller olmas\u0131ndan \u00f6t\u00fcr\u00fc T\u00fcrk dilinin en<span class=\"excerpt-hellip\"> [\u2026]<\/span><\/p>\n","protected":false},"featured_media":0,"template":"","meta":{"_monsterinsights_skip_tracking":false,"_monsterinsights_sitenote_active":false,"_monsterinsights_sitenote_note":"","_monsterinsights_sitenote_category":0},"product_brand":[],"product_cat":[14009,12291],"product_tag":[],"class_list":{"0":"post-735612","1":"product","2":"type-product","3":"status-publish","5":"product_cat-biyografi-otobiyografi-edebiyat","6":"product_cat-edebiyat","7":"pa_cilt-ciltsiz","8":"pa_tur-kitap","9":"pa_yayinevi-muhit-kitap","10":"pa_yazar-abdulselam-arvas","12":"first","13":"instock","14":"sale","15":"shipping-taxable","16":"purchasable","17":"product-type-simple"},"_links":{"self":[{"href":"https:\/\/roveyayinevi.com.tr\/index.php\/wp-json\/wp\/v2\/product\/735612","targetHints":{"allow":["GET"]}}],"collection":[{"href":"https:\/\/roveyayinevi.com.tr\/index.php\/wp-json\/wp\/v2\/product"}],"about":[{"href":"https:\/\/roveyayinevi.com.tr\/index.php\/wp-json\/wp\/v2\/types\/product"}],"wp:attachment":[{"href":"https:\/\/roveyayinevi.com.tr\/index.php\/wp-json\/wp\/v2\/media?parent=735612"}],"wp:term":[{"taxonomy":"product_brand","embeddable":true,"href":"https:\/\/roveyayinevi.com.tr\/index.php\/wp-json\/wp\/v2\/product_brand?post=735612"},{"taxonomy":"product_cat","embeddable":true,"href":"https:\/\/roveyayinevi.com.tr\/index.php\/wp-json\/wp\/v2\/product_cat?post=735612"},{"taxonomy":"product_tag","embeddable":true,"href":"https:\/\/roveyayinevi.com.tr\/index.php\/wp-json\/wp\/v2\/product_tag?post=735612"}],"curies":[{"name":"wp","href":"https:\/\/api.w.org\/{rel}","templated":true}]}}