{"id":735590,"date":"2025-08-27T22:50:34","date_gmt":"2025-08-27T19:50:34","guid":{"rendered":"https:\/\/roveyayinevi.com.tr\/index.php\/urun\/semenderlerle-savas\/"},"modified":"2026-04-16T02:43:52","modified_gmt":"2026-04-15T23:43:52","slug":"semenderlerle-savas","status":"publish","type":"product","link":"https:\/\/roveyayinevi.com.tr\/index.php\/urun\/semenderlerle-savas\/","title":{"rendered":"Semenderlerle Sava\u015f"},"content":{"rendered":"<p>\u201cSemenderlerle Sava\u015f hi\u00e7bir zaman unutulmayacak bir eser. \u010capek muhtemelen totaliter bir d\u00fcnyan\u0131n deh\u015fetini \u00f6ng\u00f6ren ilk Avrupal\u0131 yazar.\u201d \u2013Milan Kundera   \u201cKarel \u010capek, Zamyatin\u2019le birlikte iki d\u00fcnya sava\u015f\u0131 aras\u0131nda eser vermi\u015f en \u00f6nemli uluslararas\u0131 bilimkurgu yazar\u0131d\u0131r.\u201d  \u2013Darko Suvin\u201cE\u011eER B\u00dcT\u00dcN BUNLAR B\u0130R \u00dcTOPYA G\u0130B\u0130 G\u00d6R\u00dcN\u00dcYORSA KUSURA BAKMAYIN, BAYLAR AMA GER\u00c7EKTEN DE B\u0130R \u00dcTOPYA\u2019YA ADIM ATMAK \u00dcZEREY\u0130Z.\u201d   T\u00fcm belirtilerin b\u00fcy\u00fck bir sava\u015f\u0131 ve tiranl\u0131\u011f\u0131n dirili\u015fini i\u015faret etti\u011fi bir \u00e7a\u011f\u0131 ya\u015famas\u0131na kar\u015f\u0131n mizah\u0131ndan taviz vermeyen, hicvi totaliterli\u011fe kar\u015f\u0131 etkin bir silah olarak kullanan Karel \u010capek\u2019in ba\u015fyap\u0131t\u0131 Semenderlerle Sava\u015f, yazar\u0131n k\u00fc\u00e7\u00fck ve kendi h\u00e2lindeki \u00fclkesi \u00c7ekoslovakya\u2019dan t\u00fcm insanl\u0131\u011fa yapt\u0131\u011f\u0131 bir uyar\u0131 niteli\u011finde.   \u0130nsanl\u0131\u011f\u0131, gezegenin h\u00e2kimiyeti i\u00e7in semenderlerle sava\u015fa tutu\u015fmaya g\u00f6t\u00fcren olaylar zinciri Pasifik\u2019teki k\u00fc\u00e7\u00fck bir adada ba\u015flad\u0131. \u0130nci avc\u0131s\u0131 Kaptan von Toch bir g\u00fcn bu i\u015fi insanlardan \u00e7ok daha ucuza ve lay\u0131k\u0131yla yapacak yeni bir t\u00fcrle kar\u015f\u0131la\u015ft\u0131: Semenderler.   Semenderlerin gezegendeki t\u00fcm k\u0131y\u0131lara yay\u0131lmas\u0131ndaki esas ba\u015far\u0131 ise daha fazla k\u00e2r u\u011fruna hi\u00e7bir s\u0131n\u0131r\u0131 a\u015fmaktan imtina etmeyecek olan ekonomik sistemdeydi. Ucuz i\u015fg\u00fcc\u00fc olarak kullan\u0131lan semenderler \u00f6nce ekonomide, ard\u0131ndan da siyaset ve k\u00fclt\u00fcrde beklenmedik bir devrim yapmay\u0131 ba\u015fard\u0131.   D\u00fcnya\u2019da Alt\u0131n \u00c7a\u011f ya\u015fan\u0131yordu ama g\u00f6r\u00fcnen o ki Alt\u0131n \u00c7a\u011f\u2019\u0131n insanlara m\u0131 yoksa semenderlere mi ait oldu\u011fu konusu muallakt\u0131.   Semenderlerle Sava\u015f, insan\u0131n i\u00e7indeki karanl\u0131\u011f\u0131n bir aynas\u0131. <\/p>\n","protected":false},"excerpt":{"rendered":"<p>\u201cSemenderlerle Sava\u015f hi\u00e7bir zaman unutulmayacak bir eser. \u010capek muhtemelen totaliter bir d\u00fcnyan\u0131n deh\u015fetini \u00f6ng\u00f6ren ilk Avrupal\u0131 yazar.\u201d \u2013Milan Kundera \u201cKarel \u010capek, Zamyatin\u2019le birlikte iki d\u00fcnya sava\u015f\u0131<span class=\"excerpt-hellip\"> [\u2026]<\/span><\/p>\n","protected":false},"featured_media":0,"template":"","meta":{"_monsterinsights_skip_tracking":false,"_monsterinsights_sitenote_active":false,"_monsterinsights_sitenote_note":"","_monsterinsights_sitenote_category":0},"product_brand":[],"product_cat":[12540,12291],"product_tag":[],"class_list":{"0":"post-735590","1":"product","2":"type-product","3":"status-publish","5":"product_cat-bilim-kurgu","6":"product_cat-edebiyat","7":"pa_cilt-ciltsiz","8":"pa_tur-kitap","9":"pa_yayinevi-ithaki-yayinlari","10":"pa_yazar-karel-capek","12":"first","13":"instock","14":"sale","15":"shipping-taxable","16":"purchasable","17":"product-type-simple"},"_links":{"self":[{"href":"https:\/\/roveyayinevi.com.tr\/index.php\/wp-json\/wp\/v2\/product\/735590","targetHints":{"allow":["GET"]}}],"collection":[{"href":"https:\/\/roveyayinevi.com.tr\/index.php\/wp-json\/wp\/v2\/product"}],"about":[{"href":"https:\/\/roveyayinevi.com.tr\/index.php\/wp-json\/wp\/v2\/types\/product"}],"wp:attachment":[{"href":"https:\/\/roveyayinevi.com.tr\/index.php\/wp-json\/wp\/v2\/media?parent=735590"}],"wp:term":[{"taxonomy":"product_brand","embeddable":true,"href":"https:\/\/roveyayinevi.com.tr\/index.php\/wp-json\/wp\/v2\/product_brand?post=735590"},{"taxonomy":"product_cat","embeddable":true,"href":"https:\/\/roveyayinevi.com.tr\/index.php\/wp-json\/wp\/v2\/product_cat?post=735590"},{"taxonomy":"product_tag","embeddable":true,"href":"https:\/\/roveyayinevi.com.tr\/index.php\/wp-json\/wp\/v2\/product_tag?post=735590"}],"curies":[{"name":"wp","href":"https:\/\/api.w.org\/{rel}","templated":true}]}}