{"id":735474,"date":"2025-08-27T22:48:35","date_gmt":"2025-08-27T19:48:35","guid":{"rendered":"https:\/\/roveyayinevi.com.tr\/index.php\/urun\/ne-icindeyiz-ne-disinda\/"},"modified":"2026-04-16T02:43:47","modified_gmt":"2026-04-15T23:43:47","slug":"ne-icindeyiz-ne-disinda","status":"publish","type":"product","link":"https:\/\/roveyayinevi.com.tr\/index.php\/urun\/ne-icindeyiz-ne-disinda\/","title":{"rendered":"Ne \u0130\u00e7indeyiz Ne D\u0131\u015f\u0131nda"},"content":{"rendered":"<p>\u00b7         \u0130smet \u0130n\u00f6n\u00fc\u2019n\u00fcn Damat Ferit Pa\u015fa hakk\u0131ndaki d\u00fc\u015f\u00fcncesi neydi? \u00b7         Atat\u00fcrk, Meclis\u2019i neden kapatmak istedi? \u00b7         Bursa Nutku ger\u00e7ek mi de\u011fil mi? \u00b7         N\u00e2z\u0131m Hikmet\u2019in Atat\u00fcrk hakk\u0131ndaki d\u00fc\u015f\u00fcnceleri nelerdi? \u00b7         Cel\u00e2l Bayar Yass\u0131ada\u2019da idamdan nas\u0131l kurtuldu? \u00b7         Johnson Mektubu\u2019nun perde arkas\u0131nda neler var? \u00b7         Sovyet Rusya\u2019n\u0131n en g\u00fcvendi\u011fi T\u00fcrk siyaset\u00e7i kimdi? \u00b7         \u201cOrtan\u0131n solu\u201d slogan\u0131n\u0131 ilk kim kulland\u0131? \u00b7         AP\u2019de b\u00f6l\u00fcnmeye yol a\u00e7an 72\u2019ler hareketi nas\u0131l ortaya \u00e7\u0131kt\u0131? \u00b7         12 Mart d\u00f6neminde Nihat Erim, nas\u0131l ba\u015fbakan oldu? \u00b7         Elrom neden ka\u00e7\u0131r\u0131ld\u0131? Elrom olay\u0131nda neler ya\u015fand\u0131?  T\u00fcrkiye\u2019de son y\u0131llarda yak\u0131n tarihe olan ilginin artt\u0131\u011f\u0131 yads\u0131namaz bir ger\u00e7ek. Gittik\u00e7e artan bu ilgiye paralel olarak \u00e7ok say\u0131da de\u011ferli ara\u015ft\u0131rma veya hat\u0131rat kitaplar\u0131 raflar\u0131 doldururken s\u00f6zl\u00fc tarih alan\u0131nda yap\u0131lan \u00e7al\u0131\u015fmalar\u0131n s\u0131n\u0131rl\u0131 kald\u0131\u011f\u0131 da bir ba\u015fka ger\u00e7ektir. Elinizdeki bu kitapta Cumhuriyet tarihine tan\u0131kl\u0131k etmi\u015f birbirinden de\u011ferli insanlar Atat\u00fcrk\u2019ten \u0130smet \u0130n\u00f6n\u00fc\u2019ye, Hasan \u00c2li Y\u00fccel\u2019den N\u00e2z\u0131m Hikmet\u2019e, Adnan Menderes\u2019ten Cel\u00e2l Bayar\u2019a, Nihat Erim\u2019den B\u00fclent Ecevit\u2019e ve S\u00fcleyman Demirel\u2019e kadar payla\u015ft\u0131klar\u0131 hat\u0131ra ve izlenimleriyle y\u00fczy\u0131la yakla\u015fan Cumhuriyet tarihimizden de kesitler sundular.   R\u00f6portaj yap\u0131lan isimler: Altan \u00d6ymen \u00d6zden Toker Ferruh Bozbeyli H\u00fcsamettin Cindoruk H\u0131fz\u0131 Topuz Orhan Birgit Bedii Faik Kurtul Altu\u011f Nermin Abadan Unat Alev Co\u015fkun Erol K\u00f6se Bora Gezmi\u015f Hasan Korkmazcan G\u00fcner \u00d6ztek Ali Sirmen Mustafa Timisi I\u015f\u0131l \u00d6nalp Ak\u0131n \u00d6nalp <\/p>\n","protected":false},"excerpt":{"rendered":"<p>\u00b7 \u0130smet \u0130n\u00f6n\u00fc\u2019n\u00fcn Damat Ferit Pa\u015fa hakk\u0131ndaki d\u00fc\u015f\u00fcncesi neydi? \u00b7 Atat\u00fcrk, Meclis\u2019i neden kapatmak istedi? \u00b7 Bursa Nutku ger\u00e7ek mi de\u011fil mi? \u00b7 N\u00e2z\u0131m Hikmet\u2019in Atat\u00fcrk<span class=\"excerpt-hellip\"> [\u2026]<\/span><\/p>\n","protected":false},"featured_media":0,"template":"","meta":{"_monsterinsights_skip_tracking":false,"_monsterinsights_sitenote_active":false,"_monsterinsights_sitenote_note":"","_monsterinsights_sitenote_category":0},"product_brand":[],"product_cat":[12291,30969],"product_tag":[],"class_list":{"0":"post-735474","1":"product","2":"type-product","3":"status-publish","5":"product_cat-edebiyat","6":"product_cat-soylesi-edebiyat","7":"pa_cilt-ciltsiz","8":"pa_tur-kitap","9":"pa_yayinevi-bilgi-yayinevi","10":"pa_yazar-ahmet-gulen","12":"first","13":"instock","14":"sale","15":"shipping-taxable","16":"purchasable","17":"product-type-simple"},"_links":{"self":[{"href":"https:\/\/roveyayinevi.com.tr\/index.php\/wp-json\/wp\/v2\/product\/735474","targetHints":{"allow":["GET"]}}],"collection":[{"href":"https:\/\/roveyayinevi.com.tr\/index.php\/wp-json\/wp\/v2\/product"}],"about":[{"href":"https:\/\/roveyayinevi.com.tr\/index.php\/wp-json\/wp\/v2\/types\/product"}],"wp:attachment":[{"href":"https:\/\/roveyayinevi.com.tr\/index.php\/wp-json\/wp\/v2\/media?parent=735474"}],"wp:term":[{"taxonomy":"product_brand","embeddable":true,"href":"https:\/\/roveyayinevi.com.tr\/index.php\/wp-json\/wp\/v2\/product_brand?post=735474"},{"taxonomy":"product_cat","embeddable":true,"href":"https:\/\/roveyayinevi.com.tr\/index.php\/wp-json\/wp\/v2\/product_cat?post=735474"},{"taxonomy":"product_tag","embeddable":true,"href":"https:\/\/roveyayinevi.com.tr\/index.php\/wp-json\/wp\/v2\/product_tag?post=735474"}],"curies":[{"name":"wp","href":"https:\/\/api.w.org\/{rel}","templated":true}]}}