{"id":735433,"date":"2025-08-27T22:47:50","date_gmt":"2025-08-27T19:47:50","guid":{"rendered":"https:\/\/roveyayinevi.com.tr\/index.php\/urun\/14-yuzyilda-anadoluda-ermeniler\/"},"modified":"2026-04-16T02:43:46","modified_gmt":"2026-04-15T23:43:46","slug":"14-yuzyilda-anadoluda-ermeniler","status":"publish","type":"product","link":"https:\/\/roveyayinevi.com.tr\/index.php\/urun\/14-yuzyilda-anadoluda-ermeniler\/","title":{"rendered":"14. Y\u00fczy\u0131lda Anadolu\u2019da Ermeniler"},"content":{"rendered":"<p>T\u00fcrkiye&#8217;de Ermeniler \u00fczerine yap\u0131lan \u00e7al\u0131\u015fmalar 1878 y\u0131l\u0131nda imzalanan Berlin Antla\u015fmas\u0131\u2019ndan sonra ba\u015flayan ve 1915 tehcirine kadar cereyan eden olaylarla s\u0131n\u0131rl\u0131 kalm\u0131\u015ft\u0131r. Bu tarihten \u00f6nce Ermenilerin yerle\u015fim yerleri, n\u00fcfus ve sosyo-ekonomik durumlar\u0131 hakk\u0131nda yap\u0131lan \u00e7al\u0131\u015fmalar yok denecek kadar azd\u0131r. Oysa T\u00fcrklerle Ermenilerin ili\u015fkileri Anadolu\u2019nun ilk fetih y\u0131llar\u0131ndan ba\u015flar. Bu d\u00f6nem i\u00e7inde geni\u015f bir k\u00fclt\u00fcr al\u0131\u015fveri\u015fine ve y\u00fcksek bir birlikte ya\u015fama tecr\u00fcbesine \u00f6rnek olu\u015ftururlar. T\u00fcrkler ve Ermeniler sadece idare edenler ve edilenler de\u011fil, ayn\u0131 mahalle veya k\u00f6yde kom\u015fu, tarlada veya pazarda i\u015f orta\u011f\u0131, de\u011firmende veya at\u00f6lyede usta \u00e7\u0131rakt\u0131rlar ta ki bu sihir bozulana dek.Bu kitap, XVI. y\u00fczy\u0131lda Anadolu co\u011frafyas\u0131nda Ermenilerin sosyo-ekonomik yap\u0131lar\u0131, da\u011f\u0131ld\u0131klar\u0131 sahalar, n\u00fcfus durumlar\u0131, yerle\u015fim yerleri ve bulunduklar\u0131 b\u00f6lgelerde M\u00fcsl\u00fcman n\u00fcfusa oranlar\u0131n\u0131 incelemeye odaklan\u0131yor. \u00c7al\u0131\u015fma yap\u0131l\u0131rken XVI. y\u00fczy\u0131la ait y\u00fczlerce Tahrir Defteri, binlerce vesika g\u00f6zden ge\u00e7irildi. Yerli ve yabanc\u0131 seyyahlar\u0131n eserleri, T\u00fcrk ve Ermeni yazarlar\u0131n yay\u0131nlar\u0131 tarand\u0131. B\u00f6ylece ilk defa XVI. y\u00fczy\u0131lda Anadolu Ermenilerine dair geni\u015f bir de\u011ferlendirme ortaya konuldu.<\/p>\n","protected":false},"excerpt":{"rendered":"<p>T\u00fcrkiye&#8217;de Ermeniler \u00fczerine yap\u0131lan \u00e7al\u0131\u015fmalar 1878 y\u0131l\u0131nda imzalanan Berlin Antla\u015fmas\u0131\u2019ndan sonra ba\u015flayan ve 1915 tehcirine kadar cereyan eden olaylarla s\u0131n\u0131rl\u0131 kalm\u0131\u015ft\u0131r. Bu tarihten \u00f6nce Ermenilerin yerle\u015fim<span class=\"excerpt-hellip\"> [\u2026]<\/span><\/p>\n","protected":false},"featured_media":0,"template":"","meta":{"_monsterinsights_skip_tracking":false,"_monsterinsights_sitenote_active":false,"_monsterinsights_sitenote_note":"","_monsterinsights_sitenote_category":0},"product_brand":[],"product_cat":[12370,12304],"product_tag":[],"class_list":{"0":"post-735433","1":"product","2":"type-product","3":"status-publish","5":"product_cat-arastirma-inceleme","6":"product_cat-tarih","7":"pa_cilt-ciltsiz","8":"pa_tur-kitap","9":"pa_yayinevi-yeditepe-yayinevi","10":"pa_yazar-seyran-aktas-batar","12":"first","13":"instock","14":"sale","15":"shipping-taxable","16":"purchasable","17":"product-type-simple"},"_links":{"self":[{"href":"https:\/\/roveyayinevi.com.tr\/index.php\/wp-json\/wp\/v2\/product\/735433","targetHints":{"allow":["GET"]}}],"collection":[{"href":"https:\/\/roveyayinevi.com.tr\/index.php\/wp-json\/wp\/v2\/product"}],"about":[{"href":"https:\/\/roveyayinevi.com.tr\/index.php\/wp-json\/wp\/v2\/types\/product"}],"wp:attachment":[{"href":"https:\/\/roveyayinevi.com.tr\/index.php\/wp-json\/wp\/v2\/media?parent=735433"}],"wp:term":[{"taxonomy":"product_brand","embeddable":true,"href":"https:\/\/roveyayinevi.com.tr\/index.php\/wp-json\/wp\/v2\/product_brand?post=735433"},{"taxonomy":"product_cat","embeddable":true,"href":"https:\/\/roveyayinevi.com.tr\/index.php\/wp-json\/wp\/v2\/product_cat?post=735433"},{"taxonomy":"product_tag","embeddable":true,"href":"https:\/\/roveyayinevi.com.tr\/index.php\/wp-json\/wp\/v2\/product_tag?post=735433"}],"curies":[{"name":"wp","href":"https:\/\/api.w.org\/{rel}","templated":true}]}}