{"id":735432,"date":"2025-08-27T22:47:49","date_gmt":"2025-08-27T19:47:49","guid":{"rendered":"https:\/\/roveyayinevi.com.tr\/index.php\/urun\/covid-19-salgininin-yasamimiza-etkileri\/"},"modified":"2026-04-16T02:43:46","modified_gmt":"2026-04-15T23:43:46","slug":"covid-19-salgininin-yasamimiza-etkileri","status":"publish","type":"product","link":"https:\/\/roveyayinevi.com.tr\/index.php\/urun\/covid-19-salgininin-yasamimiza-etkileri\/","title":{"rendered":"Covid-19 Salg\u0131n\u0131n\u0131n Ya\u015fam\u0131m\u0131za Etkileri"},"content":{"rendered":"<p>T\u00fcm d\u00fcnyada etkisini g\u00f6steren COVID-19 salg\u0131n\u0131 politik, ekonomik, sosyo-k\u00fclt\u00fcrel, teknolojik, hukuksal de\u011fi\u015fim ve d\u00f6n\u00fc\u015f\u00fcmlere neden olmaktad\u0131r. Salg\u0131n d\u00f6neminde bireyler, \u015firketler, sekt\u00f6rler ve genel olarak \u00fclkeler ortaya \u00e7\u0131kan sorunlarla m\u00fccadele etmek i\u00e7in \u00e7e\u015fitli yol-y\u00f6ntemler uygulamakta ve zararlar\u0131n\u0131 azaltmaya \u00e7al\u0131\u015fmaktad\u0131r. Bundan sonraki s\u00fcre\u00e7te ba\u015fta k\u00fcresel iklim krizi kaynakl\u0131 olmak \u00fczere, \u00e7e\u015fitli nedenlerle COVID-19 benzeri salg\u0131nlar\u0131n olumsuz etkiler \u00fcretmesi potansiyel senaryolar aras\u0131nda de\u011ferlendirilmektedir. Bu durum da g\u00f6stermektedir ki bu t\u00fcrden salg\u0131nlar tek tek \u00fclkeleri de\u011fil b\u00fct\u00fcn d\u00fcnyay\u0131 etkileyen sonu\u00e7lar \u00fcretmektedir. Salg\u0131n s\u0131ras\u0131nda hangi eylemlerin ger\u00e7ekle\u015fti\u011fini ve hangi \u00f6nlemlerin do\u011fru bir \u015fekilde al\u0131nd\u0131\u011f\u0131n\u0131 ve neyin yanl\u0131\u015f gitti\u011fini de\u011ferlendirmek, gelecekte herhangi bir salg\u0131n veya benzeri ani de\u011fi\u015fiklik durumunda i\u015flerin daha verimli \u015fekilde ele al\u0131nmas\u0131na haz\u0131rl\u0131kl\u0131 olunmas\u0131n\u0131 sa\u011flayacakt\u0131r. Bu \u00e7al\u0131\u015fma, e\u011fitim, politik, sa\u011fl\u0131k, ula\u015f\u0131m, iklim, uluslararas\u0131 ili\u015fkiler ve sivil toplum kurulu\u015flar\u0131 gibi \u00e7e\u015fitli fakt\u00f6rlerin analiz edilmesine ve anla\u015f\u0131lmas\u0131na katk\u0131da bulunacakt\u0131r.<\/p>\n","protected":false},"excerpt":{"rendered":"<p>T\u00fcm d\u00fcnyada etkisini g\u00f6steren COVID-19 salg\u0131n\u0131 politik, ekonomik, sosyo-k\u00fclt\u00fcrel, teknolojik, hukuksal de\u011fi\u015fim ve d\u00f6n\u00fc\u015f\u00fcmlere neden olmaktad\u0131r. Salg\u0131n d\u00f6neminde bireyler, \u015firketler, sekt\u00f6rler ve genel olarak \u00fclkeler ortaya<span class=\"excerpt-hellip\"> [\u2026]<\/span><\/p>\n","protected":false},"featured_media":0,"template":"","meta":{"_monsterinsights_skip_tracking":false,"_monsterinsights_sitenote_active":false,"_monsterinsights_sitenote_note":"","_monsterinsights_sitenote_category":0},"product_brand":[],"product_cat":[12364,16266],"product_tag":[],"class_list":{"0":"post-735432","1":"product","2":"type-product","3":"status-publish","5":"product_cat-genel-konular","6":"product_cat-referans-kaynak-kitap","7":"pa_cilt-ciltsiz","8":"pa_tur-kitap","9":"pa_yayinevi-yeditepe-yayinevi","10":"pa_yazar-ismail-h-demircioglu-can-ozan-tuncer","12":"first","13":"instock","14":"sale","15":"shipping-taxable","16":"purchasable","17":"product-type-simple"},"_links":{"self":[{"href":"https:\/\/roveyayinevi.com.tr\/index.php\/wp-json\/wp\/v2\/product\/735432","targetHints":{"allow":["GET"]}}],"collection":[{"href":"https:\/\/roveyayinevi.com.tr\/index.php\/wp-json\/wp\/v2\/product"}],"about":[{"href":"https:\/\/roveyayinevi.com.tr\/index.php\/wp-json\/wp\/v2\/types\/product"}],"wp:attachment":[{"href":"https:\/\/roveyayinevi.com.tr\/index.php\/wp-json\/wp\/v2\/media?parent=735432"}],"wp:term":[{"taxonomy":"product_brand","embeddable":true,"href":"https:\/\/roveyayinevi.com.tr\/index.php\/wp-json\/wp\/v2\/product_brand?post=735432"},{"taxonomy":"product_cat","embeddable":true,"href":"https:\/\/roveyayinevi.com.tr\/index.php\/wp-json\/wp\/v2\/product_cat?post=735432"},{"taxonomy":"product_tag","embeddable":true,"href":"https:\/\/roveyayinevi.com.tr\/index.php\/wp-json\/wp\/v2\/product_tag?post=735432"}],"curies":[{"name":"wp","href":"https:\/\/api.w.org\/{rel}","templated":true}]}}