{"id":735401,"date":"2025-08-27T22:47:11","date_gmt":"2025-08-27T19:47:11","guid":{"rendered":"https:\/\/roveyayinevi.com.tr\/index.php\/urun\/talibanin-afganistani\/"},"modified":"2026-04-16T02:43:44","modified_gmt":"2026-04-15T23:43:44","slug":"talibanin-afganistani","status":"publish","type":"product","link":"https:\/\/roveyayinevi.com.tr\/index.php\/urun\/talibanin-afganistani\/","title":{"rendered":"Taliban&#8217;\u0131n Afganistan&#8217;\u0131"},"content":{"rendered":"<p>19. y\u00fczy\u0131lda kolonyal yay\u0131lmac\u0131 ideolojinin sald\u0131r\u0131s\u0131na u\u011frayan Afganistan, 20. y\u00fczy\u0131lda sosyalist ideolojinin tecav\u00fcz\u00fcne maruz kalm\u0131\u015f ve nihayet 21. y\u00fczy\u0131lda vah\u015fi ve barbar kapitalizmin esiri h\u00e2line gelmi\u015ftir. \u00dcst \u00fcste ve kesintisiz bir bi\u00e7imde ger\u00e7ekle\u015fen bu dayatmac\u0131 ideolojilerin i\u015fgalleri y\u00fcz\u00fcnden Afganistan\u2019\u0131n sosyoekonomik yap\u0131s\u0131 bozulmu\u015f, siyasi istikrars\u0131zl\u0131k farkl\u0131 toplum kesimleri aras\u0131ndaki diyalo\u011fu kesintiye u\u011fratm\u0131\u015f ve silahlar\u0131n konu\u015ftu\u011fu bir ortamda uzla\u015fma k\u00fclt\u00fcr\u00fc imk\u00e2ns\u0131zla\u015fm\u0131\u015ft\u0131r. Rusya\u2019n\u0131n s\u0131cak denizlere inme, ABD\u2019nin b\u00f6lgedeki enerji kaynaklar\u0131n\u0131 kontrol etme, \u00c7in\u2019in Ku\u015fak Yol Projesi\u2019yle hegemon g\u00fc\u00e7 olma ve \u0130ran\u2019\u0131n ak\u0131l d\u0131\u015f\u0131 \u015ei\u00ee fanatizmiyle b\u00f6lgeyi ter\u00f6rize etme ideallerinin yaratt\u0131\u011f\u0131 rekabet ve meydan okumaya mukabil i\u015fgale direndi\u011fini savunan temel akt\u00f6rler, -m\u00fccahidler, Taliban, y\u00f6netici elit- i\u015fgalci g\u00fc\u00e7lerin birer ta\u015feronu\/s\u00f6zc\u00fcs\u00fc olmaktan \u00f6teye gidememi\u015ftir. Dolay\u0131s\u0131yla d\u00fcnyaya h\u00e2kim olmak isteyen t\u00fcm emperyalist g\u00fc\u00e7lerin yolu Afganistan\u2019dan ge\u00e7mi\u015f olmakla beraber bu g\u00fc\u00e7lerin tamam\u0131 hezimete u\u011framaktan kurtulamam\u0131\u015f ve istedi\u011fini alamadan b\u00f6lgeyi terk etmek zorunda kalm\u0131\u015ft\u0131r. Jeopolitik konumuyla her d\u00f6nem uluslararas\u0131 kamuoyunun g\u00fcndeminden d\u00fc\u015fmeyen Afganistan, uluslararas\u0131 dengelerin in\u015fas\u0131nda, ittifaklar\u0131n \u015fekillenmesinde ve d\u00fcnya d\u00fczenlerinin olu\u015fumunda domino etkisi yaratm\u0131\u015ft\u0131r. Elinizdeki kitap, tarihten bug\u00fcne devam eden g\u00fc\u00e7l\u00fc ili\u015fkiler ve ortak de\u011ferlerden hareket eden ve Afganistan\u2019\u0131n istikbali i\u00e7in i\u00e7inde endi\u015fe ta\u015f\u0131yan bir T\u00fcrk, bir Afgan iki bilim insan\u0131n\u0131n olup biteni anlama, Taliban y\u00f6netimindeki Afganistan\u2019\u0131n hangi istikamete do\u011fru ilerleyece\u011fini kestirme ve devlet olma ve ulusla\u015fma m\u00fccadelesinde yap\u0131labilecekler \u00fczerinde kafa yormas\u0131n\u0131n bir \u00fcr\u00fcn\u00fc olarak ortaya \u00e7\u0131km\u0131\u015ft\u0131r. Eser, bug\u00fcnden geriye do\u011fru bakarak Afganistan\u2019\u0131 T\u00fcrk okuyucusuna yak\u0131ndan tan\u0131tmay\u0131 ve bu sayede T\u00fcrk-Afgan dostlu\u011funun gelecekte de derinle\u015ferek devam etmesine ve olduk\u00e7a realist bir model teklif ederek Afganistan\u2019\u0131n yeniden istikrar, refah ve s\u00fck\u00fbnet bulmas\u0131na katk\u0131 sunmay\u0131 hedeflemektedir.  <\/p>\n","protected":false},"excerpt":{"rendered":"<p>19. y\u00fczy\u0131lda kolonyal yay\u0131lmac\u0131 ideolojinin sald\u0131r\u0131s\u0131na u\u011frayan Afganistan, 20. y\u00fczy\u0131lda sosyalist ideolojinin tecav\u00fcz\u00fcne maruz kalm\u0131\u015f ve nihayet 21. y\u00fczy\u0131lda vah\u015fi ve barbar kapitalizmin esiri h\u00e2line gelmi\u015ftir.<span class=\"excerpt-hellip\"> [\u2026]<\/span><\/p>\n","protected":false},"featured_media":0,"template":"","meta":{"_monsterinsights_skip_tracking":false,"_monsterinsights_sitenote_active":false,"_monsterinsights_sitenote_note":"","_monsterinsights_sitenote_category":0},"product_brand":[],"product_cat":[12338,12337],"product_tag":[],"class_list":{"0":"post-735401","1":"product","2":"type-product","3":"status-publish","5":"product_cat-dunya-siyaseti-ve-politikasi","6":"product_cat-politika-siyaset","7":"pa_cilt-ciltsiz","8":"pa_tur-kitap","9":"pa_yayinevi-bilge-kultur-sanat","10":"pa_yazar-bilge-kultur-sanat-kolektif","12":"first","13":"instock","14":"sale","15":"shipping-taxable","16":"purchasable","17":"product-type-simple"},"_links":{"self":[{"href":"https:\/\/roveyayinevi.com.tr\/index.php\/wp-json\/wp\/v2\/product\/735401","targetHints":{"allow":["GET"]}}],"collection":[{"href":"https:\/\/roveyayinevi.com.tr\/index.php\/wp-json\/wp\/v2\/product"}],"about":[{"href":"https:\/\/roveyayinevi.com.tr\/index.php\/wp-json\/wp\/v2\/types\/product"}],"wp:attachment":[{"href":"https:\/\/roveyayinevi.com.tr\/index.php\/wp-json\/wp\/v2\/media?parent=735401"}],"wp:term":[{"taxonomy":"product_brand","embeddable":true,"href":"https:\/\/roveyayinevi.com.tr\/index.php\/wp-json\/wp\/v2\/product_brand?post=735401"},{"taxonomy":"product_cat","embeddable":true,"href":"https:\/\/roveyayinevi.com.tr\/index.php\/wp-json\/wp\/v2\/product_cat?post=735401"},{"taxonomy":"product_tag","embeddable":true,"href":"https:\/\/roveyayinevi.com.tr\/index.php\/wp-json\/wp\/v2\/product_tag?post=735401"}],"curies":[{"name":"wp","href":"https:\/\/api.w.org\/{rel}","templated":true}]}}