{"id":735400,"date":"2025-08-27T22:47:11","date_gmt":"2025-08-27T19:47:11","guid":{"rendered":"https:\/\/roveyayinevi.com.tr\/index.php\/urun\/osmanogullarinin-tarihi\/"},"modified":"2026-04-16T02:43:44","modified_gmt":"2026-04-15T23:43:44","slug":"osmanogullarinin-tarihi","status":"publish","type":"product","link":"https:\/\/roveyayinevi.com.tr\/index.php\/urun\/osmanogullarinin-tarihi\/","title":{"rendered":"Osmano\u011fullar\u0131&#8217;n\u0131n Tarihi"},"content":{"rendered":"<p>Osmanl\u0131 Devleti\u2019nin ilk \u00f6zg\u00fcn tarih kaynaklar\u0131ndan biri olan bu Tev\u00e2r\u00eeh-i \u00c2l-i Osm\u00e2n, bir Anonim tarih derleyicisi olan Muhyidd\u00een Mehmed b. Al\u00e2edd\u00een Ali el-Cem\u00e2l\u00ee taraf\u0131ndan derlenmi\u015ftir. Tev\u00e2r\u00eeh-i \u00c2l-i Osm\u00e2nlar, n\u00fcvesi II. Murad (1421-1451) devrinde olu\u015fan ve II. B\u00e2yez\u00eed (1481-1512) devrinde yaz\u0131lmaya ba\u015flanan ilk devir Osmanl\u0131 kronikleridir. Osmanl\u0131 devlet gelene\u011finin \u015fekillenmeye ba\u015flad\u0131\u011f\u0131 XV. y\u00fczy\u0131l\u0131n ilk yar\u0131s\u0131nda, halk \u00fczerinde hayranl\u0131k uyand\u0131rmaya ba\u015flayan Osmanl\u0131 hanedan \u00fcyelerinin ge\u00e7mi\u015fini \u00f6\u011frenmek amac\u0131yla kaleme al\u0131nm\u0131\u015flard\u0131r. Bu kronikler, halk\u0131n tarih dinleme ihtiyac\u0131n\u0131 gidermek amac\u0131yla, ulema tarih\u00e7ili\u011finin d\u0131\u015f\u0131nda, halk i\u00e7in yaz\u0131lm\u0131\u015f pop\u00fcler eserlerdir. Devletin kurulu\u015fundan, XVI. y\u00fczy\u0131l\u0131n ortalar\u0131na kadar, yakla\u015f\u0131k iki bu\u00e7uk y\u00fczy\u0131ll\u0131k bir d\u00f6nemi i\u00e7ermektedir. Muhyidd\u00een Mehmed Cem\u00e2l\u00ee\u2019nin derledi\u011fi bu Tev\u00e2r\u00eeh-i \u00c2l-i Osm\u00e2n, Avrupa\u2019da Osmanl\u0131 tarihi konusunda bilinen ilk eserlerden biri olup, ilk defa XVI. asr\u0131n sonlar\u0131nda Almanca ve Latinceye \u00e7evrilmi\u015ftir. Osmanl\u0131 tarihinin ilk d\u00f6nem kaynaklar\u0131ndan biri olan bu k\u0131ymetli eseri, Osmanl\u0131 tarihine ilgi duyan akademisyen, \u00f6\u011frenci ve her seviyeden okuyucunun hizmetine sunmaktan mutluluk duydu\u011fumuzu ifade etmek isterim.<\/p>\n","protected":false},"excerpt":{"rendered":"<p>Osmanl\u0131 Devleti\u2019nin ilk \u00f6zg\u00fcn tarih kaynaklar\u0131ndan biri olan bu Tev\u00e2r\u00eeh-i \u00c2l-i Osm\u00e2n, bir Anonim tarih derleyicisi olan Muhyidd\u00een Mehmed b. Al\u00e2edd\u00een Ali el-Cem\u00e2l\u00ee taraf\u0131ndan derlenmi\u015ftir. Tev\u00e2r\u00eeh-i<span class=\"excerpt-hellip\"> [\u2026]<\/span><\/p>\n","protected":false},"featured_media":0,"template":"","meta":{"_monsterinsights_skip_tracking":false,"_monsterinsights_sitenote_active":false,"_monsterinsights_sitenote_note":"","_monsterinsights_sitenote_category":0},"product_brand":[],"product_cat":[13517,12304],"product_tag":[],"class_list":{"0":"post-735400","1":"product","2":"type-product","3":"status-publish","5":"product_cat-osmanli-tarihi","6":"product_cat-tarih","7":"pa_cilt-ciltsiz","8":"pa_tur-kitap","9":"pa_yayinevi-bilge-kultur-sanat","10":"pa_yazar-muhyiddin-mehmed-cemali","12":"first","13":"instock","14":"sale","15":"shipping-taxable","16":"purchasable","17":"product-type-simple"},"_links":{"self":[{"href":"https:\/\/roveyayinevi.com.tr\/index.php\/wp-json\/wp\/v2\/product\/735400","targetHints":{"allow":["GET"]}}],"collection":[{"href":"https:\/\/roveyayinevi.com.tr\/index.php\/wp-json\/wp\/v2\/product"}],"about":[{"href":"https:\/\/roveyayinevi.com.tr\/index.php\/wp-json\/wp\/v2\/types\/product"}],"wp:attachment":[{"href":"https:\/\/roveyayinevi.com.tr\/index.php\/wp-json\/wp\/v2\/media?parent=735400"}],"wp:term":[{"taxonomy":"product_brand","embeddable":true,"href":"https:\/\/roveyayinevi.com.tr\/index.php\/wp-json\/wp\/v2\/product_brand?post=735400"},{"taxonomy":"product_cat","embeddable":true,"href":"https:\/\/roveyayinevi.com.tr\/index.php\/wp-json\/wp\/v2\/product_cat?post=735400"},{"taxonomy":"product_tag","embeddable":true,"href":"https:\/\/roveyayinevi.com.tr\/index.php\/wp-json\/wp\/v2\/product_tag?post=735400"}],"curies":[{"name":"wp","href":"https:\/\/api.w.org\/{rel}","templated":true}]}}