{"id":735320,"date":"2025-08-27T22:45:46","date_gmt":"2025-08-27T19:45:46","guid":{"rendered":"https:\/\/roveyayinevi.com.tr\/index.php\/urun\/avrupanin-entelektuel-tarihi\/"},"modified":"2026-04-16T02:43:40","modified_gmt":"2026-04-15T23:43:40","slug":"avrupanin-entelektuel-tarihi","status":"publish","type":"product","link":"https:\/\/roveyayinevi.com.tr\/index.php\/urun\/avrupanin-entelektuel-tarihi\/","title":{"rendered":"Avrupa&#8217;n\u0131n Entelekt\u00fcel Tarihi"},"content":{"rendered":"<p>Avrupa\u2019n\u0131n iki as\u0131rl\u0131k entelektu\u0308el gu\u0308zerga\u0302h\u0131n\u0131 ele alan bu c\u0327al\u0131s\u0327ma, yazarlar\u0131n, yay\u0131nevlerinin, c\u0327evirmenlerin, dergi c\u0327evrelerinin ve bilim insanlar\u0131n\u0131n, k\u0131sacas\u0131 k\u0131tan\u0131n du\u0308s\u0327u\u0308nsel manzaras\u0131n\u0131 bic\u0327imlendiren isimlerin u\u0308retimlerini ve kars\u0327\u0131las\u0327malar\u0131n\u0131 anlat\u0131yor. Du\u0308s\u0327u\u0308nce geleneklerinin fikir al\u0131s\u0327veris\u0327leriyle, aktar\u0131mlarla ve zengin temaslarla nas\u0131l gelis\u0327ip serpildig\u0306ini aktar\u0131yor. Konferanslar\u0131n, sergilerin, bilim toplant\u0131lar\u0131n\u0131n, edebiyat ve felsefe kitaplar\u0131n\u0131n, c\u0327evirinin, u\u0308niversitelerin Avrupas\u0131\u2019n\u0131 oldug\u0306u kadar savas\u0327\u0131n ve y\u0131k\u0131m\u0131n Avrupas\u0131\u2019n\u0131 da ayd\u0131nlara odaklanarak irdeliyor. Fas\u0327izm ve Sog\u0306uk Savas\u0327 gibi bu\u0308yu\u0308k tarihsel olaylar\u0131n yan\u0131 s\u0131ra Marksizm, H\u0131ristiyanl\u0131k ve c\u0327og\u0306ulculuk gibi bu\u0308yu\u0308k temalar etraf\u0131ndaki tart\u0131s\u0327malar\u0131 ele al\u0131yor. Franc\u0327ois Chaubet\u2019nin Avrupa\u2019n\u0131n Entelektu\u0308el Tarihi, kars\u0327\u0131las\u0327malar, aktar\u0131mlar ve yan yana gelis\u0327ler u\u0308zerinden o\u0308zel bir du\u0308s\u0327u\u0308nsel tarih okumas\u0131 o\u0308neren, fikirler tarihine giris\u0327 nitelig\u0306inde bir kaynak kitap.<\/p>\n","protected":false},"excerpt":{"rendered":"<p>Avrupa\u2019n\u0131n iki as\u0131rl\u0131k entelektu\u0308el gu\u0308zerga\u0302h\u0131n\u0131 ele alan bu c\u0327al\u0131s\u0327ma, yazarlar\u0131n, yay\u0131nevlerinin, c\u0327evirmenlerin, dergi c\u0327evrelerinin ve bilim insanlar\u0131n\u0131n, k\u0131sacas\u0131 k\u0131tan\u0131n du\u0308s\u0327u\u0308nsel manzaras\u0131n\u0131 bic\u0327imlendiren isimlerin u\u0308retimlerini ve kars\u0327\u0131las\u0327malar\u0131n\u0131<span class=\"excerpt-hellip\"> [\u2026]<\/span><\/p>\n","protected":false},"featured_media":0,"template":"","meta":{"_monsterinsights_skip_tracking":false,"_monsterinsights_sitenote_active":false,"_monsterinsights_sitenote_note":"","_monsterinsights_sitenote_category":0},"product_brand":[],"product_cat":[12305,12304],"product_tag":[],"class_list":{"0":"post-735320","1":"product","2":"type-product","3":"status-publish","5":"product_cat-dunya-tarihi","6":"product_cat-tarih","7":"pa_cilt-ciltsiz","8":"pa_tur-kitap","9":"pa_yayinevi-iletisim-yayinlari","10":"pa_yazar-francois-chaubet","12":"first","13":"instock","14":"sale","15":"shipping-taxable","16":"purchasable","17":"product-type-simple"},"_links":{"self":[{"href":"https:\/\/roveyayinevi.com.tr\/index.php\/wp-json\/wp\/v2\/product\/735320","targetHints":{"allow":["GET"]}}],"collection":[{"href":"https:\/\/roveyayinevi.com.tr\/index.php\/wp-json\/wp\/v2\/product"}],"about":[{"href":"https:\/\/roveyayinevi.com.tr\/index.php\/wp-json\/wp\/v2\/types\/product"}],"wp:attachment":[{"href":"https:\/\/roveyayinevi.com.tr\/index.php\/wp-json\/wp\/v2\/media?parent=735320"}],"wp:term":[{"taxonomy":"product_brand","embeddable":true,"href":"https:\/\/roveyayinevi.com.tr\/index.php\/wp-json\/wp\/v2\/product_brand?post=735320"},{"taxonomy":"product_cat","embeddable":true,"href":"https:\/\/roveyayinevi.com.tr\/index.php\/wp-json\/wp\/v2\/product_cat?post=735320"},{"taxonomy":"product_tag","embeddable":true,"href":"https:\/\/roveyayinevi.com.tr\/index.php\/wp-json\/wp\/v2\/product_tag?post=735320"}],"curies":[{"name":"wp","href":"https:\/\/api.w.org\/{rel}","templated":true}]}}