{"id":735292,"date":"2025-08-27T22:45:19","date_gmt":"2025-08-27T19:45:19","guid":{"rendered":"https:\/\/roveyayinevi.com.tr\/index.php\/urun\/asiretler-muhacirler-mubadiller-ve-multecilerin-iskani\/"},"modified":"2026-04-06T13:06:16","modified_gmt":"2026-04-06T10:06:16","slug":"asiretler-muhacirler-mubadiller-ve-multecilerin-iskani","status":"publish","type":"product","link":"https:\/\/roveyayinevi.com.tr\/index.php\/urun\/asiretler-muhacirler-mubadiller-ve-multecilerin-iskani\/","title":{"rendered":"A\u015firetler, Muhacirler, M\u00fcbadiller ve M\u00fcltecilerin \u0130skan\u0131"},"content":{"rendered":"<p>G\u00f6\u00e7, insanl\u0131k tarihinin en kritik eylemlerinden birisi\u2026 \u00dclkemizin bulundu\u011fu bu co\u011frafya da d\u00fcnyada g\u00f6\u00e7\u00fc en yo\u011fun ya\u015fayan b\u00f6lgeler aras\u0131nda yer al\u0131yor. Bir taraftan konar g\u00f6\u00e7er a\u015firetlerin isk\u00e2n\u0131, di\u011fer taraftan d\u0131\u015f g\u00f6\u00e7lerin getirdi\u011fi meydan okumalar, I. D\u00fcnya Sava\u015f\u0131\u2019n\u0131n neden oldu\u011fu g\u00f6\u00e7ler ve Cumhuriyet sonras\u0131 ya\u015fanan m\u00fcbadele s\u00fcreci, ileriki y\u0131llarda Balkanlardan gelen g\u00f6\u00e7 dalgalar\u0131 ve yerlerinden edilmi\u015f Suriyeliler\u2026 Nejla G\u00fcnay, b\u00fct\u00fcn bu s\u00fcre\u00e7lerin Osmanl\u0131 ve Cumhuriyet d\u00f6nemlerinde Mara\u015f ve \u00e7evresi \u00f6zelinde nas\u0131l ya\u015fand\u0131\u011f\u0131n\u0131, ar\u015fivlerden gerekli evraklara ula\u015farak donan\u0131ml\u0131 bir yetkinlikle ele al\u0131yor. G\u00f6\u00e7 ve isk\u00e2n s\u00fcre\u00e7lerinin y\u00f6netimi ayn\u0131 zamanda insan ili\u015fkilerini de y\u00f6netmek anlam\u0131na geliyor; bu a\u00e7\u0131dan Osmanl\u0131 ve Cumhuriyet y\u00f6netimlerinin bu meydan okumalara kar\u015f\u0131 geli\u015ftirdi\u011fi idari ve hukuki \u00e7\u00f6z\u00fcmler bug\u00fcn ya\u015fad\u0131\u011f\u0131m\u0131z g\u00f6\u00e7 sorunlar\u0131na \u00e7\u00f6z\u00fcm \u00fcretme aray\u0131\u015flar\u0131m\u0131za da zenginlik kazand\u0131racak ipu\u00e7lar\u0131 i\u00e7eriyor. Nejla G\u00fcnay\u2019\u0131n bu ara\u015ft\u0131rmas\u0131 g\u00f6\u00e7 tarihininin farkl\u0131 boyutlar\u0131n\u0131 Mara\u015f b\u00f6lgesine odaklanarak detayland\u0131r\u0131yor. A\u015firetler, Muhacirler, M\u00fcbadiller ve M\u00fcltecilerin \u0130sk\u00e2n\u0131, g\u00f6\u00e7 tarihi \u00e7al\u0131\u015fanlar\u0131n ba\u015fucu kitab\u0131 olmaya aday bir ara\u015ft\u0131rma.   Mehmet Akif Kire\u00e7ci<\/p>\n","protected":false},"excerpt":{"rendered":"<p>G\u00f6\u00e7, insanl\u0131k tarihinin en kritik eylemlerinden birisi\u2026 \u00dclkemizin bulundu\u011fu bu co\u011frafya da d\u00fcnyada g\u00f6\u00e7\u00fc en yo\u011fun ya\u015fayan b\u00f6lgeler aras\u0131nda yer al\u0131yor. Bir taraftan konar g\u00f6\u00e7er a\u015firetlerin<span class=\"excerpt-hellip\"> [\u2026]<\/span><\/p>\n","protected":false},"featured_media":0,"template":"","meta":{"_monsterinsights_skip_tracking":false,"_monsterinsights_sitenote_active":false,"_monsterinsights_sitenote_note":"","_monsterinsights_sitenote_category":0},"product_brand":[],"product_cat":[12370,12304],"product_tag":[],"class_list":{"0":"post-735292","1":"product","2":"type-product","3":"status-publish","5":"product_cat-arastirma-inceleme","6":"product_cat-tarih","7":"pa_cilt-ciltsiz","8":"pa_tur-kitap","9":"pa_yayinevi-yeditepe-yayinevi","10":"pa_yazar-nejla-gunay","12":"first","13":"instock","14":"sale","15":"shipping-taxable","16":"purchasable","17":"product-type-simple"},"_links":{"self":[{"href":"https:\/\/roveyayinevi.com.tr\/index.php\/wp-json\/wp\/v2\/product\/735292","targetHints":{"allow":["GET"]}}],"collection":[{"href":"https:\/\/roveyayinevi.com.tr\/index.php\/wp-json\/wp\/v2\/product"}],"about":[{"href":"https:\/\/roveyayinevi.com.tr\/index.php\/wp-json\/wp\/v2\/types\/product"}],"wp:attachment":[{"href":"https:\/\/roveyayinevi.com.tr\/index.php\/wp-json\/wp\/v2\/media?parent=735292"}],"wp:term":[{"taxonomy":"product_brand","embeddable":true,"href":"https:\/\/roveyayinevi.com.tr\/index.php\/wp-json\/wp\/v2\/product_brand?post=735292"},{"taxonomy":"product_cat","embeddable":true,"href":"https:\/\/roveyayinevi.com.tr\/index.php\/wp-json\/wp\/v2\/product_cat?post=735292"},{"taxonomy":"product_tag","embeddable":true,"href":"https:\/\/roveyayinevi.com.tr\/index.php\/wp-json\/wp\/v2\/product_tag?post=735292"}],"curies":[{"name":"wp","href":"https:\/\/api.w.org\/{rel}","templated":true}]}}