{"id":735260,"date":"2025-08-27T22:44:45","date_gmt":"2025-08-27T19:44:45","guid":{"rendered":"https:\/\/roveyayinevi.com.tr\/index.php\/urun\/osmanlilarda-kitap-ticareti-sahaflar-ve-kitapcilar-ciltli\/"},"modified":"2026-04-16T02:43:38","modified_gmt":"2026-04-15T23:43:38","slug":"osmanlilarda-kitap-ticareti-sahaflar-ve-kitapcilar-ciltli","status":"publish","type":"product","link":"https:\/\/roveyayinevi.com.tr\/index.php\/urun\/osmanlilarda-kitap-ticareti-sahaflar-ve-kitapcilar-ciltli\/","title":{"rendered":"Osmanl\u0131larda Kitap Ticareti &#8211; Sahaflar ve Kitap\u00e7\u0131lar (Ciltli)"},"content":{"rendered":"<p>Kitap k\u00fclt\u00fcr\u00fc konusunda \u00fclkemizin yeti\u015ftirdi\u011fi en \u00f6nemli isimlerden \u0130smail E. Er\u00fcnsal\u2019\u0131n y\u0131llar s\u00fcren yo\u011fun bir k\u00fct\u00fcphane ve ar\u015fiv mesaisinin \u00fcr\u00fcn\u00fc olan bu \u00e7al\u0131\u015fma, Osmanl\u0131 \u0130mparatorlu\u011fu\u2019nda kitap ticareti ile ge\u00e7imlerini sa\u011flayan meslek erbab\u0131n\u0131 konu edinmi\u015ftir. Osmanl\u0131 k\u00fclt\u00fcr hayat\u0131nda sahaflar\u0131n \u00f6nemli bir pay\u0131 olmas\u0131na ra\u011fmen bug\u00fcne kadar sahaflara dair monografik bir \u00e7al\u0131\u015fma yap\u0131lmam\u0131\u015ft\u0131r. Dolay\u0131s\u0131yla da sahafl\u0131\u011f\u0131n ve kitap ticaretinin tarih\u00ee geli\u015fimi, kitap k\u00fclt\u00fcr\u00fcn\u00fcn olu\u015fmas\u0131ndaki rol\u00fc ve bu k\u00fclt\u00fcr\u00fcn yayg\u0131nla\u015fmas\u0131ndaki \u00f6nemi yeterince ayd\u0131nlat\u0131lmam\u0131\u015ft\u0131r. Elinizdeki eser, Osmanl\u0131 \u0130mparatorlu\u011fu\u2019nda sahaflar\u0131n kimlikleri, nitelikleri, sosyal stat\u00fcleri, bir meslek \u00f6rg\u00fct\u00fc olarak sahaf loncas\u0131n\u0131n yap\u0131s\u0131 ile kitap ticaretinin nas\u0131l y\u00fcr\u00fct\u00fcld\u00fc\u011f\u00fc, kitaplar\u0131n isimleri, maddi de\u011ferleri, nerelerden ve nas\u0131l temin edildi\u011fi gibi konular ele al\u0131nm\u0131\u015ft\u0131r.Sahafl\u0131k mesle\u011fi XIX. as\u0131rda b\u00fcy\u00fck bir de\u011fi\u015fime u\u011fram\u0131\u015f, geleneksel sahaflar\u0131n \u00e7o\u011fu yerini sahaf-matbaac\u0131ya ve sahaf-kitap\u00e7\u0131ya b\u0131rakm\u0131\u015ft\u0131r. Her ne kadar bu as\u0131rda geleneksel sahaflar, say\u0131lar\u0131 azalarak varl\u0131\u011f\u0131n\u0131 s\u00fcrd\u00fcrm\u00fc\u015fse de kitap ticaretine art\u0131k matbaac\u0131lar ve kitap\u00e7\u0131 sahaflar h\u00e2kim olmaya ba\u015flam\u0131\u015ft\u0131r. Elinizdeki kitab\u0131n Osmanl\u0131larda Sahafl\u0131k ve Sahaflar isimli daha \u00f6nceki bask\u0131lar\u0131nda ele al\u0131nan bu meseleler, kaynaklar\u0131n yeniden de\u011ferlendirilmesi ve yeni ara\u015ft\u0131rmalar neticesinde ilave edilen b\u00f6l\u00fcmlerle geli\u015ftirilmi\u015f, bu durum ise eserin muhtevas\u0131n\u0131 yans\u0131tan yeni bir isimlendirmeye muhta\u00e7 oldu\u011funu g\u00f6stermi\u015ftir. Bu nedenle Osmanl\u0131larda Kitap Ticareti: Sahaflar ve Kitap\u00e7\u0131lar ismiyle yeni bir edisyon olarak okurlara sunulan bu eserin, daha \u00f6nceki bask\u0131larda oldu\u011fu gibi orijinal tespit ve bulgular\u0131yla alandaki yeni \u00e7al\u0131\u015fmalara rehberlik edece\u011fi ve Osmanl\u0131 kitap tarihi \u00e7al\u0131\u015fmalar\u0131nda k\u00fclt bir eser olarak yer edinece\u011fi \u015f\u00fcphesizdir. Sizleri Osmanl\u0131\u2019da kullan\u0131lan k\u00e2\u011f\u0131t t\u00fcrlerinden m\u00fcrekkep terkiplerine, kitap fiyatlar\u0131ndan sahaf\/kitap\u00e7\u0131 k\u00fclt\u00fcr\u00fcne kadar pek \u00e7ok konuyu keyifle okuyaca\u011f\u0131n\u0131z bir belgesele davet ediyoruz.<\/p>\n","protected":false},"excerpt":{"rendered":"<p>Kitap k\u00fclt\u00fcr\u00fc konusunda \u00fclkemizin yeti\u015ftirdi\u011fi en \u00f6nemli isimlerden \u0130smail E. Er\u00fcnsal\u2019\u0131n y\u0131llar s\u00fcren yo\u011fun bir k\u00fct\u00fcphane ve ar\u015fiv mesaisinin \u00fcr\u00fcn\u00fc olan bu \u00e7al\u0131\u015fma, Osmanl\u0131 \u0130mparatorlu\u011fu\u2019nda kitap<span class=\"excerpt-hellip\"> [\u2026]<\/span><\/p>\n","protected":false},"featured_media":0,"template":"","meta":{"_monsterinsights_skip_tracking":false,"_monsterinsights_sitenote_active":false,"_monsterinsights_sitenote_note":"","_monsterinsights_sitenote_category":0},"product_brand":[],"product_cat":[13517,12304],"product_tag":[],"class_list":{"0":"post-735260","1":"product","2":"type-product","3":"status-publish","5":"product_cat-osmanli-tarihi","6":"product_cat-tarih","7":"pa_cilt-ciltli","8":"pa_tur-kitap","9":"pa_yayinevi-timas-yayinlari","10":"pa_yazar-ismail-e-erunsal","12":"first","13":"instock","14":"sale","15":"shipping-taxable","16":"purchasable","17":"product-type-simple"},"_links":{"self":[{"href":"https:\/\/roveyayinevi.com.tr\/index.php\/wp-json\/wp\/v2\/product\/735260","targetHints":{"allow":["GET"]}}],"collection":[{"href":"https:\/\/roveyayinevi.com.tr\/index.php\/wp-json\/wp\/v2\/product"}],"about":[{"href":"https:\/\/roveyayinevi.com.tr\/index.php\/wp-json\/wp\/v2\/types\/product"}],"wp:attachment":[{"href":"https:\/\/roveyayinevi.com.tr\/index.php\/wp-json\/wp\/v2\/media?parent=735260"}],"wp:term":[{"taxonomy":"product_brand","embeddable":true,"href":"https:\/\/roveyayinevi.com.tr\/index.php\/wp-json\/wp\/v2\/product_brand?post=735260"},{"taxonomy":"product_cat","embeddable":true,"href":"https:\/\/roveyayinevi.com.tr\/index.php\/wp-json\/wp\/v2\/product_cat?post=735260"},{"taxonomy":"product_tag","embeddable":true,"href":"https:\/\/roveyayinevi.com.tr\/index.php\/wp-json\/wp\/v2\/product_tag?post=735260"}],"curies":[{"name":"wp","href":"https:\/\/api.w.org\/{rel}","templated":true}]}}