{"id":735199,"date":"2025-08-27T22:43:08","date_gmt":"2025-08-27T19:43:08","guid":{"rendered":"https:\/\/roveyayinevi.com.tr\/index.php\/urun\/eski-saat\/"},"modified":"2026-04-16T02:43:03","modified_gmt":"2026-04-15T23:43:03","slug":"eski-saat","status":"publish","type":"product","link":"https:\/\/roveyayinevi.com.tr\/index.php\/urun\/eski-saat\/","title":{"rendered":"Eski Saat"},"content":{"rendered":"<p>&#8220;Falih R\u0131fk\u0131 Atay\u2019\u0131n s\u00fcr\u00fckleyici, zengin muhteval\u0131, z\u0131t g\u00f6r\u00fcn\u00fcm ve olaylara dayanarak tezlerini savunan bir \u00fcslubu vard\u0131r.\u201dProf. Dr. \u0130lber ORTAYLI\u0130lk yaz\u0131m 1910\u2019da \u00e7\u0131kt\u0131. 1914\u2019e kadar Servet-i F\u00fcnun kal\u0131plar\u0131nda taklit nesir d\u00f6kt\u00fcm. Top oynar gibi kelime oynad\u0131m. Bir sevdi\u011fim \u00f6ld\u00fc\u011f\u00fc zaman, nas\u0131l yazaca\u011f\u0131m\u0131 d\u00fc\u015f\u00fcn\u00fcrd\u00fcm. B\u00fct\u00fcn h\u0131rs\u0131m, ismimi gazete sayfalar\u0131na ge\u00e7irebilmekten ibaretti. Kitab\u0131ma bu \u00e7\u0131kartmalardan hi\u00e7birini almad\u0131m. Kafam 1914\u2019te uyand\u0131. Bir iki sene yaz\u0131m\u0131 fikirle\u015ftirmeye u\u011fra\u015ft\u0131m. Ancak 1918\u2019e do\u011fru kendimi bulabildim. O zaman da bozgun ve ink\u0131raz geldi \u00e7att\u0131.\u0130mparatorluk bir kerpi\u00e7, bir \u00e7ardak, bir \u00e7ad\u0131r gibi \u00e7\u00f6kt\u00fc. \u0130htirasl\u0131, fakat \u015fa\u015falam\u0131\u015f, vurulmu\u015f bir gen\u00e7 b\u00f6yle bir kaos i\u00e7inde ac\u0131 ve usan\u00e7tan ba\u015fka ne ses \u00e7\u0131karabilir?Kitab\u0131n ba\u015f\u0131nda bu yaz\u0131lar\u0131 bulacaks\u0131n\u0131z.M\u00fctarekenin ilk y\u0131l\u0131nda, ben de, sihirden, t\u0131ls\u0131mdan ba\u015fka bir \u015fey beklemiyordum. Ak\u015fam\u2019daki ilk yaz\u0131lar\u0131m, Bab-\u0131 \u00c2li Caddesi\u2019nin ahlak ve ruh \u00e7irkefi i\u00e7inde birtak\u0131m s\u0131zlan\u0131\u015flard\u0131r.Kitab\u0131n ortalar\u0131na do\u011fru bunlar\u0131 okuyacaks\u0131n\u0131z.Anadolu\u2019dan Mustafa Kemal\u2019in sesi geldi\u011fi zaman, o zaman, kalbim do\u011frulup kalkt\u0131. Kuru dala yeniden \u00f6zsu y\u00fcr\u00fcd\u00fc; tomurcuk kurusu \u00fczerinde k\u0131rm\u0131z\u0131 g\u00fcl a\u00e7t\u0131.Ak\u015fam\u2019\u0131n \u00fc\u00e7\u00fcnc\u00fc sayfas\u0131n\u0131n ba\u015f s\u00fctununu siper gibi kaz\u0131p i\u00e7ine yerle\u015ftim. Hainlik, tehlike, \u0131st\u0131rap, korku, orada g\u00f6\u011f\u00fcs g\u00f6\u011f\u00fcse bir kavgan\u0131n b\u00fct\u00fcn ac\u0131lar\u0131n\u0131 tatt\u0131m; yaln\u0131z bir ac\u0131 nedir bilmem: \u00dcmitsizlik duymad\u0131m. G\u00fcn\u00fcn f\u0131kralar\u0131 onlard\u0131r.Sonra ne geliyor? Zafer ve sevin\u00e7&#8230; 1917\u2019de ihtiyard\u0131m; 1922\u2019de ilk gen\u00e7li\u011fe kavu\u015ftum.Ve gen\u00e7 \u00f6lmeye, yirmi be\u015f ya\u015f\u0131m\u0131 \u00f6l\u00fcm dakikas\u0131na kadar din\u00e7, g\u00fcrb\u00fcz ve temiz g\u00f6t\u00fcrmeye yemin ettim.Kitab\u0131n son yaz\u0131lar\u0131nda i\u015fte bu ant vard\u0131r.<\/p>\n","protected":false},"excerpt":{"rendered":"<p>&#8220;Falih R\u0131fk\u0131 Atay\u2019\u0131n s\u00fcr\u00fckleyici, zengin muhteval\u0131, z\u0131t g\u00f6r\u00fcn\u00fcm ve olaylara dayanarak tezlerini savunan bir \u00fcslubu vard\u0131r.\u201dProf. Dr. \u0130lber ORTAYLI\u0130lk yaz\u0131m 1910\u2019da \u00e7\u0131kt\u0131. 1914\u2019e kadar Servet-i F\u00fcnun<span class=\"excerpt-hellip\"> [\u2026]<\/span><\/p>\n","protected":false},"featured_media":0,"template":"","meta":{"_monsterinsights_skip_tracking":false,"_monsterinsights_sitenote_active":false,"_monsterinsights_sitenote_note":"","_monsterinsights_sitenote_category":0},"product_brand":[],"product_cat":[12304,13650],"product_tag":[],"class_list":{"0":"post-735199","1":"product","2":"type-product","3":"status-publish","5":"product_cat-tarih","6":"product_cat-turk-tarihi-arastirmalari","7":"pa_cilt-ciltsiz","8":"pa_tur-kitap","9":"pa_yayinevi-pozitif-yayinlari","10":"pa_yazar-falih-rifki-atay","12":"first","13":"instock","14":"sale","15":"shipping-taxable","16":"purchasable","17":"product-type-simple"},"_links":{"self":[{"href":"https:\/\/roveyayinevi.com.tr\/index.php\/wp-json\/wp\/v2\/product\/735199","targetHints":{"allow":["GET"]}}],"collection":[{"href":"https:\/\/roveyayinevi.com.tr\/index.php\/wp-json\/wp\/v2\/product"}],"about":[{"href":"https:\/\/roveyayinevi.com.tr\/index.php\/wp-json\/wp\/v2\/types\/product"}],"wp:attachment":[{"href":"https:\/\/roveyayinevi.com.tr\/index.php\/wp-json\/wp\/v2\/media?parent=735199"}],"wp:term":[{"taxonomy":"product_brand","embeddable":true,"href":"https:\/\/roveyayinevi.com.tr\/index.php\/wp-json\/wp\/v2\/product_brand?post=735199"},{"taxonomy":"product_cat","embeddable":true,"href":"https:\/\/roveyayinevi.com.tr\/index.php\/wp-json\/wp\/v2\/product_cat?post=735199"},{"taxonomy":"product_tag","embeddable":true,"href":"https:\/\/roveyayinevi.com.tr\/index.php\/wp-json\/wp\/v2\/product_tag?post=735199"}],"curies":[{"name":"wp","href":"https:\/\/api.w.org\/{rel}","templated":true}]}}