{"id":735115,"date":"2025-08-27T22:41:29","date_gmt":"2025-08-27T19:41:29","guid":{"rendered":"https:\/\/roveyayinevi.com.tr\/index.php\/urun\/cocuk-dusmanligi\/"},"modified":"2025-10-09T07:03:15","modified_gmt":"2025-10-09T04:03:15","slug":"cocuk-dusmanligi","status":"publish","type":"product","link":"https:\/\/roveyayinevi.com.tr\/index.php\/urun\/cocuk-dusmanligi\/","title":{"rendered":"\u00c7ocuk D\u00fc\u015fmanl\u0131\u011f\u0131"},"content":{"rendered":"<p>\u201cYetis\u0327kinlerin destekledig\u0306i bir c\u0327ocuk o\u0308zgu\u0308rles\u0327mesinin, ancak c\u0327ocuklara kars\u0327\u0131 o\u0308nyarg\u0131n\u0131n daha bu\u0308tu\u0308nlu\u0308klu\u0308 bir analizinin gelis\u0327tirilmesiyle mu\u0308mku\u0308n oldug\u0306unu ortaya koymay\u0131 amac\u0327lad\u0131m. C\u0327ocuklar\u0131 ezen fikirler ve kurumlara ilis\u0327kin onlar\u0131n deneyimlerini is\u0327itmeye ihtiyac\u0131m\u0131z var; bu\u0308yu\u0308melerini ve gelis\u0327melerini desteklemek u\u0308zere filizlenen c\u0327ocuklar\u0131n vatandas\u0327l\u0131k haklar\u0131 ve politik haklar\u0131 hareketlerine yol go\u0308stermemiz ve hasar\u0131 onarmak, ilerlemeyi gu\u0308vence alt\u0131na almak ve bu yolda devam etmek ic\u0327in programlar olus\u0327turmam\u0131z, eg\u0306itim ic\u0327in daha fazla c\u0327aba go\u0308stermemiz gerekiyor. \u2018C\u0327ocuk du\u0308s\u0327manl\u0131g\u0306\u0131\u2019 bu hareketi o\u0308rgu\u0308tlemek ve ona k\u0131lavuzluk etmek ic\u0327in gereken birles\u0327tirici kavram.\u201d Cinsiyetc\u0327ilik, \u0131rkc\u0327\u0131l\u0131k, antisemitizm ve benzeri ayr\u0131mc\u0131l\u0131k bic\u0327imleri, bir sorun olarak go\u0308ru\u0308lmeden o\u0308nce dog\u0306alm\u0131s\u0327 gibi go\u0308ru\u0308ldu\u0308, gu\u0308ndelik is\u0327leyis\u0327te normalles\u0327ti, toplumsal yas\u0327am\u0131n rutinleri aras\u0131nda gizlenerek varl\u0131g\u0306\u0131n\u0131 sessiz sedas\u0131z koruyabildi. Ayr\u0131mc\u0131 pratikler orada bir yerde duruyordu fakat \u201cad\u0131 konmam\u0131s\u0327\u201dt\u0131, bilgisi u\u0308retilmemis\u0327ti; bu nedenle siyasi tart\u0131s\u0327man\u0131n bir konusu olabilmeleri y\u0131llar\u0131 ald\u0131 ve bu\u0308yu\u0308k c\u0327abalar gerektirdi. Elisabeth Young-Bruehl, C\u0327ocuk Du\u0308s\u0327manl\u0131g\u0306\u0131\u2019nda ailedeki, okuldaki, arkadas\u0327 c\u0327evrelerindeki, ikili ilis\u0327kilerdeki ve siyasilerin dilindeki \u201cc\u0327ocuk du\u0308s\u0327manl\u0131g\u0306\u0131\u201d bic\u0327imlerini anlamaya, go\u0308ru\u0308nu\u0308r k\u0131lmaya, dig\u0306er ayr\u0131mc\u0131l\u0131k bic\u0327imleriyle ilis\u0327kisini go\u0308stermeye c\u0327al\u0131s\u0327\u0131yor. En o\u0308nemlisi de bunu c\u0327ocuklar\u0131 o\u0308nceleyerek, yetis\u0327kinliklerinde onlardan dinledikleriyle, c\u0327ocuklara kulak vererek yap\u0131yor. Bir toplumsal problemin \u201cad\u0131n\u0131 koyma\u201d c\u0327abas\u0131n\u0131n incelikli ve titiz bir o\u0308rneg\u0306i&#8230;<\/p>\n","protected":false},"excerpt":{"rendered":"<p>\u201cYetis\u0327kinlerin destekledig\u0306i bir c\u0327ocuk o\u0308zgu\u0308rles\u0327mesinin, ancak c\u0327ocuklara kars\u0327\u0131 o\u0308nyarg\u0131n\u0131n daha bu\u0308tu\u0308nlu\u0308klu\u0308 bir analizinin gelis\u0327tirilmesiyle mu\u0308mku\u0308n oldug\u0306unu ortaya koymay\u0131 amac\u0327lad\u0131m. C\u0327ocuklar\u0131 ezen fikirler ve kurumlara ilis\u0327kin onlar\u0131n<span class=\"excerpt-hellip\"> [\u2026]<\/span><\/p>\n","protected":false},"featured_media":0,"template":"","meta":{"_monsterinsights_skip_tracking":false,"_monsterinsights_sitenote_active":false,"_monsterinsights_sitenote_note":"","_monsterinsights_sitenote_category":0},"product_brand":[],"product_cat":[13059,12337],"product_tag":[],"class_list":{"0":"post-735115","1":"product","2":"type-product","3":"status-publish","5":"product_cat-diger-politika-siyaset","6":"product_cat-politika-siyaset","7":"pa_cilt-ciltsiz","8":"pa_tur-kitap","9":"pa_yayinevi-iletisim-yayinlari","10":"pa_yazar-elisabeth-young-bruehl","12":"first","13":"instock","14":"sale","15":"shipping-taxable","16":"purchasable","17":"product-type-simple"},"_links":{"self":[{"href":"https:\/\/roveyayinevi.com.tr\/index.php\/wp-json\/wp\/v2\/product\/735115","targetHints":{"allow":["GET"]}}],"collection":[{"href":"https:\/\/roveyayinevi.com.tr\/index.php\/wp-json\/wp\/v2\/product"}],"about":[{"href":"https:\/\/roveyayinevi.com.tr\/index.php\/wp-json\/wp\/v2\/types\/product"}],"wp:attachment":[{"href":"https:\/\/roveyayinevi.com.tr\/index.php\/wp-json\/wp\/v2\/media?parent=735115"}],"wp:term":[{"taxonomy":"product_brand","embeddable":true,"href":"https:\/\/roveyayinevi.com.tr\/index.php\/wp-json\/wp\/v2\/product_brand?post=735115"},{"taxonomy":"product_cat","embeddable":true,"href":"https:\/\/roveyayinevi.com.tr\/index.php\/wp-json\/wp\/v2\/product_cat?post=735115"},{"taxonomy":"product_tag","embeddable":true,"href":"https:\/\/roveyayinevi.com.tr\/index.php\/wp-json\/wp\/v2\/product_tag?post=735115"}],"curies":[{"name":"wp","href":"https:\/\/api.w.org\/{rel}","templated":true}]}}