{"id":734813,"date":"2025-08-27T22:35:12","date_gmt":"2025-08-27T19:35:12","guid":{"rendered":"https:\/\/roveyayinevi.com.tr\/index.php\/urun\/son-osmanli-kusagi-ve-modern-ortadogunun-olusumu\/"},"modified":"2026-04-16T02:42:51","modified_gmt":"2026-04-15T23:42:51","slug":"son-osmanli-kusagi-ve-modern-ortadogunun-olusumu","status":"publish","type":"product","link":"https:\/\/roveyayinevi.com.tr\/index.php\/urun\/son-osmanli-kusagi-ve-modern-ortadogunun-olusumu\/","title":{"rendered":"Son Osmanl\u0131 Ku\u015fa\u011f\u0131 ve Modern Ortado\u011fu&#8217;nun Olu\u015fumu"},"content":{"rendered":"<p>Modern ortado\u011fu\u2019yu kuranlar\u201cBirinci ve \u0130kinci D\u00fcnya Sava\u015flar\u0131 aras\u0131nda Ortado\u011fu\u2019daki Osmanl\u0131 kurumlar\u0131n\u0131 ele alan muhte\u015fem bir yeni tarih \u00e7al\u0131\u015fmas\u0131. \u0130ki sava\u015f aras\u0131 d\u00f6nemin umutlar\u0131 ve hayal k\u0131r\u0131kl\u0131klar\u0131 Arap d\u00fcnyas\u0131n\u0131 bug\u00fcne dek \u015fekillendirdi. Michael Provence\u2019in merak uyand\u0131r\u0131c\u0131 bi\u00e7imde kaleme ald\u0131\u011f\u0131 Son Osmanl\u0131 Ku\u015fa\u011f\u0131 bug\u00fcn\u00fcn okurlar\u0131 i\u00e7in bu d\u00f6nemi tekrar canland\u0131r\u0131yor.\u201dEugene Rogan, St. Antony College, Oxford \u00dcniversitesiMichael Provence Son Osmanl\u0131 Ku\u015fa\u011f\u0131\u2019nda Ortado\u011fu\u2019nun 20. y\u00fczy\u0131l tarihini 100 y\u0131l boyunca \u00e7e\u015fitli milletlerin do\u011fu\u015fu veya birtak\u0131m fikirlerin y\u00fckseli\u015fi ba\u011flam\u0131nda yorumlayan basmakal\u0131p g\u00f6r\u00fc\u015fleri bir kenara koyuyor ve iki D\u00fcnya Sava\u015f\u0131 aras\u0131nda Ortado\u011fu\u2019da ya\u015fananlar\u0131 Osmanl\u0131 \u0130mparatorlu\u011fu\u2019nun son d\u00f6nemindeki e\u011fitim faaliyetlerinin neticesi olarak ortaya \u00e7\u0131kan bir ku\u015fak \u00e7er\u00e7evesinde ele al\u0131yor. Birinci D\u00fcnya Sava\u015f\u0131\u2019n\u0131n hemen sonras\u0131nda s\u00f6m\u00fcrgeci ve mandater \u0130ngiliz ve Frans\u0131z devletlerinin Ortado\u011fu\u2019ya dayatt\u0131\u011f\u0131 y\u00f6netime k\u0131yasla kendilerine daha adil bir ya\u015fam sunan Osmanl\u0131 sistemini kaybetmenin s\u0131k\u0131nt\u0131s\u0131n\u0131 \u00e7eken, bu sistemi tekrar tesis edebilmek i\u00e7in \u00e7aba g\u00f6steren askerlerin, siyaset\u00e7ilerin ve entelekt\u00fcellerin m\u00fccadelesini canl\u0131 bir \u015fekilde aktar\u0131yor.Michael Provence bu hik\u00e2yeyi anlat\u0131rken Osmanl\u0131 hakimiyetinin son d\u00f6nemi ile s\u00f6m\u00fcrge d\u00f6nemi aras\u0131nda, karga\u015fa ve bilinmezliklere gark olmu\u015f bu topraklardaki m\u00fclki ve askeri devaml\u0131l\u0131\u011fa vurgu yaparak milli kimliklerin ve Arap milliyet\u00e7ili\u011finin nas\u0131l bir geli\u015fim s\u00fcreci i\u00e7erisinde olu\u015ftu\u011funu ortaya koyuyor ve bug\u00fcn i\u00e7in Ortado\u011fu\u2019yla \u00f6zde\u015fle\u015fmi\u015f anla\u015fmazl\u0131k tohumlar\u0131n\u0131n nas\u0131l at\u0131ld\u0131\u011f\u0131n\u0131 g\u00f6steriyor. B\u00fct\u00fcn bir co\u011frafyada Osmanl\u0131 eski subay ve idarecilerinin liderli\u011finde manda g\u00fc\u00e7lerine kar\u015f\u0131 halk destekli y\u00fcr\u00fct\u00fclen m\u00fccadelenin panoramas\u0131n\u0131 \u00e7iziyor.Son Osmanl\u0131 Ku\u015fa\u011f\u0131, modern Ortado\u011fu tarihini \u015fekillendiren, Osmanl\u0131 okullar\u0131nda e\u011fitim alm\u0131\u015f son neslin \u00f6m\u00fcrleri boyunca s\u00fcren m\u00fccadelelerini canl\u0131 \u015fekilde anlatan bir kitap.<\/p>\n","protected":false},"excerpt":{"rendered":"<p>Modern ortado\u011fu\u2019yu kuranlar\u201cBirinci ve \u0130kinci D\u00fcnya Sava\u015flar\u0131 aras\u0131nda Ortado\u011fu\u2019daki Osmanl\u0131 kurumlar\u0131n\u0131 ele alan muhte\u015fem bir yeni tarih \u00e7al\u0131\u015fmas\u0131. \u0130ki sava\u015f aras\u0131 d\u00f6nemin umutlar\u0131 ve hayal k\u0131r\u0131kl\u0131klar\u0131<span class=\"excerpt-hellip\"> [\u2026]<\/span><\/p>\n","protected":false},"featured_media":0,"template":"","meta":{"_monsterinsights_skip_tracking":false,"_monsterinsights_sitenote_active":false,"_monsterinsights_sitenote_note":"","_monsterinsights_sitenote_category":0},"product_brand":[],"product_cat":[13517,12304],"product_tag":[],"class_list":{"0":"post-734813","1":"product","2":"type-product","3":"status-publish","5":"product_cat-osmanli-tarihi","6":"product_cat-tarih","7":"pa_cilt-ciltsiz","8":"pa_tur-kitap","9":"pa_yayinevi-kronik-kitap","10":"pa_yazar-michael-provence","12":"first","13":"instock","14":"sale","15":"shipping-taxable","16":"purchasable","17":"product-type-simple"},"_links":{"self":[{"href":"https:\/\/roveyayinevi.com.tr\/index.php\/wp-json\/wp\/v2\/product\/734813","targetHints":{"allow":["GET"]}}],"collection":[{"href":"https:\/\/roveyayinevi.com.tr\/index.php\/wp-json\/wp\/v2\/product"}],"about":[{"href":"https:\/\/roveyayinevi.com.tr\/index.php\/wp-json\/wp\/v2\/types\/product"}],"wp:attachment":[{"href":"https:\/\/roveyayinevi.com.tr\/index.php\/wp-json\/wp\/v2\/media?parent=734813"}],"wp:term":[{"taxonomy":"product_brand","embeddable":true,"href":"https:\/\/roveyayinevi.com.tr\/index.php\/wp-json\/wp\/v2\/product_brand?post=734813"},{"taxonomy":"product_cat","embeddable":true,"href":"https:\/\/roveyayinevi.com.tr\/index.php\/wp-json\/wp\/v2\/product_cat?post=734813"},{"taxonomy":"product_tag","embeddable":true,"href":"https:\/\/roveyayinevi.com.tr\/index.php\/wp-json\/wp\/v2\/product_tag?post=734813"}],"curies":[{"name":"wp","href":"https:\/\/api.w.org\/{rel}","templated":true}]}}