{"id":734809,"date":"2025-08-27T22:35:07","date_gmt":"2025-08-27T19:35:07","guid":{"rendered":"https:\/\/roveyayinevi.com.tr\/index.php\/urun\/genelci-sosyal-calisma\/"},"modified":"2026-04-16T02:42:50","modified_gmt":"2026-04-15T23:42:50","slug":"genelci-sosyal-calisma","status":"publish","type":"product","link":"https:\/\/roveyayinevi.com.tr\/index.php\/urun\/genelci-sosyal-calisma\/","title":{"rendered":"Genelci Sosyal \u00c7al\u0131\u015fma"},"content":{"rendered":"<p>Sosyal \u00e7al\u0131\u015fma (di\u011fer kullan\u0131m\u0131yla sosyal hizmet) g\u00f6rece yeni bir meslek olarak geli\u015fim s\u00fcrecini; kendini in\u015fa ve yeniden in\u015fa s\u00fcrecini s\u00fcrd\u00fcrmektedir.  \u00c7oklu y\u00f6ntemler d\u00f6neminden 1960\u2019larda ba\u015flayan \u201cgenelci ya da b\u00fct\u00fcnc\u00fcl\u201d y\u00f6nteme ge\u00e7i\u015f d\u00f6nemi, mesle\u011fin tarihinin en \u00f6nemli d\u00f6neme\u00e7lerinden biridir. Genelci sosyal \u00e7al\u0131\u015fman\u0131n kuramla entegrasyonu ise bu d\u00f6n\u00fc\u015f\u00fcm\u00fcn en zorlu boyutudur. Bir uygulama mesle\u011fi olarak sosyal \u00e7al\u0131\u015fma, uygulama ve kuram aras\u0131nda s\u00fcrekli mekik dokuyarak d\u00fc\u015f\u00fcn\u00fcmsel bir \u015fekilde ilerlemektedir.  Pierre Bourdieu\u2019ya atfedilen  &#8220;ampirik ara\u015ft\u0131rmadan yoksun teori bo\u015ftur, teoriden yoksun ampirik ara\u015ft\u0131rma k\u00f6rd\u00fcr&#8221; s\u00f6z\u00fc bir uygulama mesle\u011fi olarak sosyal \u00e7al\u0131\u015fma\u2019n\u0131n s\u00f6z\u00fcn\u00fc etti\u011fimiz durumunu \u00f6zetlemektedir adeta. Genelci sosyal \u00e7al\u0131\u015fma prati\u011fi ile meslek kuramlarla ili\u015fkilenerek, kitapta da \u00f6rnekleri verilen bir \u00e7ok \u2018uygulama kuram\u0131na\u2019 d\u00f6n\u00fc\u015fmektedir. Yani eklektik bilgi temelli sosyal \u00e7al\u0131\u015fma, kuram\u0131 bir uygulama bilgisine d\u00f6n\u00fc\u015ft\u00fcr\u00fcrken, uygulamalardan da bilgiler \u00fcretmektedir. B\u00f6ylece sosyal \u00e7al\u0131\u015fman\u0131n \u00f6n\u00fcn\u00fc a\u00e7an \u2018kuram\u2019 bilgisiyle te\u00e7hiz edilmesini sa\u011flamaktad\u0131r.  Kitapta bu s\u00fcrecin somut hali tasvir edilmektedir.Bu kitapta, genelci uygulamada yayg\u0131n olarak kullan\u0131lan &#8216;uygulama kuramlar\u0131n\u0131n&#8217; sosyal \u00e7al\u0131\u015fma pratisyenlerine nas\u0131l yol g\u00f6sterdi\u011fi, ayd\u0131nlatt\u0131\u011f\u0131n\u0131 g\u00f6steren vaka \u00f6rnekleri her b\u00f6l\u00fcmde verilerek a\u00e7\u0131klanm\u0131\u015ft\u0131r. Bu boyutuyla kitab\u0131n kuram ve uygulama aras\u0131ndaki ba\u011flant\u0131lar\u0131 ke\u015ffetmenize ve kullanabilmenize yard\u0131mc\u0131 olaca\u011f\u0131 ifade edilebilir.T\u00fcrkiye\u2019de say\u0131s\u0131 olduk\u00e7a artan sosyal hizmet okullar\u0131nda kuram derslerinin daha etkin verilmesi ve alanda \u00e7al\u0131\u015fan sosyal \u00e7al\u0131\u015fmac\u0131lar\u0131n kuramla daha fazla \u00f6rnekle ili\u015fkilenmeleri i\u00e7in bu kitap \u00f6nemli bir katk\u0131 olacakt\u0131r. Kuramla prati\u011fin ili\u015fkilenmesi gibi zor bir u\u011fra\u015f\u0131 uygulama \u00f6rnekleri ile somutla\u015ft\u0131ran kitap, sosyal \u00e7al\u0131\u015fma mesle\u011finin \u00fclkemizdeki uygulamac\u0131lar\u0131 ve \u00f6\u011frencileri i\u00e7in \u00f6nemli bir bo\u015flu\u011fu dolduracakt\u0131r. <\/p>\n","protected":false},"excerpt":{"rendered":"<p>Sosyal \u00e7al\u0131\u015fma (di\u011fer kullan\u0131m\u0131yla sosyal hizmet) g\u00f6rece yeni bir meslek olarak geli\u015fim s\u00fcrecini; kendini in\u015fa ve yeniden in\u015fa s\u00fcrecini s\u00fcrd\u00fcrmektedir. \u00c7oklu y\u00f6ntemler d\u00f6neminden 1960\u2019larda ba\u015flayan \u201cgenelci<span class=\"excerpt-hellip\"> [\u2026]<\/span><\/p>\n","protected":false},"featured_media":0,"template":"","meta":{"_monsterinsights_skip_tracking":false,"_monsterinsights_sitenote_active":false,"_monsterinsights_sitenote_note":"","_monsterinsights_sitenote_category":0},"product_brand":[],"product_cat":[13005,40995],"product_tag":[],"class_list":{"0":"post-734809","1":"product","2":"type-product","3":"status-publish","5":"product_cat-bilim-muhendislik","6":"product_cat-sosyal-bilimler","7":"pa_cilt-ciltsiz","8":"pa_tur-kitap","9":"pa_yayinevi-nika-yayinevi","10":"pa_yazar-carol-l-langer-cynthia-a-lietz","12":"first","13":"instock","14":"sale","15":"shipping-taxable","16":"purchasable","17":"product-type-simple"},"_links":{"self":[{"href":"https:\/\/roveyayinevi.com.tr\/index.php\/wp-json\/wp\/v2\/product\/734809","targetHints":{"allow":["GET"]}}],"collection":[{"href":"https:\/\/roveyayinevi.com.tr\/index.php\/wp-json\/wp\/v2\/product"}],"about":[{"href":"https:\/\/roveyayinevi.com.tr\/index.php\/wp-json\/wp\/v2\/types\/product"}],"wp:attachment":[{"href":"https:\/\/roveyayinevi.com.tr\/index.php\/wp-json\/wp\/v2\/media?parent=734809"}],"wp:term":[{"taxonomy":"product_brand","embeddable":true,"href":"https:\/\/roveyayinevi.com.tr\/index.php\/wp-json\/wp\/v2\/product_brand?post=734809"},{"taxonomy":"product_cat","embeddable":true,"href":"https:\/\/roveyayinevi.com.tr\/index.php\/wp-json\/wp\/v2\/product_cat?post=734809"},{"taxonomy":"product_tag","embeddable":true,"href":"https:\/\/roveyayinevi.com.tr\/index.php\/wp-json\/wp\/v2\/product_tag?post=734809"}],"curies":[{"name":"wp","href":"https:\/\/api.w.org\/{rel}","templated":true}]}}