{"id":734802,"date":"2025-08-27T22:35:00","date_gmt":"2025-08-27T19:35:00","guid":{"rendered":"https:\/\/roveyayinevi.com.tr\/index.php\/urun\/turkiyede-mali-baskinligin-finansal-sisteme-etkisi\/"},"modified":"2026-04-16T02:42:50","modified_gmt":"2026-04-15T23:42:50","slug":"turkiyede-mali-baskinligin-finansal-sisteme-etkisi","status":"publish","type":"product","link":"https:\/\/roveyayinevi.com.tr\/index.php\/urun\/turkiyede-mali-baskinligin-finansal-sisteme-etkisi\/","title":{"rendered":"T\u00fcrkiye&#8217;de Mali Bask\u0131nl\u0131\u011f\u0131n Finansal Sisteme Etkisi"},"content":{"rendered":"<p>\u0130ktisat politikas\u0131, temelinde toplumsal refah\u0131 artt\u0131rmay\u0131 ama\u00e7 edinmi\u015f politikalar b\u00fct\u00fcn\u00fcnden olu\u015fmaktad\u0131r. \u00c7e\u015fitli makroekonomik hedefleri ger\u00e7ekle\u015ftirmeye y\u00f6nelik uygulanan politika \u00e7e\u015fitlili\u011fi, merkezine bireyin refah\u0131n\u0131 artt\u0131rmay\u0131 alarak, ekonomik b\u00fcy\u00fcme ve kalk\u0131nma odakl\u0131 stratejiler \u00e7izmek zorundad\u0131r. De\u011fi\u015fen ekonomik sistemler ve paradigmalar neticesinde ekonomi politikalar\u0131na kaynakl\u0131k edecek fonlar\u0131n edinim \u015fekilleri zaman i\u00e7erisinde \u00e7e\u015fitlenmeye ba\u015flam\u0131\u015ft\u0131r. Geleneksel y\u00f6ntemlerin g\u00fcncel finansman gereksinimlerine y\u00f6nelik etkinli\u011fi, piyasa kavram\u0131n\u0131n \u00f6z\u00fcnde meydana gelen geli\u015fmeler neticesinde s\u0131n\u0131rl\u0131 kald\u0131\u011f\u0131ndan, geli\u015fen finansal sistemlerle birlikte tasarruflar\u0131n ekonomik a\u00e7\u0131dan verimli sahalara daha inovatif y\u00f6ntemlerle kanalize edilmesi ve fon a\u00e7\u0131\u011f\u0131 bulunan birimlerin taleplerinin kar\u015f\u0131lanmas\u0131, toplumsal refah\u0131 ama\u00e7 edinen kamu ekonomi politikalar\u0131 nezdinde daha h\u0131zl\u0131 ve etkili d\u00f6n\u00fc\u015fler al\u0131nmas\u0131n\u0131 kolayla\u015ft\u0131rm\u0131\u015ft\u0131r. Devletin ekonomik dinamikler i\u00e7inde kendine a\u00e7t\u0131\u011f\u0131 alan\u0131n geni\u015fli\u011fi olarak da tan\u0131mlanabilen mali bask\u0131nl\u0131k seviyesinin y\u00fcksekli\u011fi ise para ve maliye politikalar\u0131 aras\u0131ndaki etkile\u015fim ve ili\u015fkiyi bozarak, temel kamu fon kaynaklar\u0131ndan olan finansal sistemin i\u015flevselli\u011fi \u00fczerinde olumsuz etkiler b\u0131rakmaktad\u0131r. Asli g\u00f6revi toplumsal refah\u0131 artt\u0131racak politika \u00fcretimi olan kamu ekonomi politikalar\u0131 mali bask\u0131nl\u0131k alt\u0131nda ba\u011flam\u0131ndan koparak d\u00f6ng\u00fcsel bir \u00e7\u0131kmaza girmektedir. Kitap \u00f6zet olarak, finansal sistemin farkl\u0131 k\u0131s\u0131mlar\u0131n\u0131 temsil eden ekonomik yap\u0131lar ile kamu bor\u00e7lanmas\u0131n\u0131n neden oldu\u011fu mali bask\u0131nl\u0131k aras\u0131ndaki nedensellik ba\u011f\u0131n\u0131n varl\u0131\u011f\u0131n\u0131 ve bu nedenselli\u011fin y\u00f6n ve etkilerini ara\u015ft\u0131rmay\u0131 ama\u00e7lamaktad\u0131r. Literat\u00fcr incelendi\u011finde T\u00fcrkiye ekonomisi i\u00e7in mali bask\u0131nl\u0131k ve finansal sistem ba\u011f\u0131n\u0131n kuruldu\u011fu \u00e7al\u0131\u015fmalar\u0131n azl\u0131\u011f\u0131 nedeniyle, alan\u0131nda yap\u0131lan \u00f6nc\u00fcl \u00e7al\u0131\u015fmalardan ayr\u0131lmaktad\u0131r.<\/p>\n","protected":false},"excerpt":{"rendered":"<p>\u0130ktisat politikas\u0131, temelinde toplumsal refah\u0131 artt\u0131rmay\u0131 ama\u00e7 edinmi\u015f politikalar b\u00fct\u00fcn\u00fcnden olu\u015fmaktad\u0131r. \u00c7e\u015fitli makroekonomik hedefleri ger\u00e7ekle\u015ftirmeye y\u00f6nelik uygulanan politika \u00e7e\u015fitlili\u011fi, merkezine bireyin refah\u0131n\u0131 artt\u0131rmay\u0131 alarak, ekonomik b\u00fcy\u00fcme<span class=\"excerpt-hellip\"> [\u2026]<\/span><\/p>\n","protected":false},"featured_media":0,"template":"","meta":{"_monsterinsights_skip_tracking":false,"_monsterinsights_sitenote_active":false,"_monsterinsights_sitenote_note":"","_monsterinsights_sitenote_category":0},"product_brand":[],"product_cat":[17249,13043],"product_tag":[],"class_list":{"0":"post-734802","1":"product","2":"type-product","3":"status-publish","5":"product_cat-borsa-finans","6":"product_cat-ekonomi","7":"pa_cilt-ciltsiz","8":"pa_tur-kitap","9":"pa_yayinevi-efil-yayinevi","10":"pa_yazar-mehmet-mert-turk-salih-barisik","12":"first","13":"instock","14":"sale","15":"shipping-taxable","16":"purchasable","17":"product-type-simple"},"_links":{"self":[{"href":"https:\/\/roveyayinevi.com.tr\/index.php\/wp-json\/wp\/v2\/product\/734802","targetHints":{"allow":["GET"]}}],"collection":[{"href":"https:\/\/roveyayinevi.com.tr\/index.php\/wp-json\/wp\/v2\/product"}],"about":[{"href":"https:\/\/roveyayinevi.com.tr\/index.php\/wp-json\/wp\/v2\/types\/product"}],"wp:attachment":[{"href":"https:\/\/roveyayinevi.com.tr\/index.php\/wp-json\/wp\/v2\/media?parent=734802"}],"wp:term":[{"taxonomy":"product_brand","embeddable":true,"href":"https:\/\/roveyayinevi.com.tr\/index.php\/wp-json\/wp\/v2\/product_brand?post=734802"},{"taxonomy":"product_cat","embeddable":true,"href":"https:\/\/roveyayinevi.com.tr\/index.php\/wp-json\/wp\/v2\/product_cat?post=734802"},{"taxonomy":"product_tag","embeddable":true,"href":"https:\/\/roveyayinevi.com.tr\/index.php\/wp-json\/wp\/v2\/product_tag?post=734802"}],"curies":[{"name":"wp","href":"https:\/\/api.w.org\/{rel}","templated":true}]}}