{"id":734706,"date":"2025-08-27T22:33:27","date_gmt":"2025-08-27T19:33:27","guid":{"rendered":"https:\/\/roveyayinevi.com.tr\/index.php\/urun\/egitim-felsefesi-5\/"},"modified":"2026-04-16T02:42:46","modified_gmt":"2026-04-15T23:42:46","slug":"egitim-felsefesi-5","status":"publish","type":"product","link":"https:\/\/roveyayinevi.com.tr\/index.php\/urun\/egitim-felsefesi-5\/","title":{"rendered":"E\u011fitim Felsefesi"},"content":{"rendered":"<p>D\u00fc\u015f\u00fcnen toplum, d\u00fc\u015f\u00fcnen insan ve e\u011fitim felsefesi o toplumun kaderinin belirleyicisi olmaktad\u0131r. Bunun i\u00e7in e\u011fitim politikalar\u0131n\u0131n belirleyicilerine ve e\u011fitim felsefecilerine b\u00fcy\u00fck g\u00f6rev d\u00fc\u015fmektedir. Toplumun ihtiya\u00e7lar\u0131n\u0131 iyi analiz ederek bu do\u011frultuda olu\u015fturulmu\u015f e\u011fitim politikalar\u0131 o toplumun kalk\u0131nmas\u0131na \u00f6nc\u00fcl\u00fck edecektir. Ayr\u0131ca toplumun ihtiya\u00e7lar\u0131n\u0131n belirlenmesinin yan\u0131 s\u0131ra di\u011fer toplumlar\u0131n da genel durumu takip edilmeli ve onlardaki geli\u015fmelerin nedenleri veya geri kal\u0131\u015flar\u0131n\u0131n sebepleri analiz edilmelidir. B\u00f6ylece belirlenecek e\u011fitim felsefesi ve politikalar\u0131na bunlar da yans\u0131t\u0131lmal\u0131d\u0131r. Elinizdeki eser, toplumun e\u011fitim politikalar\u0131n\u0131n belirlenmesi ve istenilen bireyin yeti\u015ftirilmesi ad\u0131na bilimsel kitap olarak \u00e7ok boyutlu olarak haz\u0131rlanm\u0131\u015f ve e\u011fitim politikalar\u0131n\u0131 belirleyiciler ba\u015fta olmak \u00fczere, \u00f6\u011fretmenler ve \u00f6\u011fretmen adaylar\u0131n\u0131n ihtiya\u00e7 duyduklar\u0131 konular\u0131 bir arada sunmay\u0131 hedeflemi\u015ftir.<\/p>\n","protected":false},"excerpt":{"rendered":"<p>D\u00fc\u015f\u00fcnen toplum, d\u00fc\u015f\u00fcnen insan ve e\u011fitim felsefesi o toplumun kaderinin belirleyicisi olmaktad\u0131r. Bunun i\u00e7in e\u011fitim politikalar\u0131n\u0131n belirleyicilerine ve e\u011fitim felsefecilerine b\u00fcy\u00fck g\u00f6rev d\u00fc\u015fmektedir. Toplumun ihtiya\u00e7lar\u0131n\u0131 iyi<span class=\"excerpt-hellip\"> [\u2026]<\/span><\/p>\n","protected":false},"featured_media":0,"template":"","meta":{"_monsterinsights_skip_tracking":false,"_monsterinsights_sitenote_active":false,"_monsterinsights_sitenote_note":"","_monsterinsights_sitenote_category":0},"product_brand":[],"product_cat":[12389,12388],"product_tag":[],"class_list":{"0":"post-734706","1":"product","2":"type-product","3":"status-publish","5":"product_cat-diger-felsefe","6":"product_cat-felsefe","7":"pa_cilt-ciltsiz","8":"pa_tur-kitap","9":"pa_yayinevi-ani-yayincilik","10":"pa_yazar-ridvan-kucukali","12":"first","13":"instock","14":"sale","15":"shipping-taxable","16":"purchasable","17":"product-type-simple"},"_links":{"self":[{"href":"https:\/\/roveyayinevi.com.tr\/index.php\/wp-json\/wp\/v2\/product\/734706","targetHints":{"allow":["GET"]}}],"collection":[{"href":"https:\/\/roveyayinevi.com.tr\/index.php\/wp-json\/wp\/v2\/product"}],"about":[{"href":"https:\/\/roveyayinevi.com.tr\/index.php\/wp-json\/wp\/v2\/types\/product"}],"wp:attachment":[{"href":"https:\/\/roveyayinevi.com.tr\/index.php\/wp-json\/wp\/v2\/media?parent=734706"}],"wp:term":[{"taxonomy":"product_brand","embeddable":true,"href":"https:\/\/roveyayinevi.com.tr\/index.php\/wp-json\/wp\/v2\/product_brand?post=734706"},{"taxonomy":"product_cat","embeddable":true,"href":"https:\/\/roveyayinevi.com.tr\/index.php\/wp-json\/wp\/v2\/product_cat?post=734706"},{"taxonomy":"product_tag","embeddable":true,"href":"https:\/\/roveyayinevi.com.tr\/index.php\/wp-json\/wp\/v2\/product_tag?post=734706"}],"curies":[{"name":"wp","href":"https:\/\/api.w.org\/{rel}","templated":true}]}}