{"id":734704,"date":"2025-08-27T22:33:25","date_gmt":"2025-08-27T19:33:25","guid":{"rendered":"https:\/\/roveyayinevi.com.tr\/index.php\/urun\/talat-pasa-ittihat-ve-terakki-tarihi\/"},"modified":"2026-04-16T02:42:46","modified_gmt":"2026-04-15T23:42:46","slug":"talat-pasa-ittihat-ve-terakki-tarihi","status":"publish","type":"product","link":"https:\/\/roveyayinevi.com.tr\/index.php\/urun\/talat-pasa-ittihat-ve-terakki-tarihi\/","title":{"rendered":"Talat Pa\u015fa &#8211; \u0130ttihat ve Terakki Tarihi"},"content":{"rendered":"<p>1908\u2019de ba\u015flayan k\u00f6kl\u00fc siyasal, toplumsal ve ekonomik de\u011fi\u015fmeler bir devrimdir. Cumhuriyet, Tal\u00e2t Pa\u015fa\u2019n\u0131n ve Atat\u00fcrk\u2019\u00fcn bizlere miras\u0131d\u0131r. T\u00fcrkiye Cumhuriyeti\u2019nin temeli, Tal\u00e2t Pa\u015fa\u2019n\u0131n \u00f6nderli\u011finde \u0130ttihat\u00e7\u0131lar yani J\u00f6n T\u00fcrkler taraf\u0131ndan at\u0131lm\u0131\u015f; bina yine bir J\u00f6n T\u00fcrk olan Mustafa Kemal Atat\u00fcrk\u2019\u00fcn liderli\u011finde Kemalistlerce tamamlanm\u0131\u015ft\u0131r. Bu tarihi s\u00fcrece damgas\u0131n\u0131 vuran en \u00f6nemli iki ad: Tal\u00e2t Pa\u015fa ve Atat\u00fcrk\u2019t\u00fcr. Mustafa Kemal Atat\u00fcrk bu temel tarihi ger\u00e7e\u011fi bir c\u00fcmleyle belirtiyor: \u201cE\u011fer Me\u015frutiyetler olmasa idi, Cumhuriyet olamazd\u0131.\u201d   Tal\u00e2t Pa\u015fa bir \u00f6rg\u00fct ustas\u0131d\u0131r. \u0130ttihat ve Terakki\u2019nin beynidir. Simgesidir. Daha do\u011frusu her \u015feyidir. Tal\u00e2t Pa\u015fa, devrimci bir siyasi \u00f6rg\u00fct\u00fc olu\u015fturan, y\u00f6neten, geli\u015ftiren ve iktidar yolunu a\u00e7an liderdir. Olu\u015fturdu\u011fu \u00f6rg\u00fctlenmeyle Milli M\u00fccadele\u2019ye yayg\u0131n bir destek sa\u011flam\u0131\u015f, dayanak olmu\u015ftur. Milli M\u00fccadele\u2019nin kadrolar\u0131n\u0131n \u00f6nemli bir kesimi Tal\u00e2t Pa\u015fa\u2019yla omuz omuza m\u00fccadele etmi\u015f, o ate\u015f i\u00e7inde pi\u015fmi\u015flerdir. <\/p>\n","protected":false},"excerpt":{"rendered":"<p>1908\u2019de ba\u015flayan k\u00f6kl\u00fc siyasal, toplumsal ve ekonomik de\u011fi\u015fmeler bir devrimdir. Cumhuriyet, Tal\u00e2t Pa\u015fa\u2019n\u0131n ve Atat\u00fcrk\u2019\u00fcn bizlere miras\u0131d\u0131r. T\u00fcrkiye Cumhuriyeti\u2019nin temeli, Tal\u00e2t Pa\u015fa\u2019n\u0131n \u00f6nderli\u011finde \u0130ttihat\u00e7\u0131lar yani J\u00f6n<span class=\"excerpt-hellip\"> [\u2026]<\/span><\/p>\n","protected":false},"featured_media":0,"template":"","meta":{"_monsterinsights_skip_tracking":false,"_monsterinsights_sitenote_active":false,"_monsterinsights_sitenote_note":"","_monsterinsights_sitenote_category":0},"product_brand":[],"product_cat":[14009,12291],"product_tag":[],"class_list":{"0":"post-734704","1":"product","2":"type-product","3":"status-publish","5":"product_cat-biyografi-otobiyografi-edebiyat","6":"product_cat-edebiyat","7":"pa_cilt-ciltsiz","8":"pa_tur-kitap","9":"pa_yayinevi-kirmizi-kedi-yayinevi","10":"pa_yazar-feyziye-ozberk","12":"first","13":"instock","14":"sale","15":"shipping-taxable","16":"purchasable","17":"product-type-simple"},"_links":{"self":[{"href":"https:\/\/roveyayinevi.com.tr\/index.php\/wp-json\/wp\/v2\/product\/734704","targetHints":{"allow":["GET"]}}],"collection":[{"href":"https:\/\/roveyayinevi.com.tr\/index.php\/wp-json\/wp\/v2\/product"}],"about":[{"href":"https:\/\/roveyayinevi.com.tr\/index.php\/wp-json\/wp\/v2\/types\/product"}],"wp:attachment":[{"href":"https:\/\/roveyayinevi.com.tr\/index.php\/wp-json\/wp\/v2\/media?parent=734704"}],"wp:term":[{"taxonomy":"product_brand","embeddable":true,"href":"https:\/\/roveyayinevi.com.tr\/index.php\/wp-json\/wp\/v2\/product_brand?post=734704"},{"taxonomy":"product_cat","embeddable":true,"href":"https:\/\/roveyayinevi.com.tr\/index.php\/wp-json\/wp\/v2\/product_cat?post=734704"},{"taxonomy":"product_tag","embeddable":true,"href":"https:\/\/roveyayinevi.com.tr\/index.php\/wp-json\/wp\/v2\/product_tag?post=734704"}],"curies":[{"name":"wp","href":"https:\/\/api.w.org\/{rel}","templated":true}]}}