{"id":734594,"date":"2025-08-27T22:31:09","date_gmt":"2025-08-27T19:31:09","guid":{"rendered":"https:\/\/roveyayinevi.com.tr\/index.php\/urun\/ozlenen-demokrasi\/"},"modified":"2026-04-16T02:42:12","modified_gmt":"2026-04-15T23:42:12","slug":"ozlenen-demokrasi","status":"publish","type":"product","link":"https:\/\/roveyayinevi.com.tr\/index.php\/urun\/ozlenen-demokrasi\/","title":{"rendered":"\u00d6zlenen Demokrasi"},"content":{"rendered":"<p>\u00c7a\u011fc\u0131l demokrasi, \u00f6zg\u00fcr, \u00f6zerk, e\u015fit bireylerden olu\u015fan, bilgilendirilmi\u015f \u00f6zg\u00fcr halk\u0131n, hukukun egemenli\u011fi alt\u0131nda, sivil toplumun \u00f6zg\u00fcrl\u00fck\u00e7\u00fcl\u00fc\u011fe, \u00e7o\u011fulculu\u011fa ve kat\u0131l\u0131mc\u0131l\u0131\u011fa yaslanan normlar\u0131na g\u00f6re, \u00f6zg\u00fcr halk taraf\u0131ndan, \u00f6zg\u00fcr halk i\u00e7in y\u00f6netilmesidir. Bu tan\u0131mdan da anla\u015f\u0131l\u0131yor ki, demokrasinin ilk \u00f6\u011fesi ve ortak de\u011feri \u00f6zg\u00fcrl\u00fckt\u00fcr. Demokrasinin \u00f6z\u00fc, \u00f6zg\u00fcrl\u00fckte yo\u011funla\u015f\u0131r, iktidar\u0131n y\u00fcr\u00fct\u00fclmesinde de\u011fil. Haklar ve \u00f6zg\u00fcrl\u00fckler, toplumla birlikte ortaya \u00e7\u0131kar. \u00d6zg\u00fcrl\u00fck\u00e7\u00fcl\u00fck bir kez benimsenmeye g\u00f6rs\u00fcn, gerisi gelecektir.<\/p>\n","protected":false},"excerpt":{"rendered":"<p>\u00c7a\u011fc\u0131l demokrasi, \u00f6zg\u00fcr, \u00f6zerk, e\u015fit bireylerden olu\u015fan, bilgilendirilmi\u015f \u00f6zg\u00fcr halk\u0131n, hukukun egemenli\u011fi alt\u0131nda, sivil toplumun \u00f6zg\u00fcrl\u00fck\u00e7\u00fcl\u00fc\u011fe, \u00e7o\u011fulculu\u011fa ve kat\u0131l\u0131mc\u0131l\u0131\u011fa yaslanan normlar\u0131na g\u00f6re, \u00f6zg\u00fcr halk taraf\u0131ndan, \u00f6zg\u00fcr<span class=\"excerpt-hellip\"> [\u2026]<\/span><\/p>\n","protected":false},"featured_media":0,"template":"","meta":{"_monsterinsights_skip_tracking":false,"_monsterinsights_sitenote_active":false,"_monsterinsights_sitenote_note":"","_monsterinsights_sitenote_category":0},"product_brand":[],"product_cat":[13059,12337],"product_tag":[],"class_list":{"0":"post-734594","1":"product","2":"type-product","3":"status-publish","5":"product_cat-diger-politika-siyaset","6":"product_cat-politika-siyaset","7":"pa_cilt-ciltsiz","8":"pa_tur-kitap","9":"pa_yayinevi-imge-kitabevi-yayinlari","10":"pa_yazar-sami-selcuk","12":"first","13":"instock","14":"sale","15":"shipping-taxable","16":"purchasable","17":"product-type-simple"},"_links":{"self":[{"href":"https:\/\/roveyayinevi.com.tr\/index.php\/wp-json\/wp\/v2\/product\/734594","targetHints":{"allow":["GET"]}}],"collection":[{"href":"https:\/\/roveyayinevi.com.tr\/index.php\/wp-json\/wp\/v2\/product"}],"about":[{"href":"https:\/\/roveyayinevi.com.tr\/index.php\/wp-json\/wp\/v2\/types\/product"}],"wp:attachment":[{"href":"https:\/\/roveyayinevi.com.tr\/index.php\/wp-json\/wp\/v2\/media?parent=734594"}],"wp:term":[{"taxonomy":"product_brand","embeddable":true,"href":"https:\/\/roveyayinevi.com.tr\/index.php\/wp-json\/wp\/v2\/product_brand?post=734594"},{"taxonomy":"product_cat","embeddable":true,"href":"https:\/\/roveyayinevi.com.tr\/index.php\/wp-json\/wp\/v2\/product_cat?post=734594"},{"taxonomy":"product_tag","embeddable":true,"href":"https:\/\/roveyayinevi.com.tr\/index.php\/wp-json\/wp\/v2\/product_tag?post=734594"}],"curies":[{"name":"wp","href":"https:\/\/api.w.org\/{rel}","templated":true}]}}