{"id":734561,"date":"2025-08-27T22:30:37","date_gmt":"2025-08-27T19:30:37","guid":{"rendered":"https:\/\/roveyayinevi.com.tr\/index.php\/urun\/covid-19-pandemisi-ve-turkiye\/"},"modified":"2026-04-16T02:42:11","modified_gmt":"2026-04-15T23:42:11","slug":"covid-19-pandemisi-ve-turkiye","status":"publish","type":"product","link":"https:\/\/roveyayinevi.com.tr\/index.php\/urun\/covid-19-pandemisi-ve-turkiye\/","title":{"rendered":"Covid 19 Pandemisi ve T\u00fcrkiye"},"content":{"rendered":"<p>Devletler; salg\u0131n hastal\u0131klar\u0131n neden oldu\u011fu tehlikeler kar\u015f\u0131s\u0131nda etkileri t\u00fcm topluma yay\u0131lmadan \u00f6nce erken tedbir almak zorundad\u0131r. DS\u00d6 her ne kadar \u00fcst bir \u00f6rg\u00fct olarak pandemi ilan etse de al\u0131nacak \u00f6nlemler konusunda her \u00fclkenin kendi otoriteleri yetkilidir. 2020 y\u0131l\u0131nda pandemi olarak ilan edilen Covid-19, t\u00fcm d\u00fcnyay\u0131 etkisi alt\u0131na alm\u0131\u015f bula\u015f\u0131c\u0131 bir salg\u0131n hastal\u0131kt\u0131r. Covid-19 salg\u0131n\u0131n\u0131n T\u00fcrkiye\u2019de de etkilerini g\u00f6stermesi \u00fczerine \u00fclke \u00e7ap\u0131nda al\u0131nan \u00f6nlemler t\u00fcm bakanl\u0131klar\u0131n harekete ge\u00e7mesi ile ortak bir politika alan\u0131 bulmu\u015ftur. \u00d6ncelikle Sa\u011fl\u0131k Bakanl\u0131\u011f\u0131\u2019n\u0131n salg\u0131na kar\u015f\u0131 ald\u0131\u011f\u0131 \u00f6nlemler ile s\u00fcre\u00e7 ba\u015flat\u0131lm\u0131\u015ft\u0131r. Bilim Kurulu\u2019nun tavsiyeleri do\u011frultusunda Cumhurba\u015fkan\u0131n\u0131n direktifleri ile seyahat ve soka\u011fa \u00e7\u0131kma yasaklar\u0131, karantina uygulamalar\u0131, al\u0131\u015fveri\u015f merkezleri ve e\u011flence mek\u00e2nlar\u0131n\u0131n kapat\u0131lmas\u0131 gibi h\u0131zl\u0131 ve kararl\u0131 yan\u0131tlar, salg\u0131n\u0131n etkilerinin s\u0131n\u0131rland\u0131r\u0131lmas\u0131n\u0131 desteklemi\u015ftir. Pandemi ile m\u00fccadelede sa\u011fl\u0131k politikalar\u0131n\u0131n bi\u00e7imlendirilmesinde ba\u015fta \u0130\u00e7i\u015fleri ve Sa\u011fl\u0131k Bakanl\u0131\u011f\u0131 olmak \u00fczere di\u011fer bakanl\u0131klar faaliyet alanlar\u0131 ile ilgili konularda politikalar geli\u015ftirmi\u015ftir. Merkezde geli\u015ftirilen politikalar do\u011frultusunda ta\u015fradaCovid-19 m\u00fccadelesini g\u00fc\u00e7lendirmek i\u00e7in illerde valinin, il\u00e7elerde kaymakam\u0131n ba\u015fkanl\u0131\u011f\u0131 ve koordinesinde kararlar al\u0131nm\u0131\u015f, uygulamaya aktar\u0131lm\u0131\u015f ve denetlenmesi sa\u011flanm\u0131\u015ft\u0131r. Salg\u0131n\u0131n etkilerini azaltmak i\u00e7in h\u0131zl\u0131 ve etkili bir \u015fekilde politika geli\u015ftiren T\u00fcrk kamu y\u00f6netimi bu y\u00f6n\u00fcyle di\u011fer \u00fclkeler taraf\u0131ndan da \u00f6rnek g\u00f6sterilmektedir. \u0130\u015fte bu kitap i\u00e7erik itibariyle pandemiye kar\u015f\u0131 m\u00fccadele politikas\u0131n\u0131 b\u00fct\u00fcnc\u00fcl bir bak\u0131\u015f a\u00e7\u0131s\u0131 ile sergilemektedir. \u00c7al\u0131\u015fmada Covid-19 pandemisine kar\u015f\u0131 T\u00fcrk kamu y\u00f6netiminin geli\u015ftirdi\u011fi mekanizmalar\/\u00f6nlemler, uygulanan politikalar ve stratejiler ba\u015fta Cumhurba\u015fkanl\u0131\u011f\u0131 olmak \u00fczere ele al\u0131nan her bir bakanl\u0131k nezdinde ve sistematik bir \u015fekilde de\u011ferlendirilmi\u015ftir. <\/p>\n","protected":false},"excerpt":{"rendered":"<p>Devletler; salg\u0131n hastal\u0131klar\u0131n neden oldu\u011fu tehlikeler kar\u015f\u0131s\u0131nda etkileri t\u00fcm topluma yay\u0131lmadan \u00f6nce erken tedbir almak zorundad\u0131r. DS\u00d6 her ne kadar \u00fcst bir \u00f6rg\u00fct olarak pandemi ilan<span class=\"excerpt-hellip\"> [\u2026]<\/span><\/p>\n","protected":false},"featured_media":0,"template":"","meta":{"_monsterinsights_skip_tracking":false,"_monsterinsights_sitenote_active":false,"_monsterinsights_sitenote_note":"","_monsterinsights_sitenote_category":0},"product_brand":[],"product_cat":[13366,13365],"product_tag":[],"class_list":{"0":"post-734561","1":"product","2":"type-product","3":"status-publish","5":"product_cat-diger-saglik","6":"product_cat-saglik","7":"pa_cilt-ciltsiz","8":"pa_tur-kitap","9":"pa_yayinevi-tiav","10":"pa_yazar-tiav-kolektif","12":"first","13":"instock","14":"sale","15":"shipping-taxable","16":"purchasable","17":"product-type-simple"},"_links":{"self":[{"href":"https:\/\/roveyayinevi.com.tr\/index.php\/wp-json\/wp\/v2\/product\/734561","targetHints":{"allow":["GET"]}}],"collection":[{"href":"https:\/\/roveyayinevi.com.tr\/index.php\/wp-json\/wp\/v2\/product"}],"about":[{"href":"https:\/\/roveyayinevi.com.tr\/index.php\/wp-json\/wp\/v2\/types\/product"}],"wp:attachment":[{"href":"https:\/\/roveyayinevi.com.tr\/index.php\/wp-json\/wp\/v2\/media?parent=734561"}],"wp:term":[{"taxonomy":"product_brand","embeddable":true,"href":"https:\/\/roveyayinevi.com.tr\/index.php\/wp-json\/wp\/v2\/product_brand?post=734561"},{"taxonomy":"product_cat","embeddable":true,"href":"https:\/\/roveyayinevi.com.tr\/index.php\/wp-json\/wp\/v2\/product_cat?post=734561"},{"taxonomy":"product_tag","embeddable":true,"href":"https:\/\/roveyayinevi.com.tr\/index.php\/wp-json\/wp\/v2\/product_tag?post=734561"}],"curies":[{"name":"wp","href":"https:\/\/api.w.org\/{rel}","templated":true}]}}