{"id":734553,"date":"2025-08-27T22:30:30","date_gmt":"2025-08-27T19:30:30","guid":{"rendered":"https:\/\/roveyayinevi.com.tr\/index.php\/urun\/turk-islam-ulkusunun-isigi-hoca-ahmet-yesevi\/"},"modified":"2026-04-16T02:42:11","modified_gmt":"2026-04-15T23:42:11","slug":"turk-islam-ulkusunun-isigi-hoca-ahmet-yesevi","status":"publish","type":"product","link":"https:\/\/roveyayinevi.com.tr\/index.php\/urun\/turk-islam-ulkusunun-isigi-hoca-ahmet-yesevi\/","title":{"rendered":"T\u00fcrk \u0130slam \u00dclk\u00fcs\u00fc&#8217;n\u00fcn I\u015f\u0131\u011f\u0131 Hoca Ahmet Yesevi"},"content":{"rendered":"<p>751 Talas Sava\u015f\u0131 ile \u0130slamiyet\u2019le tan\u0131\u015fan ve sonras\u0131nda h\u0131zla M\u00fcsl\u00fcman olan T\u00fcrklerin, yakla\u015f\u0131k 450 y\u0131l sonras\u0131nda milli bir k\u00fclt\u00fcr ve milli bir \u00fclk\u00fcye sahip olmalar\u0131 sadece tevafuktan m\u0131 ibaretti? T\u00fcrk M\u00fcsl\u00fcmanl\u0131\u011f\u0131 ile Anadolu\u2019yu yo\u011furan ve T\u00fcrk \u0130slam \u00dclk\u00fcs\u00fc\u2019n\u00fcn temellerini atan Piri T\u00fcrkistan Hoca Ahmet Yesevi\u2019nin bu milli k\u00fclt\u00fcr ve \u00fclk\u00fcye katk\u0131s\u0131 neydi? Hoca Ahmet Yesevi\u2019yi ve onunla b\u00fct\u00fcnle\u015fen T\u00fcrk \u0130slam \u00dclk\u00fcs\u00fcn\u00fc detayl\u0131 bir \u015fekilde inceleyen bu kitap Yesevi ikliminde ye\u015feren T\u00fcrk\u2019\u00fcn din anlay\u0131\u015f\u0131n\u0131 ve insana bak\u0131\u015f\u0131n\u0131 farkl\u0131 bir a\u00e7\u0131lardan ele almakta, din ve dindarl\u0131k konusunda g\u00fcn\u00fcm\u00fcz d\u00fcnyas\u0131na \u0131\u015f\u0131k tutmaktad\u0131r.<\/p>\n","protected":false},"excerpt":{"rendered":"<p>751 Talas Sava\u015f\u0131 ile \u0130slamiyet\u2019le tan\u0131\u015fan ve sonras\u0131nda h\u0131zla M\u00fcsl\u00fcman olan T\u00fcrklerin, yakla\u015f\u0131k 450 y\u0131l sonras\u0131nda milli bir k\u00fclt\u00fcr ve milli bir \u00fclk\u00fcye sahip olmalar\u0131 sadece<span class=\"excerpt-hellip\"> [\u2026]<\/span><\/p>\n","protected":false},"featured_media":0,"template":"","meta":{"_monsterinsights_skip_tracking":false,"_monsterinsights_sitenote_active":false,"_monsterinsights_sitenote_note":"","_monsterinsights_sitenote_category":0},"product_brand":[],"product_cat":[13946,12304],"product_tag":[],"class_list":{"0":"post-734553","1":"product","2":"type-product","3":"status-publish","5":"product_cat-biyografi-otobiyografi","6":"product_cat-tarih","7":"pa_cilt-ciltsiz","8":"pa_tur-kitap","9":"pa_yayinevi-cinaralti-yayinlari","10":"pa_yazar-ilhan-ayhan","12":"first","13":"instock","14":"sale","15":"shipping-taxable","16":"purchasable","17":"product-type-simple"},"_links":{"self":[{"href":"https:\/\/roveyayinevi.com.tr\/index.php\/wp-json\/wp\/v2\/product\/734553","targetHints":{"allow":["GET"]}}],"collection":[{"href":"https:\/\/roveyayinevi.com.tr\/index.php\/wp-json\/wp\/v2\/product"}],"about":[{"href":"https:\/\/roveyayinevi.com.tr\/index.php\/wp-json\/wp\/v2\/types\/product"}],"wp:attachment":[{"href":"https:\/\/roveyayinevi.com.tr\/index.php\/wp-json\/wp\/v2\/media?parent=734553"}],"wp:term":[{"taxonomy":"product_brand","embeddable":true,"href":"https:\/\/roveyayinevi.com.tr\/index.php\/wp-json\/wp\/v2\/product_brand?post=734553"},{"taxonomy":"product_cat","embeddable":true,"href":"https:\/\/roveyayinevi.com.tr\/index.php\/wp-json\/wp\/v2\/product_cat?post=734553"},{"taxonomy":"product_tag","embeddable":true,"href":"https:\/\/roveyayinevi.com.tr\/index.php\/wp-json\/wp\/v2\/product_tag?post=734553"}],"curies":[{"name":"wp","href":"https:\/\/api.w.org\/{rel}","templated":true}]}}