{"id":734532,"date":"2025-08-27T22:30:09","date_gmt":"2025-08-27T19:30:09","guid":{"rendered":"https:\/\/roveyayinevi.com.tr\/index.php\/urun\/pandemi-surecinde-ekonomi-ve-sosyal-bilimlerde-yeni-egilimler\/"},"modified":"2026-04-16T02:42:11","modified_gmt":"2026-04-15T23:42:11","slug":"pandemi-surecinde-ekonomi-ve-sosyal-bilimlerde-yeni-egilimler","status":"publish","type":"product","link":"https:\/\/roveyayinevi.com.tr\/index.php\/urun\/pandemi-surecinde-ekonomi-ve-sosyal-bilimlerde-yeni-egilimler\/","title":{"rendered":"Pandemi S\u00fcrecinde Ekonomi ve Sosyal Bilimlerde Yeni E\u011filimler"},"content":{"rendered":"<p>1.      B\u00d6L\u00dcM 1 \u2013 Dede Korkut Hik\u00e2yelerinde Co\u011frafi Unsurlar\u0131n \u0130ncelenmesi 2.      B\u00d6L\u00dcM 2 \u2013 Ge\u00e7mi\u015ften G\u00fcn\u00fcm\u00fcze \u0130klim De\u011fi\u015fmeleri ve Bitki \u00d6rt\u00fcs\u00fc \u00dczerindeki Etkisi 3.      B\u00d6L\u00dcM 3 \u2013 T\u00fcrk Sigortac\u0131l\u0131k Sekt\u00f6r\u00fcnde Sigortas\u0131zl\u0131\u011f\u0131a Kar\u015f\u0131 Garanti Sunan G\u00fcvence Hesab\u0131n\u0131n Kurumsal Kapasitesinin ve Etkinli\u011finin Art\u0131r\u0131lmas\u0131na \u0130li\u015fkin Politika \u00d6nerileri 4.      B\u00d6L\u00dcM 4 \u2013 Sigortac\u0131l\u0131k Sekt\u00f6r\u00fcnde Marka Y\u00f6netimi ve Pazar Performans \u0130li\u015fkisi 5.      B\u00d6L\u00dcM 5 \u2013 Haddehaneler \u00d6l\u00e7e\u011finde Karab\u00fck\u2019te Sanayinin Desantralizasyonu 6.      B\u00d6L\u00dcM 6 \u2013 Covid-19 Pandemi D\u00f6neminde De\u011fi\u015fen T\u00fcketim 7.      B\u00d6L\u00dcM 7 \u2013 T\u00fcrkiye\u2019de G\u00f6\u00e7 Y\u00f6netiminin Kurumsalla\u015fma S\u00fcreci 8.      B\u00d6L\u00dcM 8 \u2013 Yirminci Y\u00fczy\u0131l Sanat\u0131nda Temsil Krizi 9.      B\u00d6L\u00dcM 9 \u2013 Fergana Sorunu &#8211; K\u0131rg\u0131zistan ve Tacikistan \u00c7at\u0131\u015fmas\u0131 10.  B\u00d6L\u00dcM 10 \u2013 Metinsellik A\u00e7\u0131s\u0131ndan Yusuf At\u0131lgan&#8217;\u0131n \u201cEkmek Elden S\u00fct Memeden\u201d \u00d6yk\u00fclerinden Korkut\u2019a Masal 11.  B\u00d6L\u00dcM 11 \u2013 Uzaktan Alg\u0131lama ve Co\u011frafi Bilgi Sistemleri Kullanarak Karab\u00fck Merkez \u0130l\u00e7esi Zamansal Arazi Kullan\u0131m Analizi 12.  B\u00d6L\u00dcM 12 \u2013 Covid 19 Pandemi S\u00fcrecinde Kad\u0131n \u00c7al\u0131\u015fanlar\u0131n \u0130\u015f Ya\u015fam Dengesi 13.  B\u00d6L\u00dcM 13 \u2013 O\u011fuz Leh\u00e7elerinde \u0130sim Durumu 14.  B\u00d6L\u00dcM 14 \u2013 \u0130pek Yolunda Bir Orta \u00c7a\u011f Yap\u0131s\u0131: \u201cKayal\u0131k Hamam\u0131\u201d \u00dczerine Bir De\u011ferlendirme 15.  B\u00d6L\u00dcM 15 \u2013 Pandemi S\u00fcrecinin \u0130\u015fletmelerin Sermaye Yap\u0131lar\u0131na Etkisi 16.  B\u00d6L\u00dcM 16 \u2013 Tah\u0131l Tar\u0131m\u0131 (Bu\u011fday, M\u0131s\u0131r, \u00c7eltik) \u0130le N\u00fcfus ve Beslenme \u0130li\u015fkisi 17.  B\u00d6L\u00dcM 17 \u2013 At\u00f6lye Tip \u0130malat A\u00e7\u0131s\u0131ndan Safranbolu Lokumlar\u0131 \u00dczerine Bir Durum \u00c7al\u0131\u015fmas\u0131 18.  B\u00d6L\u00dcM 18 \u2013 Eski Anadolu T\u00fcrk\u00e7esi Metinlerinde \u0130yelik ve H\u00e2l Ekli \u0130sim Unsuruyla Birle\u015fen \u00c7ekim Edatlar\u0131 \u00dczerine Bir \u0130nceleme 19.  B\u00d6L\u00dcM 19 \u2013 Sermaye Kazan\u00e7lar\u0131 Vergilemesinde Kullan\u0131lan Vergi Tekni\u011fi ve Olas\u0131 Etkileri <\/p>\n","protected":false},"excerpt":{"rendered":"<p>1. B\u00d6L\u00dcM 1 \u2013 Dede Korkut Hik\u00e2yelerinde Co\u011frafi Unsurlar\u0131n \u0130ncelenmesi 2. B\u00d6L\u00dcM 2 \u2013 Ge\u00e7mi\u015ften G\u00fcn\u00fcm\u00fcze \u0130klim De\u011fi\u015fmeleri ve Bitki \u00d6rt\u00fcs\u00fc \u00dczerindeki Etkisi 3. B\u00d6L\u00dcM 3<span class=\"excerpt-hellip\"> [\u2026]<\/span><\/p>\n","protected":false},"featured_media":0,"template":"","meta":{"_monsterinsights_skip_tracking":false,"_monsterinsights_sitenote_active":false,"_monsterinsights_sitenote_note":"","_monsterinsights_sitenote_category":0},"product_brand":[],"product_cat":[13005,40995],"product_tag":[],"class_list":{"0":"post-734532","1":"product","2":"type-product","3":"status-publish","5":"product_cat-bilim-muhendislik","6":"product_cat-sosyal-bilimler","7":"pa_cilt-ciltsiz","8":"pa_tur-kitap","9":"pa_yayinevi-gazi-kitabevi","10":"pa_yazar-gazi-kitabevi-kolektif","12":"first","13":"instock","14":"sale","15":"shipping-taxable","16":"purchasable","17":"product-type-simple"},"_links":{"self":[{"href":"https:\/\/roveyayinevi.com.tr\/index.php\/wp-json\/wp\/v2\/product\/734532","targetHints":{"allow":["GET"]}}],"collection":[{"href":"https:\/\/roveyayinevi.com.tr\/index.php\/wp-json\/wp\/v2\/product"}],"about":[{"href":"https:\/\/roveyayinevi.com.tr\/index.php\/wp-json\/wp\/v2\/types\/product"}],"wp:attachment":[{"href":"https:\/\/roveyayinevi.com.tr\/index.php\/wp-json\/wp\/v2\/media?parent=734532"}],"wp:term":[{"taxonomy":"product_brand","embeddable":true,"href":"https:\/\/roveyayinevi.com.tr\/index.php\/wp-json\/wp\/v2\/product_brand?post=734532"},{"taxonomy":"product_cat","embeddable":true,"href":"https:\/\/roveyayinevi.com.tr\/index.php\/wp-json\/wp\/v2\/product_cat?post=734532"},{"taxonomy":"product_tag","embeddable":true,"href":"https:\/\/roveyayinevi.com.tr\/index.php\/wp-json\/wp\/v2\/product_tag?post=734532"}],"curies":[{"name":"wp","href":"https:\/\/api.w.org\/{rel}","templated":true}]}}