{"id":734507,"date":"2025-08-27T22:29:45","date_gmt":"2025-08-27T19:29:45","guid":{"rendered":"https:\/\/roveyayinevi.com.tr\/index.php\/urun\/kral-oldu-yasasin-kral\/"},"modified":"2026-04-16T02:42:10","modified_gmt":"2026-04-15T23:42:10","slug":"kral-oldu-yasasin-kral","status":"publish","type":"product","link":"https:\/\/roveyayinevi.com.tr\/index.php\/urun\/kral-oldu-yasasin-kral\/","title":{"rendered":"Kral \u00d6ld\u00fc Ya\u015fas\u0131n Kral"},"content":{"rendered":"<p>\u201c\u00c2\u015f\u0131k-\u0131 s\u00e2d\u0131kda d\u00eel birdir olur mu y\u00e2r ikiHi\u00e7bir taht \u00fcst\u00fcnde m\u00fcmk\u00fcn m\u00fcd\u00fcr h\u00fcnk\u00e2r iki\u201dII. SelimKral \u00d6ld\u00fc, Ya\u015fas\u0131n Kral \/ Osmanl\u0131\u2019da C\u00fclus, Veraset ve Me\u015fruiyet kitab\u0131, Osmanl\u0131 tarihi alan\u0131nda \u00f6zellikle birinci el kaynaklara dayanarak yapt\u0131\u011f\u0131 emsalsiz \u00e7al\u0131\u015fmalarla tan\u0131d\u0131\u011f\u0131m\u0131z Prof. Dr. Ali Aky\u0131ld\u0131z\u2019\u0131n uzun y\u0131llar emek verdi\u011fi bir \u00e7al\u0131\u015fman\u0131n \u00fcr\u00fcn\u00fc\u2026Osmanl\u0131 padi\u015fahlar\u0131n\u0131n tahta \u00e7\u0131k\u0131\u015flar\u0131yla buna ba\u011fl\u0131 olarak ger\u00e7ekle\u015ftirilen uygulama, t\u00f6ren ve rit\u00fcellerin incelendi\u011fi bu kitap, konuyu devletin kurulu\u015fundan itibaren bir b\u00fct\u00fcnl\u00fck i\u00e7erisinde ele alan yeg\u00e2ne \u00e7al\u0131\u015fmad\u0131r. Konunun bu \u015fekilde b\u00fct\u00fcnc\u00fcl ve uzun periyotlu olarak incelenmesi, devletin 600 y\u0131l\u0131 a\u015fan tarihi boyunca te\u015frifat kurallar\u0131yla m\u00fcesseselerin geli\u015fimine paralel olarak c\u00fcl\u00fbs ve c\u00fcl\u00fbs rit\u00fcellerinde ortaya \u00e7\u0131kan de\u011fi\u015fim ve d\u00f6n\u00fc\u015f\u00fcm\u00fcn daha rahat g\u00f6r\u00fclmesini sa\u011flad\u0131\u011f\u0131 gibi problemi anlama ve anlamland\u0131rma a\u00e7\u0131lar\u0131ndan da uygun bir y\u00f6ntemdir. \u00d6te yandan konuyu ana hatlar\u0131yla ele alan bu eserin bundan sonra yap\u0131lacak daha derinlikli akademik \u00e7al\u0131\u015fmalara zemin haz\u0131rlama potansiyeline sahip oldu\u011fu s\u00f6ylenebilir.Bu eser, Osmanl\u0131 padi\u015fahlar\u0131n\u0131n tahta \u00e7\u0131k\u0131\u015flar\u0131n\u0131 ifade eden \u201cc\u00fcl\u00fbs\u201d kavram\u0131 ba\u011flam\u0131nda Osmanl\u0131 tarihine farkl\u0131 bir a\u00e7\u0131dan bakman\u0131z\u0131 sa\u011flayacakt\u0131r.<\/p>\n","protected":false},"excerpt":{"rendered":"<p>\u201c\u00c2\u015f\u0131k-\u0131 s\u00e2d\u0131kda d\u00eel birdir olur mu y\u00e2r ikiHi\u00e7bir taht \u00fcst\u00fcnde m\u00fcmk\u00fcn m\u00fcd\u00fcr h\u00fcnk\u00e2r iki\u201dII. SelimKral \u00d6ld\u00fc, Ya\u015fas\u0131n Kral \/ Osmanl\u0131\u2019da C\u00fclus, Veraset ve Me\u015fruiyet kitab\u0131, Osmanl\u0131<span class=\"excerpt-hellip\"> [\u2026]<\/span><\/p>\n","protected":false},"featured_media":0,"template":"","meta":{"_monsterinsights_skip_tracking":false,"_monsterinsights_sitenote_active":false,"_monsterinsights_sitenote_note":"","_monsterinsights_sitenote_category":0},"product_brand":[],"product_cat":[13517,12304],"product_tag":[],"class_list":{"0":"post-734507","1":"product","2":"type-product","3":"status-publish","5":"product_cat-osmanli-tarihi","6":"product_cat-tarih","7":"pa_cilt-ciltsiz","8":"pa_tur-kitap","9":"pa_yayinevi-timas-yayinlari","10":"pa_yazar-ali-akyildiz","12":"first","13":"instock","14":"sale","15":"shipping-taxable","16":"purchasable","17":"product-type-simple"},"_links":{"self":[{"href":"https:\/\/roveyayinevi.com.tr\/index.php\/wp-json\/wp\/v2\/product\/734507","targetHints":{"allow":["GET"]}}],"collection":[{"href":"https:\/\/roveyayinevi.com.tr\/index.php\/wp-json\/wp\/v2\/product"}],"about":[{"href":"https:\/\/roveyayinevi.com.tr\/index.php\/wp-json\/wp\/v2\/types\/product"}],"wp:attachment":[{"href":"https:\/\/roveyayinevi.com.tr\/index.php\/wp-json\/wp\/v2\/media?parent=734507"}],"wp:term":[{"taxonomy":"product_brand","embeddable":true,"href":"https:\/\/roveyayinevi.com.tr\/index.php\/wp-json\/wp\/v2\/product_brand?post=734507"},{"taxonomy":"product_cat","embeddable":true,"href":"https:\/\/roveyayinevi.com.tr\/index.php\/wp-json\/wp\/v2\/product_cat?post=734507"},{"taxonomy":"product_tag","embeddable":true,"href":"https:\/\/roveyayinevi.com.tr\/index.php\/wp-json\/wp\/v2\/product_tag?post=734507"}],"curies":[{"name":"wp","href":"https:\/\/api.w.org\/{rel}","templated":true}]}}