{"id":734437,"date":"2025-08-27T22:28:35","date_gmt":"2025-08-27T19:28:35","guid":{"rendered":"https:\/\/roveyayinevi.com.tr\/index.php\/urun\/kambriyen-patlamasi\/"},"modified":"2026-04-16T02:42:08","modified_gmt":"2026-04-15T23:42:08","slug":"kambriyen-patlamasi","status":"publish","type":"product","link":"https:\/\/roveyayinevi.com.tr\/index.php\/urun\/kambriyen-patlamasi\/","title":{"rendered":"Kambriyen Patlamas\u0131"},"content":{"rendered":"<p>Ba\u015flang\u0131c\u0131 g\u00fcn\u00fcm\u00fczden yakla\u015f\u0131k 540 milyon y\u0131l \u00f6ncesine uzanan Kambriyen d\u00f6nemi, yery\u00fcz\u00fcndeki hayvan ya\u015fam\u0131n\u0131n ola\u011fan\u00fcst\u00fc bi\u00e7imde \u00e7e\u015fitlendi\u011fi bir zamana denk gelir. Bu d\u00f6nemin ba\u015flar\u0131nda g\u00f6zlenen, daha \u00f6nceki d\u00f6nemlerdekilerle kar\u015f\u0131la\u015ft\u0131r\u0131lmayacak denli morfolojik, anatomik yeniliklerle karakterize edilen bu ola\u011fan\u00fcst\u00fc \u00e7e\u015fitlenme Kambriyen Patlamas\u0131 olarak adland\u0131r\u0131lm\u0131\u015ft\u0131r. Jeolojik olarak son derece k\u0131sa bir zaman diliminde, 10-15 milyon y\u0131ll\u0131k s\u00fcre zarf\u0131nda ger\u00e7ekle\u015fen bu \u00e7e\u015fitlenme ile g\u00fcn\u00fcm\u00fczdeki hayvan gruplar\u0131n\u0131n hemen tamam\u0131n\u0131n k\u00f6k atalar\u0131 evrimle\u015fmi\u015ftir. Kambriyen Patlamas\u0131: Ya\u015fam\u0131n Tarihindeki B\u00fcy\u00fck Devrim, gezegenimiz ya\u015fam tarihindeki bu ola\u011fan\u00fcst\u00fc d\u00f6neme odaklan\u0131yor. Elinizdeki kitap kambriyen patlamas\u0131na ili\u015fkin olgular\u0131 \u00f6zetle vermesinin yan\u0131 s\u0131ra, bu devrime ili\u015fkin neden a\u00e7\u0131klamalar\u0131n\u0131n jeoloji, paleontoloji, evrimsel geli\u015fim geneti\u011fi ve ekoloji ile harmanlanan modern resmini de k\u0131saca aktar\u0131yor. <\/p>\n","protected":false},"excerpt":{"rendered":"<p>Ba\u015flang\u0131c\u0131 g\u00fcn\u00fcm\u00fczden yakla\u015f\u0131k 540 milyon y\u0131l \u00f6ncesine uzanan Kambriyen d\u00f6nemi, yery\u00fcz\u00fcndeki hayvan ya\u015fam\u0131n\u0131n ola\u011fan\u00fcst\u00fc bi\u00e7imde \u00e7e\u015fitlendi\u011fi bir zamana denk gelir. Bu d\u00f6nemin ba\u015flar\u0131nda g\u00f6zlenen, daha \u00f6nceki<span class=\"excerpt-hellip\"> [\u2026]<\/span><\/p>\n","protected":false},"featured_media":0,"template":"","meta":{"_monsterinsights_skip_tracking":false,"_monsterinsights_sitenote_active":false,"_monsterinsights_sitenote_note":"","_monsterinsights_sitenote_category":0},"product_brand":[],"product_cat":[23323,12364],"product_tag":[],"class_list":{"0":"post-734437","1":"product","2":"type-product","3":"status-publish","5":"product_cat-ekoloji","6":"product_cat-genel-konular","7":"pa_cilt-ciltsiz","8":"pa_tur-kitap","9":"pa_yayinevi-bilgesu-yayincilik","10":"pa_yazar-ergi-deniz-ozsoy","12":"first","13":"instock","14":"sale","15":"shipping-taxable","16":"purchasable","17":"product-type-simple"},"_links":{"self":[{"href":"https:\/\/roveyayinevi.com.tr\/index.php\/wp-json\/wp\/v2\/product\/734437","targetHints":{"allow":["GET"]}}],"collection":[{"href":"https:\/\/roveyayinevi.com.tr\/index.php\/wp-json\/wp\/v2\/product"}],"about":[{"href":"https:\/\/roveyayinevi.com.tr\/index.php\/wp-json\/wp\/v2\/types\/product"}],"wp:attachment":[{"href":"https:\/\/roveyayinevi.com.tr\/index.php\/wp-json\/wp\/v2\/media?parent=734437"}],"wp:term":[{"taxonomy":"product_brand","embeddable":true,"href":"https:\/\/roveyayinevi.com.tr\/index.php\/wp-json\/wp\/v2\/product_brand?post=734437"},{"taxonomy":"product_cat","embeddable":true,"href":"https:\/\/roveyayinevi.com.tr\/index.php\/wp-json\/wp\/v2\/product_cat?post=734437"},{"taxonomy":"product_tag","embeddable":true,"href":"https:\/\/roveyayinevi.com.tr\/index.php\/wp-json\/wp\/v2\/product_tag?post=734437"}],"curies":[{"name":"wp","href":"https:\/\/api.w.org\/{rel}","templated":true}]}}